{"id":1859,"date":"2024-08-19T12:26:50","date_gmt":"2024-08-19T15:26:50","guid":{"rendered":"https:\/\/cajapopular.gov.ar\/?page_id=1859"},"modified":"2025-11-20T13:59:27","modified_gmt":"2025-11-20T16:59:27","slug":"fiduciarios","status":"publish","type":"page","link":"https:\/\/www.cajapopular.gov.ar\/index.php\/fiduciarios\/","title":{"rendered":"Fiduciarios"},"content":{"rendered":"<p>[et_pb_section fb_built=\u00bb1&#8243; admin_label=\u00bbHero\u00bb _builder_version=\u00bb4.22.1&#8243; background_color=\u00bb#9b9b9b\u00bb background_image=\u00bbhttps:\/\/cajapopular.gov.ar\/wp-content\/uploads\/2024\/08\/Slider-13.png\u00bb custom_margin=\u00bb||||false\u00bb custom_padding=\u00bb10vw||10vw||true|false\u00bb global_colors_info=\u00bb{}\u00bb][et_pb_row column_structure=\u00bb2_3,1_3&#8243; _builder_version=\u00bb4.22.1&#8243; custom_margin=\u00bb-91px||||false|false\u00bb global_colors_info=\u00bb{}\u00bb][et_pb_column type=\u00bb2_3&#8243; _builder_version=\u00bb4.16&#8243; custom_padding=\u00bb|||\u00bb global_colors_info=\u00bb{}\u00bb custom_padding__hover=\u00bb|||\u00bb][et_pb_text _builder_version=\u00bb4.22.1&#8243; text_font=\u00bb||||||||\u00bb header_font=\u00bbRoboto|700|||||||\u00bb header_font_size=\u00bb64px\u00bb header_line_height=\u00bb1.1em\u00bb background_layout=\u00bbdark\u00bb max_width=\u00bb800px\u00bb custom_margin=\u00bb||0px|\u00bb custom_margin_tablet=\u00bb||0px|\u00bb custom_margin_phone=\u00bb49px||-103px||false|false\u00bb custom_margin_last_edited=\u00bbon|phone\u00bb custom_padding=\u00bb|||16px\u00bb custom_padding_tablet=\u00bb|||16px\u00bb custom_padding_phone=\u00bb27px|10px|23px|13px|false|false\u00bb custom_padding_last_edited=\u00bbon|phone\u00bb text_font_size_tablet=\u00bb14px\u00bb text_font_size_last_edited=\u00bboff|desktop\u00bb header_font_size_tablet=\u00bb44px\u00bb header_font_size_phone=\u00bb32px\u00bb header_font_size_last_edited=\u00bbon|phone\u00bb border_color_all=\u00bb#007d83&#8243; border_width_left=\u00bb10px\u00bb global_colors_info=\u00bb{}\u00bb]<\/p>\n<h1>Fiduciarios<\/h1>\n<p>[\/et_pb_text][et_pb_text _builder_version=\u00bb4.22.1&#8243; text_font=\u00bbRoboto||||||||\u00bb text_font_size=\u00bb22px\u00bb text_line_height=\u00bb1.6em\u00bb header_font=\u00bb||||||||\u00bb background_layout=\u00bbdark\u00bb max_width=\u00bb800px\u00bb custom_margin=\u00bb1px||||false|false\u00bb custom_margin_tablet=\u00bb1px||||false|false\u00bb custom_margin_phone=\u00bb131px||||false|false\u00bb custom_margin_last_edited=\u00bbon|phone\u00bb custom_padding=\u00bb0px||0px||true|false\u00bb text_font_size_tablet=\u00bb18px\u00bb text_font_size_phone=\u00bb\u00bb text_font_size_last_edited=\u00bbon|phone\u00bb global_colors_info=\u00bb{}\u00bb]<\/p>\n<p>Se firmaron contratos de Fideicomiso con instituciones y organismos, para apoyar a distintos sectores productivos de la provincia, brindando asistencia financiera, crediticia y administrando fondos destinados a la ejecuci\u00f3n de obras p\u00fablicas y al pago de haberes de los empleados de los municipios.<\/p>\n<p>[\/et_pb_text][\/et_pb_column][et_pb_column type=\u00bb1_3&#8243; _builder_version=\u00bb4.16&#8243; custom_padding=\u00bb|||\u00bb global_colors_info=\u00bb{}\u00bb custom_padding__hover=\u00bb|||\u00bb][\/et_pb_column][\/et_pb_row][\/et_pb_section][et_pb_section fb_built=\u00bb1&#8243; fullwidth=\u00bbon\u00bb _builder_version=\u00bb4.22.1&#8243; _module_preset=\u00bbdefault\u00bb background_color=\u00bb#eaeaea\u00bb global_colors_info=\u00bb{}\u00bb][\/et_pb_section][et_pb_section fb_built=\u00bb1&#8243; disabled_on=\u00bboff|off|off\u00bb _builder_version=\u00bb4.22.1&#8243; _module_preset=\u00bbdefault\u00bb background_color=\u00bb#eaeaea\u00bb width_tablet=\u00bb\u00bb width_phone=\u00bb100%\u00bb width_last_edited=\u00bbon|phone\u00bb max_width=\u00bb100%\u00bb module_alignment=\u00bbcenter\u00bb min_height=\u00bb1000px\u00bb min_height_tablet=\u00bb1000px\u00bb min_height_phone=\u00bb1000px\u00bb min_height_last_edited=\u00bbon|phone\u00bb height=\u00bb1000px\u00bb max_height=\u00bb1000px\u00bb custom_margin=\u00bb-92px|3px||3px|false|false\u00bb custom_margin_tablet=\u00bb35px|3px||3px|false|false\u00bb custom_margin_phone=\u00bb33px|-9px|-5px|6px|false|false\u00bb custom_margin_last_edited=\u00bbon|phone\u00bb custom_padding=\u00bb38px|0px|0px|22px|false|false\u00bb top_divider_height_last_edited=\u00bboff|desktop\u00bb background_color_phone=\u00bb#ffffff\u00bb background_last_edited=\u00bbon|phone\u00bb background_enable_color_phone=\u00bbon\u00bb global_colors_info=\u00bb{}\u00bb][et_pb_row column_structure=\u00bb1_3,1_3,1_3&#8243; custom_padding_last_edited=\u00bbon|phone\u00bb _builder_version=\u00bb4.27.4&#8243; _module_preset=\u00bbdefault\u00bb width=\u00bb96%\u00bb width_tablet=\u00bb96%\u00bb width_phone=\u00bb92.3%\u00bb width_last_edited=\u00bbon|phone\u00bb max_width=\u00bb1168px\u00bb module_alignment=\u00bbcenter\u00bb custom_margin=\u00bb37px|32px|||false|false\u00bb custom_margin_tablet=\u00bb37px|32px|||false|false\u00bb custom_margin_phone=\u00bb35px|-538px|0px|0px|false|false\u00bb custom_margin_last_edited=\u00bbon|phone\u00bb custom_padding=\u00bb0px|0px|60px|0px|false|false\u00bb custom_padding_tablet=\u00bb0px|0px|60px|0px|false|false\u00bb custom_padding_phone=\u00bb0px|0px|63px|0px|false|false\u00bb global_colors_info=\u00bb{}\u00bb][et_pb_column type=\u00bb1_3&#8243; _builder_version=\u00bb4.22.1&#8243; _module_preset=\u00bbdefault\u00bb custom_padding_tablet=\u00bb\u00bb custom_padding_phone=\u00bb0px||24px|0px|false|false\u00bb custom_padding_last_edited=\u00bbon|phone\u00bb global_colors_info=\u00bb{}\u00bb][et_pb_text _builder_version=\u00bb4.27.4&#8243; _module_preset=\u00bbdefault\u00bb text_font=\u00bbRoboto|300|||||||\u00bb text_text_color=\u00bb#606060&#8243; header_font=\u00bbRoboto|900|||||||\u00bb header_text_color=\u00bb#606060&#8243; header_font_size=\u00bb18px\u00bb header_2_text_align=\u00bbcenter\u00bb background_color=\u00bb#ffffff\u00bb width=\u00bb125.5%\u00bb width_tablet=\u00bb123.8%\u00bb width_phone=\u00bb87%\u00bb width_last_edited=\u00bbon|phone\u00bb max_width=\u00bb95%\u00bb min_height_tablet=\u00bb\u00bb min_height_phone=\u00bb100px\u00bb min_height_last_edited=\u00bbon|phone\u00bb height_tablet=\u00bb\u00bb height_phone=\u00bb168px\u00bb height_last_edited=\u00bbon|phone\u00bb max_height_tablet=\u00bb\u00bb max_height_phone=\u00bb1000px\u00bb max_height_last_edited=\u00bbon|phone\u00bb custom_margin=\u00bb-7px|0px|7px|0px|false|false\u00bb custom_margin_tablet=\u00bb0px|-37px|11px|-29px|false|false\u00bb custom_margin_phone=\u00bb-5px|-36px|6px|-85px|false|false\u00bb custom_margin_last_edited=\u00bbon|phone\u00bb custom_padding=\u00bb18px|8px|18px|10px|false|false\u00bb custom_padding_tablet=\u00bb0px|0px|23px|0px|false|false\u00bb custom_padding_phone=\u00bb16px|24px|7px|22px|false|false\u00bb custom_padding_last_edited=\u00bbon|phone\u00bb header_text_align_tablet=\u00bb\u00bb header_text_align_phone=\u00bbcenter\u00bb header_text_align_last_edited=\u00bbon|phone\u00bb text_orientation_tablet=\u00bb\u00bb text_orientation_phone=\u00bbcenter\u00bb text_orientation_last_edited=\u00bbon|phone\u00bb module_alignment_tablet=\u00bb\u00bb module_alignment_phone=\u00bbcenter\u00bb module_alignment_last_edited=\u00bbon|phone\u00bb border_radii=\u00bbon|14px|14px|14px|14px\u00bb border_radii_tablet=\u00bb\u00bb border_radii_phone=\u00bbon|30px|30px|30px|30px\u00bb border_radii_last_edited=\u00bbon|phone\u00bb box_shadow_style=\u00bbpreset2&#8243; global_colors_info=\u00bb{}\u00bb]<\/p>\n<h1 style=\"text-align: center;\">Cocecha y Flete<\/h1>\n<p style=\"text-align: center;\">Cr\u00e9ditos a micro, peque\u00f1os y medianos productores ca\u00f1eros independientes\u00a0 y cooperativas o asociaciones de productores destinados a atender las operaciones de cosecha y flete.<\/p>\n<p>[\/et_pb_text][et_pb_button button_url=\u00bb#seccion_cocecha_flete\u00bb button_text=\u00bbVer m\u00e1s\u00bb button_alignment=\u00bbcenter\u00bb _builder_version=\u00bb4.27.4&#8243; _module_preset=\u00bbdefault\u00bb custom_button=\u00bbon\u00bb button_text_size=\u00bb16px\u00bb button_text_color=\u00bb#007d83&#8243; button_border_width=\u00bb2px\u00bb button_border_radius=\u00bb7px\u00bb button_font=\u00bbRoboto||||||||\u00bb button_use_icon=\u00bboff\u00bb custom_margin=\u00bb30px||||false|false\u00bb custom_margin_tablet=\u00bb\u00bb custom_margin_phone=\u00bb|||-10px|false|false\u00bb custom_margin_last_edited=\u00bbon|phone\u00bb global_colors_info=\u00bb{}\u00bb][\/et_pb_button][\/et_pb_column][et_pb_column type=\u00bb1_3&#8243; _builder_version=\u00bb4.22.1&#8243; _module_preset=\u00bbdefault\u00bb custom_padding_tablet=\u00bb\u00bb custom_padding_phone=\u00bb0px||0px|24px|false|false\u00bb custom_padding_last_edited=\u00bbon|phone\u00bb global_colors_info=\u00bb{}\u00bb][et_pb_text _builder_version=\u00bb4.27.4&#8243; _module_preset=\u00bbdefault\u00bb text_font=\u00bbRoboto|300|||||||\u00bb text_text_color=\u00bb#606060&#8243; header_font=\u00bbRoboto|900|||||||\u00bb header_text_color=\u00bb#606060&#8243; header_font_size=\u00bb18px\u00bb header_2_text_align=\u00bbcenter\u00bb background_color=\u00bb#ffffff\u00bb width=\u00bb126.3%\u00bb width_tablet=\u00bb123.8%\u00bb width_phone=\u00bb91%\u00bb width_last_edited=\u00bbon|phone\u00bb max_width=\u00bb95%\u00bb min_height_tablet=\u00bb\u00bb min_height_phone=\u00bb100px\u00bb min_height_last_edited=\u00bbon|phone\u00bb height_tablet=\u00bb\u00bb height_phone=\u00bb168px\u00bb height_last_edited=\u00bbon|phone\u00bb max_height_tablet=\u00bb\u00bb max_height_phone=\u00bb1000px\u00bb max_height_last_edited=\u00bbon|phone\u00bb custom_margin=\u00bb-8px|0px|11px|0px|false|false\u00bb custom_margin_tablet=\u00bb0px|-37px|11px|-29px|false|false\u00bb custom_margin_phone=\u00bb-8px|-41px|13px|-72px|false|false\u00bb custom_margin_last_edited=\u00bbon|phone\u00bb custom_padding=\u00bb33px|11px|11px|4px|false|false\u00bb custom_padding_tablet=\u00bb0px|0px|23px|0px|false|false\u00bb custom_padding_phone=\u00bb11px||1px|0px|false|false\u00bb custom_padding_last_edited=\u00bbon|phone\u00bb header_text_align_tablet=\u00bb\u00bb header_text_align_phone=\u00bbcenter\u00bb header_text_align_last_edited=\u00bbon|phone\u00bb text_orientation_tablet=\u00bb\u00bb text_orientation_phone=\u00bb\u00bb text_orientation_last_edited=\u00bbon|phone\u00bb module_alignment_tablet=\u00bb\u00bb module_alignment_phone=\u00bbleft\u00bb module_alignment_last_edited=\u00bbon|phone\u00bb border_radii=\u00bbon|18px|18px|18px|18px\u00bb border_radii_tablet=\u00bb\u00bb border_radii_phone=\u00bbon|30px|30px|30px|30px\u00bb border_radii_last_edited=\u00bbon|phone\u00bb box_shadow_style=\u00bbpreset2&#8243; global_colors_info=\u00bb{}\u00bb]<\/p>\n<h1 style=\"text-align: center;\">Fondo Rotatorio<br \/>para la compra de Fertilizantes<\/h1>\n<p style=\"text-align: center;\">Cr\u00e9ditos a micro, peque\u00f1os y medianos productores ca\u00f1eros independientes\u00a0 y cooperativas o asociaciones de productores destinados a la adquisici\u00f3n de fertilizantes.<\/p>\n<p>[\/et_pb_text][et_pb_button button_url=\u00bb#seccion_fondo_rotatorio\u00bb button_text=\u00bbVer m\u00e1s\u00bb button_alignment=\u00bbcenter\u00bb _builder_version=\u00bb4.27.4&#8243; _module_preset=\u00bbdefault\u00bb custom_button=\u00bbon\u00bb button_text_size=\u00bb16px\u00bb button_text_color=\u00bb#007d83&#8243; button_border_width=\u00bb2px\u00bb button_border_radius=\u00bb7px\u00bb button_font=\u00bbRoboto||||||||\u00bb button_use_icon=\u00bboff\u00bb custom_margin=\u00bb32px|||-62px|false|false\u00bb custom_margin_tablet=\u00bb-34px||||false|false\u00bb custom_margin_phone=\u00bb19px|||-30px|false|false\u00bb custom_margin_last_edited=\u00bbon|phone\u00bb custom_padding=\u00bb||4px||false|false\u00bb global_colors_info=\u00bb{}\u00bb][\/et_pb_button][\/et_pb_column][et_pb_column type=\u00bb1_3&#8243; _builder_version=\u00bb4.22.1&#8243; _module_preset=\u00bbdefault\u00bb custom_padding_tablet=\u00bb\u00bb custom_padding_phone=\u00bb0px||0px|24px|false|false\u00bb custom_padding_last_edited=\u00bbon|phone\u00bb global_colors_info=\u00bb{}\u00bb][et_pb_text _builder_version=\u00bb4.27.4&#8243; _module_preset=\u00bbdefault\u00bb text_font=\u00bbRoboto|300|||||||\u00bb text_text_color=\u00bb#606060&#8243; header_font=\u00bbRoboto|900|||||||\u00bb header_text_color=\u00bb#606060&#8243; header_font_size=\u00bb18px\u00bb background_color=\u00bb#ffffff\u00bb width_tablet=\u00bb\u00bb width_phone=\u00bb91%\u00bb width_last_edited=\u00bbon|phone\u00bb max_width_tablet=\u00bb\u00bb max_width_phone=\u00bb95%\u00bb max_width_last_edited=\u00bbon|phone\u00bb module_alignment=\u00bbleft\u00bb min_height_tablet=\u00bb\u00bb min_height_phone=\u00bb100px\u00bb min_height_last_edited=\u00bbon|phone\u00bb height_tablet=\u00bb\u00bb height_phone=\u00bb168px\u00bb height_last_edited=\u00bbon|phone\u00bb max_height_tablet=\u00bb\u00bb max_height_phone=\u00bb1000px\u00bb max_height_last_edited=\u00bbon|phone\u00bb custom_margin=\u00bb-8px|0px||0px|false|false\u00bb custom_margin_tablet=\u00bb|-34px||-13px|false|false\u00bb custom_margin_phone=\u00bb20px|-42px|31px|-76px|false|false\u00bb custom_margin_last_edited=\u00bbon|phone\u00bb custom_padding=\u00bb28px||35px||false|false\u00bb border_radii=\u00bbon|15px|15px|15px|15px\u00bb border_radii_tablet=\u00bb\u00bb border_radii_phone=\u00bbon|30px|30px|30px|30px\u00bb border_radii_last_edited=\u00bbon|phone\u00bb box_shadow_style=\u00bbpreset2&#8243; global_colors_info=\u00bb{}\u00bb]<\/p>\n<h1 style=\"text-align: center;\">Fondo Ca\u00f1ero Bicentenario 2016<\/h1>\n<p style=\"text-align: center;\">Fondos destinados a la compra de<br \/>Bolsas de Az\u00facar Blanca Com\u00fan tipo \u201cA\u201d de 50 kg a peque\u00f1os productores ca\u00f1eros y a las<br \/>organizaciones que los agrupan.<\/p>\n<p>[\/et_pb_text][et_pb_button button_url=\u00bb#seccion_fondo_ca\u00f1ero_bicentenario\u00bb button_text=\u00bbVer m\u00e1s\u00bb button_alignment=\u00bbcenter\u00bb _builder_version=\u00bb4.27.4&#8243; _module_preset=\u00bbdefault\u00bb custom_button=\u00bbon\u00bb button_text_size=\u00bb16px\u00bb button_text_color=\u00bb#007d83&#8243; button_border_width=\u00bb2px\u00bb button_border_radius=\u00bb7px\u00bb button_font=\u00bbRoboto||||||||\u00bb button_use_icon=\u00bboff\u00bb custom_margin=\u00bb33px||6px|-45px|false|false\u00bb custom_margin_tablet=\u00bb-13px||6px|21px|false|false\u00bb custom_margin_phone=\u00bb-13px||6px|-28px|false|false\u00bb custom_margin_last_edited=\u00bbon|phone\u00bb global_colors_info=\u00bb{}\u00bb][\/et_pb_button][\/et_pb_column][\/et_pb_row][et_pb_row column_structure=\u00bb1_3,1_3,1_3&#8243; custom_padding_last_edited=\u00bbon|phone\u00bb _builder_version=\u00bb4.27.4&#8243; _module_preset=\u00bbdefault\u00bb width=\u00bb96%\u00bb width_tablet=\u00bb96%\u00bb width_phone=\u00bb92.3%\u00bb width_last_edited=\u00bbon|phone\u00bb max_width=\u00bb1168px\u00bb module_alignment=\u00bbcenter\u00bb custom_margin=\u00bb-8px|32px|||false|false\u00bb custom_margin_tablet=\u00bb37px|32px|||false|false\u00bb custom_margin_phone=\u00bb0px|0px|0px|0px|false|false\u00bb custom_margin_last_edited=\u00bbon|phone\u00bb custom_padding=\u00bb0px|0px|60px|0px|false|false\u00bb custom_padding_tablet=\u00bb0px|0px|60px|0px|false|false\u00bb custom_padding_phone=\u00bb0px|0px|0px|0px|false|false\u00bb global_colors_info=\u00bb{}\u00bb][et_pb_column type=\u00bb1_3&#8243; _builder_version=\u00bb4.22.1&#8243; _module_preset=\u00bbdefault\u00bb custom_padding_tablet=\u00bb\u00bb custom_padding_phone=\u00bb0px||0px|24px|false|false\u00bb custom_padding_last_edited=\u00bbon|phone\u00bb global_colors_info=\u00bb{}\u00bb][et_pb_text content_tablet=\u00bb<\/p>\n<h1 style=%22text-align: center;%22>Plan de Fomento a la Producci\u00f3n Ganadera y Reconversi\u00f3n Industrial<br \/>de Frigorificos<\/h1>\n<p style=%22text-align: center;%22>Cr\u00e9ditos para fomentar la producci\u00f3n ganadera y promover la reconversi\u00f3n industrial de frigor\u00edficos.<\/p>\n<p>\u00bb content_phone=\u00bb<\/p>\n<h1 style=%22text-align: center;%22>Plan de Fomento a la Producci\u00f3n Ganadera y Reconversi\u00f3n Industrial de Frigorificos<\/h1>\n<p style=%22text-align: center;%22>Cr\u00e9ditos para fomentar la producci\u00f3n ganadera y promover la reconversi\u00f3n industrial de frigor\u00edficos.<\/p>\n<p>\u00bb content_last_edited=\u00bbon|phone\u00bb _builder_version=\u00bb4.27.4&#8243; _module_preset=\u00bbdefault\u00bb text_font=\u00bbRoboto|300|||||||\u00bb text_text_color=\u00bb#606060&#8243; header_font=\u00bbRoboto|900|||||||\u00bb header_text_color=\u00bb#606060&#8243; header_font_size=\u00bb18px\u00bb background_color=\u00bb#ffffff\u00bb width_tablet=\u00bb\u00bb width_phone=\u00bb91%\u00bb width_last_edited=\u00bbon|phone\u00bb max_width_tablet=\u00bb\u00bb max_width_phone=\u00bb95%\u00bb max_width_last_edited=\u00bbon|phone\u00bb min_height_tablet=\u00bb\u00bb min_height_phone=\u00bb100px\u00bb min_height_last_edited=\u00bbon|phone\u00bb height_tablet=\u00bb\u00bb height_phone=\u00bb168px\u00bb height_last_edited=\u00bbon|phone\u00bb max_height_tablet=\u00bb\u00bb max_height_phone=\u00bb1000px\u00bb max_height_last_edited=\u00bbon|phone\u00bb custom_margin=\u00bb-12px|0px|63px|0px|false|false\u00bb custom_margin_tablet=\u00bb|-43px||-21px|false|false\u00bb custom_margin_phone=\u00bb16px|-32px|69px|-65px|false|false\u00bb custom_margin_last_edited=\u00bbon|phone\u00bb custom_padding=\u00bb13px|9px|33px|9px|false|false\u00bb module_alignment_tablet=\u00bb\u00bb module_alignment_phone=\u00bbleft\u00bb module_alignment_last_edited=\u00bbon|phone\u00bb border_radii=\u00bbon|15px|15px|15px|15px\u00bb border_radii_tablet=\u00bb\u00bb border_radii_phone=\u00bbon|30px|30px|30px|30px\u00bb border_radii_last_edited=\u00bbon|phone\u00bb box_shadow_style=\u00bbpreset2&#8243; global_colors_info=\u00bb{}\u00bb]<\/p>\n<h1 style=\"text-align: center;\">Plan de Fomento a la Producci\u00f3n Ganadera y Reconversi\u00f3n Industrial<br \/>de Frigorificos<\/h1>\n<p style=\"text-align: center;\">Cr\u00e9ditos para fomentar la producci\u00f3n ganadera y promover la reconversi\u00f3n industrial de frigor\u00edficos.<\/p>\n<p>[\/et_pb_text][et_pb_button button_url=\u00bb#seccion_produccion_ganadera\u00bb button_text=\u00bbVer m\u00e1s\u00bb button_alignment=\u00bbcenter\u00bb _builder_version=\u00bb4.22.1&#8243; _module_preset=\u00bbdefault\u00bb custom_button=\u00bbon\u00bb button_text_size=\u00bb16px\u00bb button_text_color=\u00bb#007d83&#8243; button_border_width=\u00bb2px\u00bb button_border_radius=\u00bb7px\u00bb button_font=\u00bbRoboto||||||||\u00bb button_use_icon=\u00bboff\u00bb custom_margin=\u00bb-22px|-4px|10px|1px|false|false\u00bb custom_margin_tablet=\u00bb-30px|-4px|10px|8px|false|false\u00bb custom_margin_phone=\u00bb-45px|||-34px|false|false\u00bb custom_margin_last_edited=\u00bbon|phone\u00bb global_colors_info=\u00bb{}\u00bb][\/et_pb_button][\/et_pb_column][et_pb_column type=\u00bb1_3&#8243; _builder_version=\u00bb4.22.1&#8243; _module_preset=\u00bbdefault\u00bb custom_padding_tablet=\u00bb\u00bb custom_padding_phone=\u00bb0px||0px|24px|false|false\u00bb custom_padding_last_edited=\u00bbon|phone\u00bb global_colors_info=\u00bb{}\u00bb][et_pb_text _builder_version=\u00bb4.27.4&#8243; _module_preset=\u00bbdefault\u00bb text_font=\u00bbRoboto|300|||||||\u00bb text_text_color=\u00bb#606060&#8243; header_font=\u00bbRoboto|900|||||||\u00bb header_text_color=\u00bb#606060&#8243; header_font_size=\u00bb18px\u00bb background_color=\u00bb#ffffff\u00bb width_tablet=\u00bb\u00bb width_phone=\u00bb91%\u00bb width_last_edited=\u00bbon|phone\u00bb max_width_tablet=\u00bb\u00bb max_width_phone=\u00bb95%\u00bb max_width_last_edited=\u00bbon|phone\u00bb min_height_tablet=\u00bb\u00bb min_height_phone=\u00bb100px\u00bb min_height_last_edited=\u00bbon|phone\u00bb height_tablet=\u00bb\u00bb height_phone=\u00bb168px\u00bb height_last_edited=\u00bbon|phone\u00bb custom_margin=\u00bb-10px|0px|41px|0px|false|false\u00bb custom_margin_tablet=\u00bb|-37px||3px|false|false\u00bb custom_margin_phone=\u00bb-4px|-32px|93px|-76px|false|false\u00bb custom_margin_last_edited=\u00bbon|phone\u00bb custom_padding=\u00bb42px|0px|21px|4px|false|false\u00bb module_alignment_tablet=\u00bb\u00bb module_alignment_phone=\u00bbleft\u00bb module_alignment_last_edited=\u00bbon|phone\u00bb border_radii=\u00bbon|15px|15px|15px|15px\u00bb border_radii_tablet=\u00bb\u00bb border_radii_phone=\u00bbon|30px|30px|30px|30px\u00bb border_radii_last_edited=\u00bbon|phone\u00bb box_shadow_style=\u00bbpreset2&#8243; global_colors_info=\u00bb{}\u00bb]<\/p>\n<h1 style=\"text-align: center;\">Fondo de Fomento Productivo<\/h1>\n<p style=\"text-align: center;\">Cr\u00e9ditos para apoyar proyectos en sectores estrat\u00e9gicos de producci\u00f3n, que eleven la capacidad productiva de la provincia.<\/p>\n<p>[\/et_pb_text][et_pb_button button_url=\u00bb#seccion_fomento_productivo\u00bb button_text=\u00bbVer m\u00e1s\u00bb button_alignment=\u00bbcenter\u00bb _builder_version=\u00bb4.27.4&#8243; _module_preset=\u00bbdefault\u00bb custom_button=\u00bbon\u00bb button_text_size=\u00bb16px\u00bb button_text_color=\u00bb#007d83&#8243; button_border_width=\u00bb2px\u00bb button_border_radius=\u00bb7px\u00bb button_font=\u00bbRoboto||||||||\u00bb button_use_icon=\u00bboff\u00bb custom_margin=\u00bb42px||3px|-10px|false|false\u00bb custom_margin_tablet=\u00bb-16px||3px|53px|false|false\u00bb custom_margin_phone=\u00bb-74px||3px|-36px|false|false\u00bb custom_margin_last_edited=\u00bbon|phone\u00bb global_colors_info=\u00bb{}\u00bb][\/et_pb_button][\/et_pb_column][et_pb_column type=\u00bb1_3&#8243; _builder_version=\u00bb4.22.1&#8243; _module_preset=\u00bbdefault\u00bb custom_padding_tablet=\u00bb\u00bb custom_padding_phone=\u00bb0px||0px|24px|false|false\u00bb custom_padding_last_edited=\u00bbon|phone\u00bb global_colors_info=\u00bb{}\u00bb][et_pb_text _builder_version=\u00bb4.27.4&#8243; _module_preset=\u00bbdefault\u00bb text_font=\u00bbRoboto|300|||||||\u00bb text_text_color=\u00bb#606060&#8243; header_font=\u00bbRoboto|900|||||||\u00bb header_text_color=\u00bb#606060&#8243; header_font_size=\u00bb18px\u00bb background_color=\u00bb#ffffff\u00bb width_tablet=\u00bb\u00bb width_phone=\u00bb91%\u00bb width_last_edited=\u00bbon|phone\u00bb max_width_tablet=\u00bb\u00bb max_width_phone=\u00bb95%\u00bb max_width_last_edited=\u00bbon|phone\u00bb module_alignment=\u00bbleft\u00bb min_height_tablet=\u00bb\u00bb min_height_phone=\u00bb100px\u00bb min_height_last_edited=\u00bbon|phone\u00bb height_tablet=\u00bb\u00bb height_phone=\u00bb168px\u00bb height_last_edited=\u00bbon|phone\u00bb custom_margin=\u00bb-7px|0px|102px|0px|false|false\u00bb custom_margin_tablet=\u00bb|0px||-29px|false|false\u00bb custom_margin_phone=\u00bb9px|-40px|74px|-82px|false|false\u00bb custom_margin_last_edited=\u00bbon|phone\u00bb custom_padding=\u00bb18px|14px|24px|11px|false|false\u00bb border_radii=\u00bbon|15px|15px|15px|15px\u00bb border_radii_tablet=\u00bb\u00bb border_radii_phone=\u00bbon|30px|30px|30px|30px\u00bb border_radii_last_edited=\u00bbon|phone\u00bb box_shadow_style=\u00bbpreset2&#8243; global_colors_info=\u00bb{}\u00bb width__hover_enabled=\u00bboff|desktop\u00bb]<\/p>\n<h1 style=\"text-align: center;\">Fondo Rotatorio Cuenca<br \/>Lechera de Trancas<\/h1>\n<p style=\"text-align: center;\">Cr\u00e9ditos a productores de la cadena l\u00e1ctea<br \/>de la Cuenca Lechera del Departamento Trancas de la Provincia de Tucum\u00e1n.<\/p>\n<p>[\/et_pb_text][et_pb_button button_url=\u00bb#seccion_lechera_trancas\u00bb button_text=\u00bbVer m\u00e1s\u00bb button_alignment=\u00bbcenter\u00bb _builder_version=\u00bb4.27.4&#8243; _module_preset=\u00bbdefault\u00bb custom_button=\u00bbon\u00bb button_text_size=\u00bb16px\u00bb button_text_color=\u00bb#007d83&#8243; button_border_width=\u00bb2px\u00bb button_border_radius=\u00bb7px\u00bb button_font=\u00bbRoboto||||||||\u00bb button_use_icon=\u00bboff\u00bb custom_margin=\u00bb-56px|||-18px|false|false\u00bb custom_margin_tablet=\u00bb-35px|||-18px|false|false\u00bb custom_margin_phone=\u00bb-49px|||-37px|false|false\u00bb custom_margin_last_edited=\u00bbon|phone\u00bb global_colors_info=\u00bb{}\u00bb][\/et_pb_button][\/et_pb_column][\/et_pb_row][\/et_pb_section][et_pb_section fb_built=\u00bb1&#8243; fullwidth=\u00bbon\u00bb _builder_version=\u00bb4.22.1&#8243; _module_preset=\u00bbdefault\u00bb custom_margin=\u00bb-163px||-11px|-4px|false|false\u00bb custom_padding=\u00bb8px|0px|2px||false|false\u00bb global_colors_info=\u00bb{}\u00bb][\/et_pb_section][et_pb_section fb_built=\u00bb1&#8243; _builder_version=\u00bb4.27.4&#8243; _module_preset=\u00bbdefault\u00bb custom_margin_tablet=\u00bb\u00bb custom_margin_phone=\u00bb793px||||false|false\u00bb custom_margin_last_edited=\u00bbon|phone\u00bb global_colors_info=\u00bb{}\u00bb][et_pb_row _builder_version=\u00bb4.22.1&#8243; _module_preset=\u00bbdefault\u00bb custom_margin=\u00bb36px||||false|false\u00bb global_colors_info=\u00bb{}\u00bb][et_pb_column type=\u00bb4_4&#8243; _builder_version=\u00bb4.22.1&#8243; _module_preset=\u00bbdefault\u00bb global_colors_info=\u00bb{}\u00bb][et_pb_text _builder_version=\u00bb4.22.1&#8243; _module_preset=\u00bbdefault\u00bb header_font=\u00bbRoboto|700|||||||\u00bb header_text_color=\u00bb#007d83&#8243; header_font_size_tablet=\u00bb\u00bb header_font_size_phone=\u00bb24px\u00bb header_font_size_last_edited=\u00bbon|phone\u00bb global_colors_info=\u00bb{}\u00bb]<\/p>\n<h1 style=\"text-align: center;\">Descarg\u00e1 tus Declaraciones Juradas aqu\u00ed<\/h1>\n<p>[\/et_pb_text][\/et_pb_column][\/et_pb_row][et_pb_row column_structure=\u00bb1_3,1_3,1_3&#8243; _builder_version=\u00bb4.22.1&#8243; _module_preset=\u00bbdefault\u00bb custom_margin=\u00bb-52px||||false|false\u00bb global_colors_info=\u00bb{}\u00bb][et_pb_column type=\u00bb1_3&#8243; _builder_version=\u00bb4.22.1&#8243; _module_preset=\u00bbdefault\u00bb global_colors_info=\u00bb{}\u00bb][et_pb_button button_url=\u00bbhttps:\/\/cajapopular.gov.ar\/wp-content\/uploads\/2024\/08\/DDJJ-PERSONAS-HUMANAS.pdf\u00bb url_new_window=\u00bbon\u00bb button_text=\u00bbDDJJ PERSONAS HUMANAS\u00bb button_alignment_tablet=\u00bb\u00bb button_alignment_phone=\u00bbcenter\u00bb button_alignment_last_edited=\u00bbon|phone\u00bb _builder_version=\u00bb4.22.1&#8243; custom_button=\u00bbon\u00bb button_text_size=\u00bb14px\u00bb button_text_color=\u00bb#e6621f\u00bb button_border_width=\u00bb2px\u00bb button_border_radius=\u00bb5px\u00bb button_letter_spacing=\u00bb0px\u00bb button_font=\u00bbRoboto|700||on|||||\u00bb button_icon=\u00bb&#x24;||divi||400&#8243; custom_padding=\u00bb12px|30px|12px|30px|true|true\u00bb button_text_color_hover=\u00bb#ffffff\u00bb button_border_color_hover=\u00bb#ffb400&#8243; button_bg_color_hover=\u00bb#ffb400&#8243; locked=\u00bboff\u00bb global_colors_info=\u00bb{}\u00bb button_text_size__hover_enabled=\u00bboff\u00bb button_one_text_size__hover_enabled=\u00bboff\u00bb button_two_text_size__hover_enabled=\u00bboff\u00bb button_text_color__hover_enabled=\u00bbon|hover\u00bb button_text_color__hover=\u00bb#ffffff\u00bb button_one_text_color__hover_enabled=\u00bboff\u00bb button_two_text_color__hover_enabled=\u00bboff\u00bb button_border_width__hover_enabled=\u00bboff\u00bb button_one_border_width__hover_enabled=\u00bboff\u00bb button_two_border_width__hover_enabled=\u00bboff\u00bb button_border_color__hover_enabled=\u00bbon\u00bb button_border_color__hover=\u00bb#2a2a2a\u00bb button_one_border_color__hover_enabled=\u00bboff\u00bb button_two_border_color__hover_enabled=\u00bboff\u00bb button_border_radius__hover_enabled=\u00bboff\u00bb button_one_border_radius__hover_enabled=\u00bboff\u00bb button_two_border_radius__hover_enabled=\u00bboff\u00bb button_letter_spacing__hover_enabled=\u00bboff\u00bb button_one_letter_spacing__hover_enabled=\u00bboff\u00bb button_two_letter_spacing__hover_enabled=\u00bboff\u00bb button_bg_color__hover_enabled=\u00bbon|hover\u00bb button_bg_color__hover=\u00bb#2a2a2a\u00bb button_one_bg_color__hover_enabled=\u00bboff\u00bb button_two_bg_color__hover_enabled=\u00bboff\u00bb button_bg_enable_color__hover=\u00bbon\u00bb][\/et_pb_button][\/et_pb_column][et_pb_column type=\u00bb1_3&#8243; _builder_version=\u00bb4.22.1&#8243; _module_preset=\u00bbdefault\u00bb global_colors_info=\u00bb{}\u00bb][et_pb_button button_url=\u00bbhttps:\/\/cajapopular.gov.ar\/wp-content\/uploads\/2024\/08\/DDJJ-PERSONAS-JURIDICAS.pdf\u00bb url_new_window=\u00bbon\u00bb button_text=\u00bbDDJJ PERSONAS JURIDICAS\u00bb button_alignment_tablet=\u00bb\u00bb button_alignment_phone=\u00bbcenter\u00bb button_alignment_last_edited=\u00bbon|phone\u00bb _builder_version=\u00bb4.22.1&#8243; custom_button=\u00bbon\u00bb button_text_size=\u00bb14px\u00bb button_text_color=\u00bb#e6621f\u00bb button_border_width=\u00bb2px\u00bb button_border_radius=\u00bb5px\u00bb button_letter_spacing=\u00bb0px\u00bb button_font=\u00bbRoboto|700||on|||||\u00bb button_icon=\u00bb&#x24;||divi||400&#8243; custom_padding=\u00bb12px|30px|12px|30px|true|true\u00bb button_text_color_hover=\u00bb#ffffff\u00bb button_border_color_hover=\u00bb#ffb400&#8243; button_bg_color_hover=\u00bb#ffb400&#8243; locked=\u00bboff\u00bb global_colors_info=\u00bb{}\u00bb button_text_size__hover_enabled=\u00bboff\u00bb button_one_text_size__hover_enabled=\u00bboff\u00bb button_two_text_size__hover_enabled=\u00bboff\u00bb button_text_color__hover_enabled=\u00bbon|hover\u00bb button_text_color__hover=\u00bb#ffffff\u00bb button_one_text_color__hover_enabled=\u00bboff\u00bb button_two_text_color__hover_enabled=\u00bboff\u00bb button_border_width__hover_enabled=\u00bboff\u00bb button_one_border_width__hover_enabled=\u00bboff\u00bb button_two_border_width__hover_enabled=\u00bboff\u00bb button_border_color__hover_enabled=\u00bbon\u00bb button_border_color__hover=\u00bb#2a2a2a\u00bb button_one_border_color__hover_enabled=\u00bboff\u00bb button_two_border_color__hover_enabled=\u00bboff\u00bb button_border_radius__hover_enabled=\u00bboff\u00bb button_one_border_radius__hover_enabled=\u00bboff\u00bb button_two_border_radius__hover_enabled=\u00bboff\u00bb button_letter_spacing__hover_enabled=\u00bboff\u00bb button_one_letter_spacing__hover_enabled=\u00bboff\u00bb button_two_letter_spacing__hover_enabled=\u00bboff\u00bb button_bg_color__hover_enabled=\u00bbon|hover\u00bb button_bg_color__hover=\u00bb#2a2a2a\u00bb button_one_bg_color__hover_enabled=\u00bboff\u00bb button_two_bg_color__hover_enabled=\u00bboff\u00bb button_bg_enable_color__hover=\u00bbon\u00bb][\/et_pb_button][\/et_pb_column][et_pb_column type=\u00bb1_3&#8243; _builder_version=\u00bb4.22.1&#8243; _module_preset=\u00bbdefault\u00bb global_colors_info=\u00bb{}\u00bb][et_pb_button button_url=\u00bbhttps:\/\/cajapopular.gov.ar\/wp-content\/uploads\/2024\/08\/DDJJ-DE-SALUD.pdf\u00bb url_new_window=\u00bbon\u00bb button_text=\u00bbDDJJ DE SALUD\u00bb button_alignment_tablet=\u00bb\u00bb button_alignment_phone=\u00bbcenter\u00bb button_alignment_last_edited=\u00bbon|phone\u00bb _builder_version=\u00bb4.22.1&#8243; custom_button=\u00bbon\u00bb button_text_size=\u00bb14px\u00bb button_text_color=\u00bb#e6621f\u00bb button_border_width=\u00bb2px\u00bb button_border_radius=\u00bb5px\u00bb button_letter_spacing=\u00bb0px\u00bb button_font=\u00bbRoboto|700||on|||||\u00bb button_icon=\u00bb&#x24;||divi||400&#8243; custom_padding=\u00bb12px|30px|12px|30px|true|true\u00bb button_text_color_hover=\u00bb#ffffff\u00bb button_border_color_hover=\u00bb#ffb400&#8243; button_bg_color_hover=\u00bb#ffb400&#8243; locked=\u00bboff\u00bb global_colors_info=\u00bb{}\u00bb button_text_size__hover_enabled=\u00bboff\u00bb button_one_text_size__hover_enabled=\u00bboff\u00bb button_two_text_size__hover_enabled=\u00bboff\u00bb button_text_color__hover_enabled=\u00bbon|hover\u00bb button_text_color__hover=\u00bb#ffffff\u00bb button_one_text_color__hover_enabled=\u00bboff\u00bb button_two_text_color__hover_enabled=\u00bboff\u00bb button_border_width__hover_enabled=\u00bboff\u00bb button_one_border_width__hover_enabled=\u00bboff\u00bb button_two_border_width__hover_enabled=\u00bboff\u00bb button_border_color__hover_enabled=\u00bbon\u00bb button_border_color__hover=\u00bb#2a2a2a\u00bb button_one_border_color__hover_enabled=\u00bboff\u00bb button_two_border_color__hover_enabled=\u00bboff\u00bb button_border_radius__hover_enabled=\u00bboff\u00bb button_one_border_radius__hover_enabled=\u00bboff\u00bb button_two_border_radius__hover_enabled=\u00bboff\u00bb button_letter_spacing__hover_enabled=\u00bboff\u00bb button_one_letter_spacing__hover_enabled=\u00bboff\u00bb button_two_letter_spacing__hover_enabled=\u00bboff\u00bb button_bg_color__hover_enabled=\u00bbon|hover\u00bb button_bg_color__hover=\u00bb#2a2a2a\u00bb button_one_bg_color__hover_enabled=\u00bboff\u00bb button_two_bg_color__hover_enabled=\u00bboff\u00bb button_bg_enable_color__hover=\u00bbon\u00bb][\/et_pb_button][\/et_pb_column][\/et_pb_row][\/et_pb_section][et_pb_section fb_built=\u00bb1&#8243; disabled_on=\u00bboff|off|on\u00bb _builder_version=\u00bb4.22.1&#8243; _module_preset=\u00bbdefault\u00bb global_colors_info=\u00bb{}\u00bb][et_pb_row column_structure=\u00bb1_2,1_2&#8243; use_custom_gutter=\u00bbon\u00bb custom_padding_last_edited=\u00bbon|tablet\u00bb _builder_version=\u00bb4.16&#8243; module_alignment=\u00bbcenter\u00bb custom_margin=\u00bb|||\u00bb custom_padding=\u00bb0px|8vw|0px|8vw|true|true\u00bb custom_padding_tablet=\u00bb|40px||40px||true\u00bb custom_padding_phone=\u00bb\u00bb global_colors_info=\u00bb{}\u00bb][et_pb_column type=\u00bb1_2&#8243; _builder_version=\u00bb4.16&#8243; custom_padding=\u00bb|||\u00bb custom_padding_tablet=\u00bb|0px||\u00bb custom_padding_last_edited=\u00bboff|desktop\u00bb global_colors_info=\u00bb{}\u00bb padding_tablet=\u00bb|0px||\u00bb padding_last_edited=\u00bboff|desktop\u00bb custom_padding__hover=\u00bb|||\u00bb][et_pb_text _builder_version=\u00bb4.22.1&#8243; text_font=\u00bb||||||||\u00bb text_font_size=\u00bb15px\u00bb text_line_height=\u00bb1.8em\u00bb header_font=\u00bbRoboto|900|||||||\u00bb header_text_color=\u00bb#606060&#8243; header_font_size=\u00bb37px\u00bb custom_margin=\u00bb-9px||11px|-82px|false|false\u00bb custom_margin_tablet=\u00bb-9px||11px|-82px|false|false\u00bb custom_margin_phone=\u00bb-9px||11px|-50px|false|false\u00bb custom_margin_last_edited=\u00bbon|phone\u00bb custom_padding=\u00bb|0px||3px|false|false\u00bb custom_padding_tablet=\u00bb|40px||40px||true\u00bb custom_padding_last_edited=\u00bboff|desktop\u00bb header_font_size_tablet=\u00bb37px\u00bb header_font_size_phone=\u00bb30px\u00bb header_font_size_last_edited=\u00bbon|phone\u00bb module_alignment_tablet=\u00bb\u00bb module_alignment_phone=\u00bbcenter\u00bb module_alignment_last_edited=\u00bbon|phone\u00bb global_colors_info=\u00bb{}\u00bb]<\/p>\n<h1>Cosecha y Flete<\/h1>\n<p><strong><\/strong><\/p>\n<p><strong>Descripci\u00f3n: <\/strong>Cr\u00e9ditos a micro, peque\u00f1os y medianos productores ca\u00f1eros independientes\u00a0 y cooperativas o asociaciones de productores destinados a atender las operaciones de cosecha y flete.<\/p>\n<p><strong>Destino<\/strong>: Financiar las operaciones de cosecha y flete.<\/p>\n<p><strong>Destinatarios<\/strong>: Micro, peque\u00f1os y medianos productores ca\u00f1eros independientes. Cooperativas y Asociaciones de productores ca\u00f1eros.<\/p>\n<p>[\/et_pb_text][et_pb_text _builder_version=\u00bb4.22.1&#8243; text_font=\u00bb||||||||\u00bb text_font_size=\u00bb15px\u00bb text_line_height=\u00bb1.8em\u00bb header_2_font=\u00bbRoboto||||||||\u00bb header_2_text_color=\u00bb#007d83&#8243; custom_margin=\u00bb26px||11px|-82px|false|false\u00bb custom_margin_tablet=\u00bb26px||11px|-82px|false|false\u00bb custom_margin_phone=\u00bb|||-50px|false|false\u00bb custom_margin_last_edited=\u00bbon|phone\u00bb custom_padding=\u00bb|||\u00bb custom_padding_tablet=\u00bb|40px||40px||true\u00bb custom_padding_last_edited=\u00bboff|desktop\u00bb global_colors_info=\u00bb{}\u00bb]<\/p>\n<h2><strong>Requisitos<\/strong><\/h2>\n<p><strong>Personas Humanas<\/strong><\/p>\n<ul>\n<li>Poseer hasta un m\u00e1ximo de 20 has de ca\u00f1a de az\u00facar seg\u00fan Registro Provincial de Productores Ca\u00f1eros.<\/li>\n<li>Fotocopia D.N.I.<\/li>\n<li>Constancias de Inscripci\u00f3n en A.F.I.P. y D.G.R. Tucum\u00e1n.<\/li>\n<li>Constancia de inscripci\u00f3n en el Registro de Productores Ca\u00f1eros de Tucum\u00e1n.<\/li>\n<li>Constancia de inscripci\u00f3n en el Registro Nacional de la Agricultura Familiar (RENAF)<\/li>\n<li>Copia de boleta de servicio o Certificado de Residencia.<\/li>\n<li>Productores mayores de 70 a\u00f1os con presentaci\u00f3n de garante.<\/li>\n<li>Productores mayores de 80 a\u00f1os excluidos.<\/li>\n<li>Seguro de vida sobre saldos deudores.<\/li>\n<\/ul>\n<p>&nbsp;<\/p>\n<p><strong>Cooperativas y Asociaciones<\/strong><\/p>\n<ul>\n<li style=\"list-style-type: none;\">\n<ul>\n<li>Los asociados deben poseer hasta un m\u00e1ximo de 20 has de ca\u00f1a de az\u00facar seg\u00fan Registro Provincial de Productores Ca\u00f1eros.<\/li>\n<li>Copia del Acta Constitutiva y su inscripci\u00f3n en IPACYM.<\/li>\n<li>Constancia de Normal Funcionamiento emitida por IPACYM.<\/li>\n<li>Constancia de inscripci\u00f3n en el Registro de Productores Ca\u00f1eros de Tucum\u00e1n.<\/li>\n<li>Constancia de inscripci\u00f3n en el Registro Nacional de Organizaciones de la Agricultura Familiar (RENOAF).<\/li>\n<li>Acta emitida por el \u00d3rgano de Administraci\u00f3n aprobando la solicitud.<\/li>\n<li>Padr\u00f3n de Asociados.<\/li>\n<\/ul>\n<\/li>\n<\/ul>\n<p>[\/et_pb_text][\/et_pb_column][et_pb_column type=\u00bb1_2&#8243; _builder_version=\u00bb4.16&#8243; custom_padding=\u00bb|||\u00bb global_colors_info=\u00bb{}\u00bb custom_padding__hover=\u00bb|||\u00bb][et_pb_image src=\u00bbhttps:\/\/cajapopular.gov.ar\/wp-content\/uploads\/2024\/08\/Cocecha-y-Flete.jpg\u00bb title_text=\u00bbCocecha y Flete\u00bb _builder_version=\u00bb4.22.1&#8243; _module_preset=\u00bbdefault\u00bb custom_margin=\u00bb6px|-105px|1px|2px|false|false\u00bb custom_margin_tablet=\u00bb6px|-105px|1px|2px|false|false\u00bb custom_margin_phone=\u00bb|||-84px|false|false\u00bb custom_margin_last_edited=\u00bbon|phone\u00bb global_colors_info=\u00bb{}\u00bb][\/et_pb_image][\/et_pb_column][\/et_pb_row][\/et_pb_section][et_pb_section fb_built=\u00bb1&#8243; specialty=\u00bbon\u00bb background_color_2=\u00bbgcid-4f56aa54-3b36-4432-8908-d727fd88891e\u00bb padding_top_1=\u00bb80px\u00bb padding_top_2=\u00bb60px\u00bb padding_bottom_1=\u00bb80px\u00bb padding_left_1=\u00bb60px\u00bb padding_top_bottom_link_1=\u00bbtrue\u00bb padding_left_right_link_1=\u00bbfalse\u00bb padding_1_tablet=\u00bb|10%||10%||true\u00bb padding_1_phone=\u00bb\u00bb padding_1_last_edited=\u00bbon|tablet\u00bb admin_label=\u00bbAbout Us\u00bb module_id=\u00bbseccion_cocecha_flete\u00bb _builder_version=\u00bb4.22.1&#8243; background_color=\u00bb#048287&#8243; z_index=\u00bb0&#8243; inner_width=\u00bb100%\u00bb inner_max_width=\u00bb100%\u00bb custom_margin_tablet=\u00bb\u00bb custom_margin_phone=\u00bb-58px||||false|false\u00bb custom_margin_last_edited=\u00bbon|phone\u00bb custom_padding=\u00bb0||0||false|false\u00bb use_custom_width=\u00bbon\u00bb width_unit=\u00bboff\u00bb custom_width_percent=\u00bb100%\u00bb global_colors_info=\u00bb{%22gcid-4f56aa54-3b36-4432-8908-d727fd88891e%22:%91%22background_color_2%22%93}\u00bb][et_pb_column type=\u00bb1_3&#8243; _builder_version=\u00bb4.16&#8243; custom_padding=\u00bb|||\u00bb global_colors_info=\u00bb{}\u00bb padding_tablet=\u00bb|10%||10%||true\u00bb padding_last_edited=\u00bbon|tablet\u00bb custom_padding__hover=\u00bb|||\u00bb padding_phone=\u00bb|10%||10%||true\u00bb][et_pb_blurb title=\u00bbCantidad m\u00e1xima prestable\u00bb use_icon=\u00bbon\u00bb font_icon=\u00bb&#x39;||divi||400&#8243; icon_color=\u00bb#ffffff\u00bb icon_placement=\u00bbleft\u00bb image_icon_width=\u00bb56px\u00bb content_max_width=\u00bb1100px\u00bb content_max_width_tablet=\u00bb1100px\u00bb content_max_width_last_edited=\u00bboff|desktop\u00bb _builder_version=\u00bb4.22.1&#8243; header_font=\u00bbRoboto|900|||||||\u00bb header_text_color=\u00bb#f4f4f4&#8243; header_line_height=\u00bb1.4em\u00bb body_font=\u00bbRoboto||||||||\u00bb body_text_color=\u00bb#ffffff\u00bb body_font_size=\u00bb15px\u00bb body_line_height=\u00bb1.8em\u00bb image_icon_custom_margin=\u00bb-12px||||false|false\u00bb custom_margin=\u00bb11px|-9px|35px|4px|false|false\u00bb custom_padding=\u00bb2px|13px|8px|2px|false|false\u00bb animation_style=\u00bbslide\u00bb animation_direction=\u00bbright\u00bb animation_intensity_slide=\u00bb10%\u00bb animation=\u00bboff\u00bb icon_font_size=\u00bb56px\u00bb locked=\u00bboff\u00bb global_colors_info=\u00bb{}\u00bb]<\/p>\n<p><strong>Personas Humanas<\/strong>:<\/p>\n<p>Hasta 10 has de ca\u00f1a de az\u00facar al valor que establece la Comisi\u00f3n de Seguimiento.<\/p>\n<p><strong>Cooperativas o Asociaciones:<\/strong><\/p>\n<p>Hasta 70 has de ca\u00f1a de az\u00facar al valor que establece la Comisi\u00f3n de Seguimiento.<\/p>\n<p>[\/et_pb_blurb][et_pb_blurb title=\u00bbTasa de inter\u00e9s: 0%\u00bb use_icon=\u00bbon\u00bb font_icon=\u00bb&#x39;||divi||400&#8243; icon_color=\u00bb#ffffff\u00bb icon_placement=\u00bbleft\u00bb image_icon_width=\u00bb56px\u00bb content_max_width=\u00bb1100px\u00bb content_max_width_tablet=\u00bb1100px\u00bb content_max_width_last_edited=\u00bboff|desktop\u00bb _builder_version=\u00bb4.22.1&#8243; header_font=\u00bbRoboto|900|||||||\u00bb header_text_color=\u00bb#ffffff\u00bb header_line_height=\u00bb1.4em\u00bb body_font=\u00bbRoboto||||||||\u00bb body_text_color=\u00bb#595959&#8243; body_font_size=\u00bb15px\u00bb body_line_height=\u00bb1.8em\u00bb image_icon_custom_margin=\u00bb-12px||||false|false\u00bb custom_margin=\u00bb11px|-9px|35px|4px|false|false\u00bb custom_padding=\u00bb2px|13px|8px|2px|false|false\u00bb animation_style=\u00bbslide\u00bb animation_direction=\u00bbright\u00bb animation_intensity_slide=\u00bb10%\u00bb animation=\u00bboff\u00bb icon_font_size=\u00bb56px\u00bb locked=\u00bboff\u00bb global_colors_info=\u00bb{}\u00bb][\/et_pb_blurb][et_pb_blurb title=\u00bbPlazo M\u00e1ximo: Vencimiento el \u00faltimo d\u00eda h\u00e1bil de mes de Marzo de cada a\u00f1o.\u00bb use_icon=\u00bbon\u00bb font_icon=\u00bb&#x39;||divi||400&#8243; icon_color=\u00bb#ffffff\u00bb icon_placement=\u00bbleft\u00bb image_icon_width=\u00bb56px\u00bb content_max_width=\u00bb1100px\u00bb content_max_width_tablet=\u00bb1100px\u00bb content_max_width_last_edited=\u00bboff|desktop\u00bb _builder_version=\u00bb4.22.1&#8243; header_font=\u00bbRoboto|900|||||||\u00bb header_text_color=\u00bb#ffffff\u00bb header_line_height=\u00bb1.4em\u00bb body_font=\u00bbRoboto||||||||\u00bb body_text_color=\u00bb#595959&#8243; body_font_size=\u00bb15px\u00bb body_line_height=\u00bb1.8em\u00bb image_icon_custom_margin=\u00bb-12px||||false|false\u00bb custom_margin=\u00bb11px|-9px|35px|4px|false|false\u00bb custom_padding=\u00bb2px|13px|8px|2px|false|false\u00bb animation_style=\u00bbslide\u00bb animation_direction=\u00bbright\u00bb animation_intensity_slide=\u00bb10%\u00bb animation=\u00bboff\u00bb icon_font_size=\u00bb56px\u00bb locked=\u00bboff\u00bb global_colors_info=\u00bb{}\u00bb][\/et_pb_blurb][et_pb_blurb title=\u00bbGarant\u00edas: personales.\u00bb use_icon=\u00bbon\u00bb font_icon=\u00bb&#x39;||divi||400&#8243; icon_color=\u00bb#ffffff\u00bb icon_placement=\u00bbleft\u00bb image_icon_width=\u00bb56px\u00bb content_max_width=\u00bb1100px\u00bb content_max_width_tablet=\u00bb1100px\u00bb content_max_width_last_edited=\u00bboff|desktop\u00bb _builder_version=\u00bb4.22.1&#8243; header_font=\u00bbRoboto|900|||||||\u00bb header_text_color=\u00bb#ffffff\u00bb header_line_height=\u00bb1.4em\u00bb body_font=\u00bbRoboto||||||||\u00bb body_text_color=\u00bb#595959&#8243; body_font_size=\u00bb15px\u00bb body_line_height=\u00bb1.8em\u00bb image_icon_custom_margin=\u00bb-12px||||false|false\u00bb custom_margin=\u00bb11px|-9px|35px|4px|false|false\u00bb custom_padding=\u00bb2px|13px|8px|2px|false|false\u00bb animation_style=\u00bbslide\u00bb animation_direction=\u00bbright\u00bb animation_intensity_slide=\u00bb10%\u00bb animation=\u00bboff\u00bb icon_font_size=\u00bb56px\u00bb locked=\u00bboff\u00bb global_colors_info=\u00bb{}\u00bb][\/et_pb_blurb][et_pb_blurb title=\u00bbLugar de Presentaci\u00f3n y Administraci\u00f3n:\u00bb use_icon=\u00bbon\u00bb font_icon=\u00bb&#x39;||divi||400&#8243; icon_color=\u00bb#ffffff\u00bb icon_placement=\u00bbleft\u00bb image_icon_width=\u00bb56px\u00bb content_max_width=\u00bb1100px\u00bb content_max_width_tablet=\u00bb1100px\u00bb content_max_width_last_edited=\u00bboff|desktop\u00bb _builder_version=\u00bb4.22.1&#8243; header_font=\u00bbRoboto|900|||||||\u00bb header_text_color=\u00bb#ffffff\u00bb header_line_height=\u00bb1.4em\u00bb body_font=\u00bbRoboto||||||||\u00bb body_text_color=\u00bb#ffffff\u00bb body_font_size=\u00bb15px\u00bb body_line_height=\u00bb1.8em\u00bb image_icon_custom_margin=\u00bb-12px||||false|false\u00bb custom_margin=\u00bb11px|-9px|35px|4px|false|false\u00bb custom_padding=\u00bb2px|13px|8px|2px|false|false\u00bb animation_style=\u00bbslide\u00bb animation_direction=\u00bbright\u00bb animation_intensity_slide=\u00bb10%\u00bb animation=\u00bboff\u00bb icon_font_size=\u00bb56px\u00bb locked=\u00bboff\u00bb global_colors_info=\u00bb{}\u00bb]<\/p>\n<p>Caja Popular de Ahorros de la Provincia de Tucum\u00e1n, Sector Fiduciario<\/p>\n<p>25 de Mayo N\u00b0 149 &#8211; 2\u00b0 Piso, San Miguel de Tucum\u00e1n<\/p>\n<p>De 8.00 a 14.00 hs.<\/p>\n<p>[\/et_pb_blurb][\/et_pb_column][et_pb_column type=\u00bb2_3&#8243; specialty_columns=\u00bb2&#8243; _builder_version=\u00bb4.16&#8243; background_color=\u00bb#f7f7f7&#8243; custom_padding=\u00bb|||\u00bb global_colors_info=\u00bb{}\u00bb custom_padding__hover=\u00bb|||\u00bb][et_pb_row_inner column_structure=\u00bb1_2,1_2&#8243; use_custom_gutter=\u00bbon\u00bb custom_padding_last_edited=\u00bbon|tablet\u00bb disabled_on=\u00bbon|on|off\u00bb _builder_version=\u00bb4.22.1&#8243; module_alignment=\u00bbcenter\u00bb custom_margin=\u00bb|||\u00bb custom_padding=\u00bb0px|8vw|0px|8vw|true|true\u00bb custom_padding_tablet=\u00bb|40px||40px||true\u00bb custom_padding_phone=\u00bb\u00bb global_colors_info=\u00bb{}\u00bb][et_pb_column_inner type=\u00bb1_2&#8243; saved_specialty_column_type=\u00bb2_3&#8243; _builder_version=\u00bb4.16&#8243; custom_padding=\u00bb|||\u00bb custom_padding_tablet=\u00bb|0px||\u00bb custom_padding_last_edited=\u00bboff|desktop\u00bb global_colors_info=\u00bb{}\u00bb padding_tablet=\u00bb|0px||\u00bb padding_last_edited=\u00bboff|desktop\u00bb custom_padding__hover=\u00bb|||\u00bb][et_pb_text _builder_version=\u00bb4.22.1&#8243; text_font=\u00bb||||||||\u00bb text_font_size=\u00bb15px\u00bb text_line_height=\u00bb1.8em\u00bb header_font=\u00bbRoboto|900|||||||\u00bb header_text_color=\u00bb#606060&#8243; header_font_size=\u00bb37px\u00bb custom_margin=\u00bb-9px||11px|-82px|false|false\u00bb custom_padding=\u00bb|0px||3px|false|false\u00bb custom_padding_tablet=\u00bb|40px||40px||true\u00bb custom_padding_last_edited=\u00bboff|desktop\u00bb global_colors_info=\u00bb{}\u00bb]<\/p>\n<h1>Cosecha y Flete<\/h1>\n<p><strong><\/strong><\/p>\n<p><strong>Descripci\u00f3n: <\/strong>Cr\u00e9ditos a micro, peque\u00f1os y medianos productores ca\u00f1eros independientes\u00a0 y cooperativas o asociaciones de productores destinados a atender las operaciones de cosecha y flete.<\/p>\n<p><strong>Destino<\/strong>: Financiar las operaciones de cosecha y flete.<\/p>\n<p><strong>Destinatarios<\/strong>: Micro, peque\u00f1os y medianos productores ca\u00f1eros independientes. Cooperativas y Asociaciones de productores ca\u00f1eros.<\/p>\n<p>[\/et_pb_text][et_pb_text _builder_version=\u00bb4.22.1&#8243; text_font=\u00bb||||||||\u00bb text_font_size=\u00bb15px\u00bb text_line_height=\u00bb1.8em\u00bb header_2_font=\u00bbRoboto||||||||\u00bb header_2_text_color=\u00bb#007d83&#8243; custom_margin=\u00bb26px||11px|-82px|false|false\u00bb custom_padding=\u00bb|||\u00bb custom_padding_tablet=\u00bb|40px||40px||true\u00bb custom_padding_last_edited=\u00bboff|desktop\u00bb global_colors_info=\u00bb{}\u00bb]<\/p>\n<h2><strong>Requisitos<\/strong><\/h2>\n<p><strong>Personas Humanas<\/strong><\/p>\n<ul>\n<li>Poseer hasta un m\u00e1ximo de 20 has de ca\u00f1a de az\u00facar seg\u00fan Registro Provincial de Productores Ca\u00f1eros.<\/li>\n<li>Fotocopia D.N.I.<\/li>\n<li>Constancias de Inscripci\u00f3n en A.F.I.P. y D.G.R. Tucum\u00e1n.<\/li>\n<li>Constancia de inscripci\u00f3n en el Registro de Productores Ca\u00f1eros de Tucum\u00e1n.<\/li>\n<li>Constancia de inscripci\u00f3n en el Registro Nacional de la Agricultura Familiar (RENAF)<\/li>\n<li>Copia de boleta de servicio o Certificado de Residencia.<\/li>\n<li>Productores mayores de 70 a\u00f1os con presentaci\u00f3n de garante.<\/li>\n<li>Productores mayores de 80 a\u00f1os excluidos.<\/li>\n<li>Seguro de vida sobre saldos deudores.<\/li>\n<\/ul>\n<p>&nbsp;<\/p>\n<p><strong>Cooperativas y Asociaciones<\/strong><\/p>\n<ul>\n<li style=\"list-style-type: none;\">\n<ul>\n<li>Los asociados deben poseer hasta un m\u00e1ximo de 20 has de ca\u00f1a de az\u00facar seg\u00fan Registro Provincial de Productores Ca\u00f1eros.<\/li>\n<li>Copia del Acta Constitutiva y su inscripci\u00f3n en IPACYM.<\/li>\n<li>Constancia de Normal Funcionamiento emitida por IPACYM.<\/li>\n<li>Constancia de inscripci\u00f3n en el Registro de Productores Ca\u00f1eros de Tucum\u00e1n.<\/li>\n<li>Constancia de inscripci\u00f3n en el Registro Nacional de Organizaciones de la Agricultura Familiar (RENOAF).<\/li>\n<li>Acta emitida por el \u00d3rgano de Administraci\u00f3n aprobando la solicitud.<\/li>\n<li>Padr\u00f3n de Asociados.<\/li>\n<\/ul>\n<\/li>\n<\/ul>\n<p>[\/et_pb_text][\/et_pb_column_inner][et_pb_column_inner type=\u00bb1_2&#8243; saved_specialty_column_type=\u00bb2_3&#8243; _builder_version=\u00bb4.16&#8243; custom_padding=\u00bb|||\u00bb global_colors_info=\u00bb{}\u00bb custom_padding__hover=\u00bb|||\u00bb][et_pb_image src=\u00bbhttps:\/\/cajapopular.gov.ar\/wp-content\/uploads\/2024\/08\/Cocecha-y-Flete.jpg\u00bb title_text=\u00bbCocecha y Flete\u00bb _builder_version=\u00bb4.22.1&#8243; _module_preset=\u00bbdefault\u00bb custom_margin=\u00bb6px|-105px|1px|2px|false|false\u00bb global_colors_info=\u00bb{}\u00bb][\/et_pb_image][\/et_pb_column_inner][\/et_pb_row_inner][et_pb_row_inner _builder_version=\u00bb4.22.1&#8243; _module_preset=\u00bbdefault\u00bb global_colors_info=\u00bb{}\u00bb][et_pb_column_inner saved_specialty_column_type=\u00bb2_3&#8243; _builder_version=\u00bb4.22.1&#8243; _module_preset=\u00bbdefault\u00bb global_colors_info=\u00bb{}\u00bb][\/et_pb_column_inner][\/et_pb_row_inner][et_pb_row_inner column_structure=\u00bb1_2,1_2&#8243; use_custom_gutter=\u00bbon\u00bb custom_padding_last_edited=\u00bbon|tablet\u00bb disabled_on=\u00bboff|off|on\u00bb _builder_version=\u00bb4.22.1&#8243; background_color=\u00bb#ffffff\u00bb module_alignment=\u00bbcenter\u00bb custom_margin=\u00bb-60px||||false|false\u00bb custom_padding=\u00bb0px|8vw|0px|8vw|true|true\u00bb custom_padding_tablet=\u00bb|40px||40px||true\u00bb custom_padding_phone=\u00bb\u00bb global_colors_info=\u00bb{}\u00bb][et_pb_column_inner type=\u00bb1_2&#8243; saved_specialty_column_type=\u00bb2_3&#8243; _builder_version=\u00bb4.16&#8243; custom_padding=\u00bb|||\u00bb custom_padding_tablet=\u00bb|0px||\u00bb custom_padding_last_edited=\u00bboff|desktop\u00bb global_colors_info=\u00bb{}\u00bb padding_tablet=\u00bb|0px||\u00bb padding_last_edited=\u00bboff|desktop\u00bb custom_padding__hover=\u00bb|||\u00bb][et_pb_text _builder_version=\u00bb4.27.4&#8243; text_font=\u00bb||||||||\u00bb text_font_size=\u00bb15px\u00bb text_line_height=\u00bb1.8em\u00bb header_font=\u00bbRoboto|900|||||||\u00bb header_text_color=\u00bb#606060&#8243; header_font_size=\u00bb37px\u00bb header_2_font=\u00bbRoboto||||||||\u00bb header_2_text_color=\u00bb#007d83&#8243; custom_margin=\u00bb60px|-61px|11px|-85px|false|false\u00bb custom_margin_tablet=\u00bb60px|-61px|11px|-85px|false|false\u00bb custom_margin_phone=\u00bb60px|2px|11px|-12px|false|false\u00bb custom_margin_last_edited=\u00bbon|phone\u00bb custom_padding=\u00bb|||\u00bb custom_padding_tablet=\u00bb|40px||40px||true\u00bb custom_padding_last_edited=\u00bboff|desktop\u00bb header_font_size_tablet=\u00bb37px\u00bb header_font_size_phone=\u00bb30px\u00bb header_font_size_last_edited=\u00bbon|phone\u00bb global_colors_info=\u00bb{}\u00bb]<\/p>\n<h1>Fondo rotatorio para la compra de fertilizantes: Campa\u00f1a 2025<\/h1>\n<p><strong><\/strong><\/p>\n<p><strong>Descripci\u00f3n: <\/strong>Cr\u00e9ditos a micro, peque\u00f1os y medianos productores ca\u00f1eros independientes\u00a0 destinados a la adquisici\u00f3n de fertilizantes.<\/p>\n<p><strong>Destino<\/strong>: Financiar las operaciones de fertilizaci\u00f3n.<\/p>\n<p><strong>Destinatarios<\/strong>: Micro, peque\u00f1os y medianos productores ca\u00f1eros independientes.<strong><\/strong><\/p>\n<h2><strong>Requisitos<\/strong><\/h2>\n<p><strong>Personas Humanas<\/strong><\/p>\n<ul>\n<li>Poseer hasta un m\u00e1ximo de 20 has de ca\u00f1a de az\u00facar seg\u00fan Registro Provincial de Productores Ca\u00f1eros.<\/li>\n<li>Fotocopia D.N.I.<\/li>\n<li>Constancias de Inscripci\u00f3n en A.R.C.A. y D.G.R. Tucum\u00e1n.<\/li>\n<li>Constancia de inscripci\u00f3n en el Registro de Productores Ca\u00f1eros de Tucum\u00e1n 2025.<\/li>\n<li>Copia de boleta de servicio o Certificado de Residencia.<\/li>\n<li>Productores mayores de 70 a\u00f1os con presentaci\u00f3n de garante.<\/li>\n<li>Productores mayores de 80 a\u00f1os excluidos.<\/li>\n<li>Seguro de vida sobre saldos deudores.<\/li>\n<\/ul>\n<p>&nbsp;<\/p>\n<p>[\/et_pb_text][\/et_pb_column_inner][et_pb_column_inner type=\u00bb1_2&#8243; saved_specialty_column_type=\u00bb2_3&#8243; _builder_version=\u00bb4.16&#8243; custom_padding=\u00bb|||\u00bb global_colors_info=\u00bb{}\u00bb custom_padding__hover=\u00bb|||\u00bb][et_pb_image src=\u00bbhttps:\/\/cajapopular.gov.ar\/wp-content\/uploads\/2024\/08\/Fondo-rotatorio-para-la-compra-de-fertilizantes.jpg\u00bb title_text=\u00bbFondo rotatorio para la compra de fertilizantes\u00bb _builder_version=\u00bb4.22.1&#8243; _module_preset=\u00bbdefault\u00bb custom_margin=\u00bb165px|-105px|1px|2px|false|false\u00bb custom_margin_tablet=\u00bb165px|-105px|1px|2px|false|false\u00bb custom_margin_phone=\u00bb18px|-47px|1px|-89px|false|false\u00bb custom_margin_last_edited=\u00bbon|phone\u00bb custom_padding=\u00bb|||39px|false|false\u00bb global_colors_info=\u00bb{}\u00bb][\/et_pb_image][\/et_pb_column_inner][\/et_pb_row_inner][\/et_pb_column][\/et_pb_section][et_pb_section fb_built=\u00bb1&#8243; specialty=\u00bbon\u00bb background_color_2=\u00bbgcid-4f56aa54-3b36-4432-8908-d727fd88891e\u00bb padding_top_1=\u00bb80px\u00bb padding_top_2=\u00bb60px\u00bb padding_bottom_1=\u00bb80px\u00bb padding_left_1=\u00bb60px\u00bb padding_top_bottom_link_1=\u00bbtrue\u00bb padding_left_right_link_1=\u00bbfalse\u00bb padding_1_tablet=\u00bb|10%||10%||true\u00bb padding_1_phone=\u00bb\u00bb padding_1_last_edited=\u00bbon|tablet\u00bb admin_label=\u00bbAbout Us\u00bb module_id=\u00bbseccion_fondo_rotatorio\u00bb _builder_version=\u00bb4.22.1&#8243; background_color=\u00bb#e9530d\u00bb horizontal_offset=\u00bb0px\u00bb z_index=\u00bb0&#8243; inner_width=\u00bb100%\u00bb inner_max_width=\u00bb100%\u00bb custom_margin_tablet=\u00bb\u00bb custom_margin_phone=\u00bb-20px||||false|false\u00bb custom_margin_last_edited=\u00bbon|phone\u00bb custom_padding=\u00bb0||0||false|false\u00bb use_custom_width=\u00bbon\u00bb width_unit=\u00bboff\u00bb custom_width_percent=\u00bb100%\u00bb global_colors_info=\u00bb{%22gcid-4f56aa54-3b36-4432-8908-d727fd88891e%22:%91%22background_color_2%22%93}\u00bb][et_pb_column type=\u00bb1_3&#8243; _builder_version=\u00bb4.16&#8243; custom_padding=\u00bb|||\u00bb global_colors_info=\u00bb{}\u00bb padding_tablet=\u00bb|10%||10%||true\u00bb padding_last_edited=\u00bbon|tablet\u00bb custom_padding__hover=\u00bb|||\u00bb padding_phone=\u00bb|10%||10%||true\u00bb][et_pb_blurb title=\u00bbPersonas humanas:\u00bb use_icon=\u00bbon\u00bb font_icon=\u00bb&#x39;||divi||400&#8243; icon_color=\u00bb#ffffff\u00bb icon_placement=\u00bbleft\u00bb image_icon_width=\u00bb56px\u00bb content_max_width=\u00bb1100px\u00bb content_max_width_tablet=\u00bb1100px\u00bb content_max_width_last_edited=\u00bboff|desktop\u00bb _builder_version=\u00bb4.22.1&#8243; header_font=\u00bbRoboto|900|||||||\u00bb header_text_color=\u00bb#ffffff\u00bb header_line_height=\u00bb1.4em\u00bb body_font=\u00bbRoboto||||||||\u00bb body_text_color=\u00bb#ffffff\u00bb body_font_size=\u00bb15px\u00bb body_line_height=\u00bb1.8em\u00bb image_icon_custom_margin=\u00bb-12px||||false|false\u00bb custom_margin=\u00bb11px|-9px|35px|4px|false|false\u00bb custom_padding=\u00bb2px|13px|8px|2px|false|false\u00bb animation_style=\u00bbslide\u00bb animation_direction=\u00bbright\u00bb animation_intensity_slide=\u00bb10%\u00bb animation=\u00bboff\u00bb icon_font_size=\u00bb56px\u00bb locked=\u00bboff\u00bb global_colors_info=\u00bb{}\u00bb]<\/p>\n<p>Hasta 2,50 bolsas de urea granulada por hect\u00e1rea al valor que establece la Comisi\u00f3n de Seguimiento.<\/p>\n<p>[\/et_pb_blurb][et_pb_blurb title=\u00bbCooperativas y Asociaciones:\u00bb use_icon=\u00bbon\u00bb font_icon=\u00bb&#x39;||divi||400&#8243; icon_color=\u00bb#ffffff\u00bb icon_placement=\u00bbleft\u00bb image_icon_width=\u00bb56px\u00bb content_max_width=\u00bb1100px\u00bb content_max_width_tablet=\u00bb1100px\u00bb content_max_width_last_edited=\u00bboff|desktop\u00bb _builder_version=\u00bb4.22.1&#8243; header_font=\u00bbRoboto|900|||||||\u00bb header_text_color=\u00bb#ffffff\u00bb header_line_height=\u00bb1.4em\u00bb body_font=\u00bbRoboto||||||||\u00bb body_text_color=\u00bb#ffffff\u00bb body_font_size=\u00bb15px\u00bb body_line_height=\u00bb1.8em\u00bb image_icon_custom_margin=\u00bb-12px||||false|false\u00bb custom_margin=\u00bb11px|-9px|35px|4px|false|false\u00bb custom_padding=\u00bb2px|13px|8px|2px|false|false\u00bb animation_style=\u00bbslide\u00bb animation_direction=\u00bbright\u00bb animation_intensity_slide=\u00bb10%\u00bb animation=\u00bboff\u00bb icon_font_size=\u00bb56px\u00bb locked=\u00bboff\u00bb global_colors_info=\u00bb{}\u00bb]<\/p>\n<p>Hasta 2,50 bolsas de urea granulada por hect\u00e1rea al valor que establece la Comisi\u00f3n de Seguimiento y hasta un m\u00e1ximo de de 250 bolsas por asociaci\u00f3n.<\/p>\n<p>[\/et_pb_blurb][et_pb_blurb title=\u00bbTasa de inter\u00e9s: 0%\u00bb use_icon=\u00bbon\u00bb font_icon=\u00bb&#x39;||divi||400&#8243; icon_color=\u00bb#ffffff\u00bb icon_placement=\u00bbleft\u00bb image_icon_width=\u00bb56px\u00bb content_max_width=\u00bb1100px\u00bb content_max_width_tablet=\u00bb1100px\u00bb content_max_width_last_edited=\u00bboff|desktop\u00bb _builder_version=\u00bb4.22.1&#8243; header_font=\u00bbRoboto|900|||||||\u00bb header_text_color=\u00bb#ffffff\u00bb header_line_height=\u00bb1.4em\u00bb body_font=\u00bbRoboto||||||||\u00bb body_text_color=\u00bb#595959&#8243; body_font_size=\u00bb15px\u00bb body_line_height=\u00bb1.8em\u00bb image_icon_custom_margin=\u00bb-12px||||false|false\u00bb custom_margin=\u00bb11px|-9px|35px|4px|false|false\u00bb custom_padding=\u00bb2px|13px|8px|2px|false|false\u00bb animation_style=\u00bbslide\u00bb animation_direction=\u00bbright\u00bb animation_intensity_slide=\u00bb10%\u00bb animation=\u00bboff\u00bb icon_font_size=\u00bb56px\u00bb locked=\u00bboff\u00bb global_colors_info=\u00bb{}\u00bb][\/et_pb_blurb][et_pb_blurb title=\u00bbPlazo M\u00e1ximo: Vencimiento el \u00faltimo d\u00eda h\u00e1bil de mes de Agosto de cada a\u00f1o.\u00bb use_icon=\u00bbon\u00bb font_icon=\u00bb&#x39;||divi||400&#8243; icon_color=\u00bb#ffffff\u00bb icon_placement=\u00bbleft\u00bb image_icon_width=\u00bb56px\u00bb content_max_width=\u00bb1100px\u00bb content_max_width_tablet=\u00bb1100px\u00bb content_max_width_last_edited=\u00bboff|desktop\u00bb _builder_version=\u00bb4.22.1&#8243; header_font=\u00bbRoboto|900|||||||\u00bb header_text_color=\u00bb#ffffff\u00bb header_line_height=\u00bb1.4em\u00bb body_font=\u00bbRoboto||||||||\u00bb body_text_color=\u00bb#595959&#8243; body_font_size=\u00bb15px\u00bb body_line_height=\u00bb1.8em\u00bb image_icon_custom_margin=\u00bb-12px||||false|false\u00bb custom_margin=\u00bb11px|-9px|35px|4px|false|false\u00bb custom_padding=\u00bb2px|13px|8px|2px|false|false\u00bb animation_style=\u00bbslide\u00bb animation_direction=\u00bbright\u00bb animation_intensity_slide=\u00bb10%\u00bb animation=\u00bboff\u00bb icon_font_size=\u00bb56px\u00bb locked=\u00bboff\u00bb global_colors_info=\u00bb{}\u00bb][\/et_pb_blurb][et_pb_blurb title=\u00bbGarant\u00edas: Personales\u00bb use_icon=\u00bbon\u00bb font_icon=\u00bb&#x39;||divi||400&#8243; icon_color=\u00bb#ffffff\u00bb icon_placement=\u00bbleft\u00bb image_icon_width=\u00bb56px\u00bb content_max_width=\u00bb1100px\u00bb content_max_width_tablet=\u00bb1100px\u00bb content_max_width_last_edited=\u00bboff|desktop\u00bb _builder_version=\u00bb4.22.1&#8243; header_font=\u00bbRoboto|900|||||||\u00bb header_text_color=\u00bb#ffffff\u00bb header_line_height=\u00bb1.4em\u00bb body_font=\u00bbRoboto||||||||\u00bb body_text_color=\u00bb#595959&#8243; body_font_size=\u00bb15px\u00bb body_line_height=\u00bb1.8em\u00bb image_icon_custom_margin=\u00bb-12px||||false|false\u00bb custom_margin=\u00bb11px|-9px|35px|4px|false|false\u00bb custom_padding=\u00bb2px|13px|8px|2px|false|false\u00bb animation_style=\u00bbslide\u00bb animation_direction=\u00bbright\u00bb animation_intensity_slide=\u00bb10%\u00bb animation=\u00bboff\u00bb icon_font_size=\u00bb56px\u00bb locked=\u00bboff\u00bb global_colors_info=\u00bb{}\u00bb][\/et_pb_blurb][et_pb_blurb title=\u00bbLugar de Presentaci\u00f3n y Administraci\u00f3n:\u00bb use_icon=\u00bbon\u00bb font_icon=\u00bb&#x39;||divi||400&#8243; icon_color=\u00bb#ffffff\u00bb icon_placement=\u00bbleft\u00bb image_icon_width=\u00bb56px\u00bb content_max_width=\u00bb1100px\u00bb content_max_width_tablet=\u00bb1100px\u00bb content_max_width_last_edited=\u00bboff|desktop\u00bb _builder_version=\u00bb4.22.1&#8243; header_font=\u00bbRoboto|900|||||||\u00bb header_text_color=\u00bb#ffffff\u00bb header_line_height=\u00bb1.4em\u00bb body_font=\u00bbRoboto||||||||\u00bb body_text_color=\u00bb#ffffff\u00bb body_font_size=\u00bb15px\u00bb body_line_height=\u00bb1.8em\u00bb image_icon_custom_margin=\u00bb-12px||||false|false\u00bb custom_margin=\u00bb11px|-9px|35px|4px|false|false\u00bb custom_padding=\u00bb2px|13px|8px|2px|false|false\u00bb animation_style=\u00bbslide\u00bb animation_direction=\u00bbright\u00bb animation_intensity_slide=\u00bb10%\u00bb animation=\u00bboff\u00bb icon_font_size=\u00bb56px\u00bb locked=\u00bboff\u00bb global_colors_info=\u00bb{}\u00bb]<\/p>\n<p>Caja Popular de Ahorros de la Provincia de Tucum\u00e1n, Sector Fiduciario<\/p>\n<p>25 de Mayo N\u00b0 149 &#8211; 2\u00b0 Piso, San Miguel de Tucum\u00e1n<\/p>\n<p>De 8.00 a 14.00 hs.<\/p>\n<p>[\/et_pb_blurb][\/et_pb_column][et_pb_column type=\u00bb2_3&#8243; specialty_columns=\u00bb2&#8243; _builder_version=\u00bb4.16&#8243; background_color=\u00bb#f7f7f7&#8243; custom_padding=\u00bb|||\u00bb global_colors_info=\u00bb{}\u00bb custom_padding__hover=\u00bb|||\u00bb][et_pb_row_inner column_structure=\u00bb1_2,1_2&#8243; use_custom_gutter=\u00bbon\u00bb custom_padding_last_edited=\u00bbon|tablet\u00bb disabled_on=\u00bbon|on|off\u00bb _builder_version=\u00bb4.22.1&#8243; background_color=\u00bb#ffffff\u00bb module_alignment=\u00bbcenter\u00bb custom_margin=\u00bb-60px||||false|false\u00bb custom_padding=\u00bb0px|8vw|0px|8vw|true|true\u00bb custom_padding_tablet=\u00bb|40px||40px||true\u00bb custom_padding_phone=\u00bb\u00bb global_colors_info=\u00bb{}\u00bb][et_pb_column_inner type=\u00bb1_2&#8243; saved_specialty_column_type=\u00bb2_3&#8243; _builder_version=\u00bb4.16&#8243; custom_padding=\u00bb|||\u00bb custom_padding_tablet=\u00bb|0px||\u00bb custom_padding_last_edited=\u00bboff|desktop\u00bb global_colors_info=\u00bb{}\u00bb padding_tablet=\u00bb|0px||\u00bb padding_last_edited=\u00bboff|desktop\u00bb custom_padding__hover=\u00bb|||\u00bb][et_pb_text _builder_version=\u00bb4.27.4&#8243; text_font=\u00bb||||||||\u00bb text_font_size=\u00bb15px\u00bb text_line_height=\u00bb1.8em\u00bb header_font=\u00bbRoboto|900|||||||\u00bb header_text_color=\u00bb#606060&#8243; header_font_size=\u00bb37px\u00bb header_2_font=\u00bbRoboto||||||||\u00bb header_2_text_color=\u00bb#007d83&#8243; custom_margin=\u00bb60px|-61px|11px|-85px|false|false\u00bb custom_padding=\u00bb|||\u00bb custom_padding_tablet=\u00bb|40px||40px||true\u00bb custom_padding_last_edited=\u00bboff|desktop\u00bb global_colors_info=\u00bb{}\u00bb]<\/p>\n<h1>Fondo rotatorio para la compra de fertilizantes: Campa\u00f1a 2025<\/h1>\n<p><strong><\/strong><\/p>\n<p><strong>Descripci\u00f3n: <\/strong>Cr\u00e9ditos a micro, peque\u00f1os y medianos productores ca\u00f1eros independientes destinados a la adquisici\u00f3n de fertilizantes.<\/p>\n<p><strong>Destino<\/strong>: Financiar las operaciones de fertilizaci\u00f3n.<\/p>\n<p><strong>Destinatarios<\/strong>: Micro, peque\u00f1os y medianos productores ca\u00f1eros independientes.<\/p>\n<p><strong><\/strong><\/p>\n<h2><strong>Requisitos<\/strong><\/h2>\n<p><strong>Personas Humanas<\/strong><\/p>\n<ul>\n<li>Poseer hasta un m\u00e1ximo de 20 has de ca\u00f1a de az\u00facar seg\u00fan Registro Provincial de Productores Ca\u00f1eros.<\/li>\n<li>Fotocopia D.N.I.<\/li>\n<li>Constancias de Inscripci\u00f3n en A.R.C.A y D.G.R. Tucum\u00e1n.<\/li>\n<li>Constancia de inscripci\u00f3n en el Registro de Productores Ca\u00f1eros de Tucum\u00e1n 2025.<\/li>\n<li>Copia de boleta de servicio o Certificado de Residencia.<\/li>\n<li>Productores mayores de 70 a\u00f1os con presentaci\u00f3n de garante.<\/li>\n<li>Productores mayores de 80 a\u00f1os excluidos.<\/li>\n<li>Seguro de vida sobre saldos deudores.<\/li>\n<\/ul>\n<p>&nbsp;<\/p>\n<p>[\/et_pb_text][\/et_pb_column_inner][et_pb_column_inner type=\u00bb1_2&#8243; saved_specialty_column_type=\u00bb2_3&#8243; _builder_version=\u00bb4.16&#8243; custom_padding=\u00bb|||\u00bb global_colors_info=\u00bb{}\u00bb custom_padding__hover=\u00bb|||\u00bb][et_pb_image src=\u00bbhttps:\/\/cajapopular.gov.ar\/wp-content\/uploads\/2024\/08\/Fondo-rotatorio-para-la-compra-de-fertilizantes.jpg\u00bb title_text=\u00bbFondo rotatorio para la compra de fertilizantes\u00bb _builder_version=\u00bb4.22.1&#8243; _module_preset=\u00bbdefault\u00bb custom_margin=\u00bb165px|-105px|1px|2px|false|false\u00bb custom_padding=\u00bb|||39px|false|false\u00bb global_colors_info=\u00bb{}\u00bb][\/et_pb_image][\/et_pb_column_inner][\/et_pb_row_inner][et_pb_row_inner _builder_version=\u00bb4.22.1&#8243; _module_preset=\u00bbdefault\u00bb global_colors_info=\u00bb{}\u00bb][et_pb_column_inner saved_specialty_column_type=\u00bb2_3&#8243; _builder_version=\u00bb4.22.1&#8243; _module_preset=\u00bbdefault\u00bb global_colors_info=\u00bb{}\u00bb][\/et_pb_column_inner][\/et_pb_row_inner][et_pb_row_inner column_structure=\u00bb1_2,1_2&#8243; use_custom_gutter=\u00bbon\u00bb custom_padding_last_edited=\u00bbon|tablet\u00bb disabled_on=\u00bboff|off|on\u00bb _builder_version=\u00bb4.22.1&#8243; background_color=\u00bb#eaeaea\u00bb module_alignment=\u00bbcenter\u00bb custom_margin=\u00bb-60px||||false|false\u00bb custom_padding=\u00bb0px|8vw|0px|8vw|true|true\u00bb custom_padding_tablet=\u00bb|40px||40px||true\u00bb custom_padding_phone=\u00bb\u00bb global_colors_info=\u00bb{}\u00bb][et_pb_column_inner type=\u00bb1_2&#8243; saved_specialty_column_type=\u00bb2_3&#8243; _builder_version=\u00bb4.16&#8243; custom_padding=\u00bb|||\u00bb custom_padding_tablet=\u00bb|0px||\u00bb custom_padding_last_edited=\u00bboff|desktop\u00bb global_colors_info=\u00bb{}\u00bb padding_tablet=\u00bb|0px||\u00bb padding_last_edited=\u00bboff|desktop\u00bb custom_padding__hover=\u00bb|||\u00bb][et_pb_text _builder_version=\u00bb4.22.1&#8243; text_font=\u00bb||||||||\u00bb text_font_size=\u00bb15px\u00bb text_line_height=\u00bb1.8em\u00bb header_font=\u00bbRoboto|900|||||||\u00bb header_text_color=\u00bb#606060&#8243; header_font_size=\u00bb37px\u00bb header_2_font=\u00bbRoboto||||||||\u00bb header_2_text_color=\u00bb#007d83&#8243; custom_margin=\u00bb75px|-91px|24px|-85px|false|false\u00bb custom_margin_tablet=\u00bb75px|-91px|24px|-85px|false|false\u00bb custom_margin_phone=\u00bb75px|-4px|24px|-9px|false|false\u00bb custom_margin_last_edited=\u00bbon|phone\u00bb custom_padding=\u00bb|||\u00bb custom_padding_tablet=\u00bb|40px||40px||true\u00bb custom_padding_last_edited=\u00bboff|desktop\u00bb header_font_tablet=\u00bbRoboto|900|||||||\u00bb header_font_phone=\u00bbRoboto|900|||||||\u00bb header_font_last_edited=\u00bbon|phone\u00bb header_font_size_tablet=\u00bb37px\u00bb header_font_size_phone=\u00bb30px\u00bb header_font_size_last_edited=\u00bbon|phone\u00bb header_2_font_tablet=\u00bbRoboto||||||||\u00bb header_2_font_phone=\u00bbRoboto|900|||||||\u00bb header_2_font_last_edited=\u00bbon|phone\u00bb global_colors_info=\u00bb{}\u00bb]<\/p>\n<h1>Fondo Ca\u00f1ero Bicentenario 2016:<\/h1>\n<p><strong><\/strong><\/p>\n<p><strong><\/strong><\/p>\n<p><strong>Descripci\u00f3n: <\/strong>Fondos destinados a la compra de Bolsas de Az\u00facar Blanca Com\u00fan tipo \u201cA\u201d de 50 kg a peque\u00f1os productores ca\u00f1eros y a las organizaciones que los agrupan.<\/p>\n<p><strong>Destino<\/strong>: Compra de bolsas de az\u00facar.<\/p>\n<p><strong>Destinatarios<\/strong>: Productores ca\u00f1eros que posean hasta un m\u00e1ximo de 50 has de ca\u00f1a de az\u00facar seg\u00fan Registro Provincial de Productores Ca\u00f1eros. Cooperativas y Asociaciones de productores ca\u00f1eros.<\/p>\n<p><strong><\/strong><\/p>\n<h2><strong>Requisitos<\/strong><\/h2>\n<p><strong>Personas Humanas<\/strong><\/p>\n<ul>\n<li>Fotocopia D.N.I.<\/li>\n<li>Constancias de Inscripci\u00f3n en A.F.I.P. y D.G.R. Tucum\u00e1n.<\/li>\n<li>Constancia de inscripci\u00f3n en el Registro de Productores Ca\u00f1eros de Tucum\u00e1n.<\/li>\n<li>Constancia de inscripci\u00f3n en el Registro Nacional de la Agricultura Familiar (RENAF)<\/li>\n<\/ul>\n<p>Copia de Ordenes de Az\u00facar.<\/p>\n<p>&nbsp;<\/p>\n<p><strong>Cooperativas y Asociaciones<\/strong><\/p>\n<ul>\n<li>Los Copia del Acta Constitutiva y su inscripci\u00f3n en IPACYM<\/li>\n<li>Constancia de Normal Funcionamiento emitida por IPACYM<\/li>\n<li>Constancia de inscripci\u00f3n en el Registro de Productores Ca\u00f1eros de Tucum\u00e1n.<\/li>\n<li>Constancia de inscripci\u00f3n en el Registro Nacional de Organizaciones de la Agricultura Familiar (RENOAF)<\/li>\n<li>Copia de Ordenes de Az\u00facar.<\/li>\n<li>Listado de Asociados.<\/li>\n<\/ul>\n<p>&nbsp;<\/p>\n<p>&nbsp;<\/p>\n<p>&nbsp;<\/p>\n<p>&nbsp;<\/p>\n<p>&nbsp;<\/p>\n<p>&nbsp;<\/p>\n<p>&nbsp;<\/p>\n<p>[\/et_pb_text][\/et_pb_column_inner][et_pb_column_inner type=\u00bb1_2&#8243; saved_specialty_column_type=\u00bb2_3&#8243; _builder_version=\u00bb4.16&#8243; custom_padding=\u00bb|||\u00bb global_colors_info=\u00bb{}\u00bb custom_padding__hover=\u00bb|||\u00bb][et_pb_image src=\u00bbhttps:\/\/cajapopular.gov.ar\/wp-content\/uploads\/2024\/08\/Fondo-Canero-Bicentenario-2016.png\u00bb title_text=\u00bbFondo Ca\u00f1ero Bicentenario 2016&#8243; _builder_version=\u00bb4.22.1&#8243; _module_preset=\u00bbdefault\u00bb width_tablet=\u00bb\u00bb width_phone=\u00bb\u00bb width_last_edited=\u00bbon|phone\u00bb module_alignment=\u00bbleft\u00bb min_height=\u00bb100px\u00bb min_height_tablet=\u00bb100px\u00bb min_height_phone=\u00bb100px\u00bb min_height_last_edited=\u00bbon|phone\u00bb height=\u00bb222px\u00bb max_height=\u00bb1000px\u00bb custom_margin=\u00bb161px|-128px|-3px|-9px|false|false\u00bb custom_margin_tablet=\u00bb161px|-128px|-3px|-9px|false|false\u00bb custom_margin_phone=\u00bb-231px|-168px|-26px|-57px|false|false\u00bb custom_margin_last_edited=\u00bbon|phone\u00bb custom_padding=\u00bb13px|0px|0px|0px|false|false\u00bb global_colors_info=\u00bb{}\u00bb][\/et_pb_image][\/et_pb_column_inner][\/et_pb_row_inner][\/et_pb_column][\/et_pb_section][et_pb_section fb_built=\u00bb1&#8243; specialty=\u00bbon\u00bb background_color_2=\u00bbgcid-4f56aa54-3b36-4432-8908-d727fd88891e\u00bb padding_top_1=\u00bb80px\u00bb padding_top_2=\u00bb60px\u00bb padding_bottom_1=\u00bb80px\u00bb padding_left_1=\u00bb60px\u00bb padding_top_bottom_link_1=\u00bbtrue\u00bb padding_left_right_link_1=\u00bbfalse\u00bb padding_1_tablet=\u00bb|10%||10%||true\u00bb padding_1_phone=\u00bb\u00bb padding_1_last_edited=\u00bbon|tablet\u00bb admin_label=\u00bbAbout Us\u00bb module_id=\u00bbseccion_fondo_ca\u00f1ero_bicentenario\u00bb _builder_version=\u00bb4.22.1&#8243; background_color=\u00bb#606060&#8243; z_index=\u00bb0&#8243; inner_width=\u00bb100%\u00bb inner_max_width=\u00bb100%\u00bb custom_padding=\u00bb0||0||false|false\u00bb use_custom_width=\u00bbon\u00bb width_unit=\u00bboff\u00bb custom_width_percent=\u00bb100%\u00bb global_colors_info=\u00bb{%22gcid-4f56aa54-3b36-4432-8908-d727fd88891e%22:%91%22background_color_2%22%93}\u00bb][et_pb_column type=\u00bb1_3&#8243; _builder_version=\u00bb4.16&#8243; custom_padding=\u00bb|||\u00bb global_colors_info=\u00bb{}\u00bb padding_tablet=\u00bb|10%||10%||true\u00bb padding_last_edited=\u00bbon|tablet\u00bb custom_padding__hover=\u00bb|||\u00bb padding_phone=\u00bb|10%||10%||true\u00bb][et_pb_blurb title=\u00bbPersonas humanas:\u00bb use_icon=\u00bbon\u00bb font_icon=\u00bb&#x39;||divi||400&#8243; icon_color=\u00bb#ffffff\u00bb icon_placement=\u00bbleft\u00bb image_icon_width=\u00bb56px\u00bb content_max_width=\u00bb1100px\u00bb content_max_width_tablet=\u00bb1100px\u00bb content_max_width_last_edited=\u00bboff|desktop\u00bb _builder_version=\u00bb4.22.1&#8243; header_font=\u00bbRoboto|900|||||||\u00bb header_text_color=\u00bb#ffffff\u00bb header_line_height=\u00bb1.4em\u00bb body_font=\u00bbRoboto||||||||\u00bb body_text_color=\u00bb#ffffff\u00bb body_font_size=\u00bb15px\u00bb body_line_height=\u00bb1.8em\u00bb image_icon_custom_margin=\u00bb-12px||||false|false\u00bb custom_margin=\u00bb11px|-9px|35px|4px|false|false\u00bb custom_padding=\u00bb2px|13px|8px|2px|false|false\u00bb animation_style=\u00bbslide\u00bb animation_direction=\u00bbright\u00bb animation_intensity_slide=\u00bb10%\u00bb animation=\u00bboff\u00bb icon_font_size=\u00bb56px\u00bb locked=\u00bboff\u00bb global_colors_info=\u00bb{}\u00bb]<\/p>\n<p>100 bolsas de az\u00facar por productor.<\/p>\n<p>[\/et_pb_blurb][et_pb_blurb title=\u00bbCooperativas y Asociaciones:\u00bb use_icon=\u00bbon\u00bb font_icon=\u00bb&#x39;||divi||400&#8243; icon_color=\u00bb#ffffff\u00bb icon_placement=\u00bbleft\u00bb image_icon_width=\u00bb56px\u00bb content_max_width=\u00bb1100px\u00bb content_max_width_tablet=\u00bb1100px\u00bb content_max_width_last_edited=\u00bboff|desktop\u00bb _builder_version=\u00bb4.22.1&#8243; header_font=\u00bbRoboto|900|||||||\u00bb header_text_color=\u00bb#ffffff\u00bb header_line_height=\u00bb1.4em\u00bb body_font=\u00bbRoboto||||||||\u00bb body_text_color=\u00bb#ffffff\u00bb body_font_size=\u00bb15px\u00bb body_line_height=\u00bb1.8em\u00bb image_icon_custom_margin=\u00bb-12px||||false|false\u00bb custom_margin=\u00bb11px|-9px|35px|4px|false|false\u00bb custom_padding=\u00bb2px|13px|8px|2px|false|false\u00bb animation_style=\u00bbslide\u00bb animation_direction=\u00bbright\u00bb animation_intensity_slide=\u00bb10%\u00bb animation=\u00bboff\u00bb icon_font_size=\u00bb56px\u00bb locked=\u00bboff\u00bb global_colors_info=\u00bb{}\u00bb]<\/p>\n<p>No se adquieren bolsas en la Operatoria 2023.<\/p>\n<p>[\/et_pb_blurb][et_pb_blurb title=\u00bbPrecios por bolsa:\u00bb use_icon=\u00bbon\u00bb font_icon=\u00bb&#x39;||divi||400&#8243; icon_color=\u00bb#ffffff\u00bb icon_placement=\u00bbleft\u00bb image_icon_width=\u00bb56px\u00bb content_max_width=\u00bb1100px\u00bb content_max_width_tablet=\u00bb1100px\u00bb content_max_width_last_edited=\u00bboff|desktop\u00bb _builder_version=\u00bb4.22.1&#8243; header_font=\u00bbRoboto|900|||||||\u00bb header_text_color=\u00bb#ffffff\u00bb header_line_height=\u00bb1.4em\u00bb body_font=\u00bbRoboto||||||||\u00bb body_text_color=\u00bb#ffffff\u00bb body_font_size=\u00bb15px\u00bb body_line_height=\u00bb1.8em\u00bb image_icon_custom_margin=\u00bb-12px||||false|false\u00bb custom_margin=\u00bb11px|-9px|35px|4px|false|false\u00bb custom_padding=\u00bb2px|13px|8px|2px|false|false\u00bb animation_style=\u00bbslide\u00bb animation_direction=\u00bbright\u00bb animation_intensity_slide=\u00bb10%\u00bb animation=\u00bboff\u00bb icon_font_size=\u00bb56px\u00bb locked=\u00bboff\u00bb global_colors_info=\u00bb{}\u00bb]<\/p>\n<p><strong>Personas Humanas: <\/strong>Precio publicado por el I.P.A.A.T (Instituto de Promoci\u00f3n del Az\u00facar y Alcohol de Tucum\u00e1n) vigente a la fecha de entrega de las bolsas de az\u00facar en los dep\u00f3sitos contratados<\/p>\n<p><strong>Cooperativa: <\/strong>Precio publicado por el I.P.A.A.T (Instituto de Promoci\u00f3n del Az\u00facar y Alcohol de Tucum\u00e1n) vigente a la fecha de entrega de las bolsas de az\u00facar en los dep\u00f3sitos contratados<\/p>\n<p>[\/et_pb_blurb][et_pb_blurb title=\u00bbCondiciones de compra: contado\u00bb use_icon=\u00bbon\u00bb font_icon=\u00bb&#x39;||divi||400&#8243; icon_color=\u00bb#ffffff\u00bb icon_placement=\u00bbleft\u00bb image_icon_width=\u00bb56px\u00bb content_max_width=\u00bb1100px\u00bb content_max_width_tablet=\u00bb1100px\u00bb content_max_width_last_edited=\u00bboff|desktop\u00bb _builder_version=\u00bb4.22.1&#8243; header_font=\u00bbRoboto|900|||||||\u00bb header_text_color=\u00bb#ffffff\u00bb header_line_height=\u00bb1.4em\u00bb body_font=\u00bbRoboto||||||||\u00bb body_text_color=\u00bb#595959&#8243; body_font_size=\u00bb15px\u00bb body_line_height=\u00bb1.8em\u00bb image_icon_custom_margin=\u00bb-12px||||false|false\u00bb custom_margin=\u00bb11px|-9px|35px|4px|false|false\u00bb custom_padding=\u00bb2px|13px|8px|2px|false|false\u00bb animation_style=\u00bbslide\u00bb animation_direction=\u00bbright\u00bb animation_intensity_slide=\u00bb10%\u00bb animation=\u00bboff\u00bb icon_font_size=\u00bb56px\u00bb locked=\u00bboff\u00bb global_colors_info=\u00bb{}\u00bb][\/et_pb_blurb][et_pb_blurb title=\u00bbGarant\u00edas: Personales\u00bb use_icon=\u00bbon\u00bb font_icon=\u00bb&#x39;||divi||400&#8243; icon_color=\u00bb#ffffff\u00bb icon_placement=\u00bbleft\u00bb image_icon_width=\u00bb56px\u00bb content_max_width=\u00bb1100px\u00bb content_max_width_tablet=\u00bb1100px\u00bb content_max_width_last_edited=\u00bboff|desktop\u00bb _builder_version=\u00bb4.22.1&#8243; header_font=\u00bbRoboto|900|||||||\u00bb header_text_color=\u00bb#ffffff\u00bb header_line_height=\u00bb1.4em\u00bb body_font=\u00bbRoboto||||||||\u00bb body_text_color=\u00bb#595959&#8243; body_font_size=\u00bb15px\u00bb body_line_height=\u00bb1.8em\u00bb image_icon_custom_margin=\u00bb-12px||||false|false\u00bb custom_margin=\u00bb11px|-9px|35px|4px|false|false\u00bb custom_padding=\u00bb2px|13px|8px|2px|false|false\u00bb animation_style=\u00bbslide\u00bb animation_direction=\u00bbright\u00bb animation_intensity_slide=\u00bb10%\u00bb animation=\u00bboff\u00bb icon_font_size=\u00bb56px\u00bb locked=\u00bboff\u00bb global_colors_info=\u00bb{}\u00bb][\/et_pb_blurb][et_pb_blurb title=\u00bbLugar de Presentaci\u00f3n y Administraci\u00f3n:\u00bb use_icon=\u00bbon\u00bb font_icon=\u00bb&#x39;||divi||400&#8243; icon_color=\u00bb#ffffff\u00bb icon_placement=\u00bbleft\u00bb image_icon_width=\u00bb56px\u00bb content_max_width=\u00bb1100px\u00bb content_max_width_tablet=\u00bb1100px\u00bb content_max_width_last_edited=\u00bboff|desktop\u00bb _builder_version=\u00bb4.22.1&#8243; header_font=\u00bbRoboto|900|||||||\u00bb header_text_color=\u00bb#ffffff\u00bb header_line_height=\u00bb1.4em\u00bb body_font=\u00bbRoboto||||||||\u00bb body_text_color=\u00bb#ffffff\u00bb body_font_size=\u00bb15px\u00bb body_line_height=\u00bb1.8em\u00bb image_icon_custom_margin=\u00bb-12px||||false|false\u00bb custom_margin=\u00bb11px|-9px|35px|4px|false|false\u00bb custom_padding=\u00bb2px|13px|8px|2px|false|false\u00bb animation_style=\u00bbslide\u00bb animation_direction=\u00bbright\u00bb animation_intensity_slide=\u00bb10%\u00bb animation=\u00bboff\u00bb icon_font_size=\u00bb56px\u00bb locked=\u00bboff\u00bb global_colors_info=\u00bb{}\u00bb]<\/p>\n<p>Caja Popular de Ahorros de la Provincia de Tucum\u00e1n, Sector Fiduciario<\/p>\n<p>25 de Mayo N\u00b0 149 &#8211; 2\u00b0 Piso, San Miguel de Tucum\u00e1n<\/p>\n<p>De 8.00 a 14.00 hs.<\/p>\n<p>[\/et_pb_blurb][\/et_pb_column][et_pb_column type=\u00bb2_3&#8243; specialty_columns=\u00bb2&#8243; _builder_version=\u00bb4.16&#8243; background_color=\u00bb#f7f7f7&#8243; custom_padding=\u00bb|||\u00bb global_colors_info=\u00bb{}\u00bb custom_padding__hover=\u00bb|||\u00bb][et_pb_row_inner column_structure=\u00bb1_2,1_2&#8243; use_custom_gutter=\u00bbon\u00bb custom_padding_last_edited=\u00bbon|tablet\u00bb disabled_on=\u00bbon|on|off\u00bb _builder_version=\u00bb4.22.1&#8243; background_color=\u00bb#eaeaea\u00bb module_alignment=\u00bbcenter\u00bb custom_margin=\u00bb-60px||||false|false\u00bb custom_padding=\u00bb0px|8vw|0px|8vw|true|true\u00bb custom_padding_tablet=\u00bb|40px||40px||true\u00bb custom_padding_phone=\u00bb\u00bb global_colors_info=\u00bb{}\u00bb][et_pb_column_inner type=\u00bb1_2&#8243; saved_specialty_column_type=\u00bb2_3&#8243; _builder_version=\u00bb4.16&#8243; custom_padding=\u00bb|||\u00bb custom_padding_tablet=\u00bb|0px||\u00bb custom_padding_last_edited=\u00bboff|desktop\u00bb global_colors_info=\u00bb{}\u00bb padding_tablet=\u00bb|0px||\u00bb padding_last_edited=\u00bboff|desktop\u00bb custom_padding__hover=\u00bb|||\u00bb][et_pb_text _builder_version=\u00bb4.27.4&#8243; text_font=\u00bb||||||||\u00bb text_font_size=\u00bb15px\u00bb text_line_height=\u00bb1.8em\u00bb header_font=\u00bbRoboto|900|||||||\u00bb header_text_color=\u00bb#606060&#8243; header_font_size=\u00bb37px\u00bb header_2_font=\u00bbRoboto||||||||\u00bb header_2_text_color=\u00bb#007d83&#8243; custom_margin=\u00bb75px|-91px|24px|-85px|false|false\u00bb custom_padding=\u00bb|||\u00bb custom_padding_tablet=\u00bb|40px||40px||true\u00bb custom_padding_last_edited=\u00bboff|desktop\u00bb hover_enabled=\u00bb0&#8243; global_colors_info=\u00bb{}\u00bb sticky_enabled=\u00bb0&#8243;]<\/p>\n<h1><strong>Fondo Ca\u00f1ero Bicentenario 2016:<\/strong><\/h1>\n<p><strong><\/strong><\/p>\n<p><strong><\/strong><\/p>\n<p><strong>Descripci\u00f3n: <\/strong>Fondos destinados a la compra de Bolsas de Az\u00facar Blanca Com\u00fan tipo \u201cA\u201d de 50 kg a peque\u00f1os productores ca\u00f1eros y a las organizaciones que los agrupan.<\/p>\n<p><strong>Destino<\/strong>: Compra de bolsas de az\u00facar.<\/p>\n<p><strong>Destinatarios<\/strong>: Productores ca\u00f1eros que posean hasta un m\u00e1ximo de 50 has de ca\u00f1a de az\u00facar seg\u00fan Registro Provincial de Productores Ca\u00f1eros. Cooperativas y Asociaciones de productores ca\u00f1eros.<\/p>\n<p><strong><\/strong><\/p>\n<h2><strong>Requisitos<\/strong><\/h2>\n<p><strong>Personas Humanas<\/strong><\/p>\n<ul>\n<li>Fotocopia D.N.I.<\/li>\n<li>Constancias de Inscripci\u00f3n en A.F.I.P. y D.G.R. Tucum\u00e1n.<\/li>\n<li>Constancia de inscripci\u00f3n en el Registro de Productores Ca\u00f1eros de Tucum\u00e1n.<\/li>\n<li>Constancia de inscripci\u00f3n en el Registro Nacional de la Agricultura Familiar (RENAF)<\/li>\n<\/ul>\n<p>Copia de Ordenes de Az\u00facar.<\/p>\n<p>&nbsp;<\/p>\n<p><strong>Cooperativas y Asociaciones<\/strong><\/p>\n<ul>\n<li>Los Copia del Acta Constitutiva y su inscripci\u00f3n en IPACYM<\/li>\n<li>Constancia de Normal Funcionamiento emitida por IPACYM<\/li>\n<li>Constancia de inscripci\u00f3n en el Registro de Productores Ca\u00f1eros de Tucum\u00e1n.<\/li>\n<li>Constancia de inscripci\u00f3n en el Registro Nacional de Organizaciones de la Agricultura Familiar (RENOAF)<\/li>\n<li>Copia de Ordenes de Az\u00facar.<\/li>\n<li>Listado de Asociados.<\/li>\n<\/ul>\n<p>&nbsp;<\/p>\n<p>&nbsp;<\/p>\n<p>&nbsp;<\/p>\n<p>[\/et_pb_text][\/et_pb_column_inner][et_pb_column_inner type=\u00bb1_2&#8243; saved_specialty_column_type=\u00bb2_3&#8243; _builder_version=\u00bb4.16&#8243; custom_padding=\u00bb|||\u00bb global_colors_info=\u00bb{}\u00bb custom_padding__hover=\u00bb|||\u00bb][et_pb_image src=\u00bbhttps:\/\/cajapopular.gov.ar\/wp-content\/uploads\/2024\/08\/Fondo-Canero-Bicentenario-2016.png\u00bb title_text=\u00bbFondo Ca\u00f1ero Bicentenario 2016&#8243; _builder_version=\u00bb4.22.1&#8243; _module_preset=\u00bbdefault\u00bb module_alignment=\u00bbright\u00bb min_height=\u00bb100px\u00bb height=\u00bb266px\u00bb custom_margin=\u00bb161px|-128px|-3px|-9px|false|false\u00bb custom_padding=\u00bb38px||30px|74px|false|false\u00bb global_colors_info=\u00bb{}\u00bb][\/et_pb_image][\/et_pb_column_inner][\/et_pb_row_inner][et_pb_row_inner _builder_version=\u00bb4.22.1&#8243; _module_preset=\u00bbdefault\u00bb global_colors_info=\u00bb{}\u00bb][et_pb_column_inner saved_specialty_column_type=\u00bb2_3&#8243; _builder_version=\u00bb4.22.1&#8243; _module_preset=\u00bbdefault\u00bb global_colors_info=\u00bb{}\u00bb][\/et_pb_column_inner][\/et_pb_row_inner][et_pb_row_inner column_structure=\u00bb1_2,1_2&#8243; use_custom_gutter=\u00bbon\u00bb custom_padding_last_edited=\u00bbon|tablet\u00bb disabled_on=\u00bboff|off|on\u00bb _builder_version=\u00bb4.22.1&#8243; module_alignment=\u00bbcenter\u00bb custom_margin=\u00bb|||\u00bb custom_padding=\u00bb0px|8vw|0px|8vw|true|true\u00bb custom_padding_tablet=\u00bb|40px||40px||true\u00bb custom_padding_phone=\u00bb\u00bb global_colors_info=\u00bb{}\u00bb][et_pb_column_inner type=\u00bb1_2&#8243; saved_specialty_column_type=\u00bb2_3&#8243; _builder_version=\u00bb4.16&#8243; custom_padding=\u00bb|||\u00bb custom_padding_tablet=\u00bb|0px||\u00bb custom_padding_last_edited=\u00bboff|desktop\u00bb global_colors_info=\u00bb{}\u00bb padding_tablet=\u00bb|0px||\u00bb padding_last_edited=\u00bboff|desktop\u00bb custom_padding__hover=\u00bb|||\u00bb][et_pb_text _builder_version=\u00bb4.22.1&#8243; text_font=\u00bb||||||||\u00bb text_font_size=\u00bb15px\u00bb text_line_height=\u00bb1.8em\u00bb header_font=\u00bbRoboto|900|||||||\u00bb header_text_color=\u00bb#606060&#8243; header_font_size=\u00bb37px\u00bb header_2_font=\u00bbRoboto||||||||\u00bb header_2_text_color=\u00bb#007d83&#8243; custom_margin=\u00bb-4px||0px|-109px|false|false\u00bb custom_margin_tablet=\u00bb-4px||0px|-109px|false|false\u00bb custom_margin_phone=\u00bb-4px||0px|-28px|false|false\u00bb custom_margin_last_edited=\u00bbon|phone\u00bb custom_padding=\u00bb|0px||19px|false|false\u00bb custom_padding_tablet=\u00bb|40px||40px||true\u00bb custom_padding_last_edited=\u00bboff|desktop\u00bb header_font_tablet=\u00bbRoboto|900|||||||\u00bb header_font_phone=\u00bbRoboto|900|||||||\u00bb header_font_last_edited=\u00bbon|phone\u00bb header_font_size_tablet=\u00bb37px\u00bb header_font_size_phone=\u00bb30px\u00bb header_font_size_last_edited=\u00bbon|phone\u00bb global_colors_info=\u00bb{}\u00bb]<\/p>\n<h1>Plan de Fomento a la Producci\u00f3n Ganadera y Reconversi\u00f3n Industrial de Frigor\u00edficos:<\/h1>\n<p><strong><\/strong><\/p>\n<p><strong>Descripci\u00f3n:<\/strong> Cr\u00e9ditos para fomentar la producci\u00f3n ganadera y promover la reconversi\u00f3n industrial de frigor\u00edficos.<\/p>\n<p><strong>Caracter\u00edsticas<\/strong>: L\u00edneas permanentes sujetas a disponibilidad de fondos.<\/p>\n<h2><strong>Destinatarios<\/strong><\/h2>\n<p><strong>Sector primario:<\/strong> Empresas unipersonales o sociedades que desarrollen actividades de producci\u00f3n ganadera (cr\u00eda, recr\u00eda, engorde y tambo).<\/p>\n<p><strong>Sector Industrial:<\/strong> Establecimientos de la industria c\u00e1rnica ubicados en la Provincia de Tucum\u00e1n.<\/p>\n<h2><strong>Destino de los Fondos<\/strong><\/h2>\n<p><strong><\/strong><strong>Sector primario<\/strong><\/p>\n<p><strong><\/strong>Cr\u00e9dito destinado a la producci\u00f3n ganadera, en todas las acciones vinculadas a la sanidad y biotecnolog\u00edas reproductivas; instalaciones para el manejo de hacienda y bienestar animal; infraestructura predial; infraestructura y equipamiento para tambos; implantaci\u00f3n de pasturas, verdeos, forrajes conservados y alimentaci\u00f3n estrat\u00e9gica; incorporaci\u00f3n de gen\u00e9tica en pie con fines reproductivos; incorporaci\u00f3n de tecnolog\u00eda ganadera y conectividad.<\/p>\n<p><strong>Sector Industrial<\/strong><\/p>\n<p>Cr\u00e9dito destinado a promover la reconversi\u00f3n industrial de frigor\u00edficos y adecuaci\u00f3n de los frigor\u00edficos para el fraccionamiento de medias reses, entre otras acciones.<\/p>\n<p>[\/et_pb_text][et_pb_text _builder_version=\u00bb4.22.1&#8243; text_font=\u00bb||||||||\u00bb text_font_size=\u00bb15px\u00bb text_line_height=\u00bb1.8em\u00bb header_font=\u00bbRoboto||||||||\u00bb header_text_color=\u00bb#007d83&#8243; custom_margin=\u00bb53px||11px|-82px|false|false\u00bb custom_margin_tablet=\u00bb53px||11px|-82px|false|false\u00bb custom_margin_phone=\u00bb53px||11px|-13px|false|false\u00bb custom_margin_last_edited=\u00bbon|phone\u00bb custom_padding=\u00bb|||\u00bb custom_padding_tablet=\u00bb|40px||40px||true\u00bb custom_padding_last_edited=\u00bboff|desktop\u00bb global_colors_info=\u00bb{}\u00bb]<\/p>\n<h1><strong>Requisitos<\/strong><\/h1>\n<p><strong>Personas Humanas o Sociedades Simples<\/strong><\/p>\n<ul>\n<li>Nota de solicitud y proyecto definitivo.<\/li>\n<li>Copia del Contrato Social y n\u00f3mina de autoridades.<\/li>\n<li>Inscripci\u00f3n en Registro P\u00fablico de Comercio.<\/li>\n<li>Fotocopia D.N.I. del solicitante y su c\u00f3nyugue.<\/li>\n<li>Constancias de Inscripci\u00f3n en A.F.I.P. y D.G.R. Tucum\u00e1n.<\/li>\n<li>Copia dos \u00faltimos Estados Contables.<\/li>\n<li>Copia dos \u00faltimas DD.JJ. del Impuesto a las Ganancias.<\/li>\n<li>Copia doce \u00faltimas DD.JJ. del Impuesto al Valor Agregado.<\/li>\n<li>Copia doce \u00faltimas DD.JJ. del Impuesto sobre los Ingresos Brutos.<\/li>\n<li>Documentaci\u00f3n pertinente a la actividad desarrollada.<\/li>\n<li>Seguro de vida sobre saldos deudores.<\/li>\n<\/ul>\n<p><strong>Personas Jur\u00eddicas<\/strong><\/p>\n<ul>\n<li style=\"list-style-type: none;\">\n<ul>\n<li>Nota de solicitud y proyecto definitivo.<\/li>\n<li>Copia del Contrato Social y n\u00f3mina de autoridades.<\/li>\n<li>Inscripci\u00f3n en Insp. Gral. Justicia, Reg. P\u00fablico Comercio o IPACYM.<\/li>\n<li>Fotocopia D.N.I. del solicitante y su c\u00f3nyugue.<\/li>\n<li>Constancias de Inscripci\u00f3n en A.F.I.P. y D.G.R. Tucum\u00e1n.<\/li>\n<li>Copia dos \u00faltimos Estados Contables.<\/li>\n<li>Copia dos \u00faltimas DD.JJ. del Impuesto a las Ganancias.<\/li>\n<li>Copia doce \u00faltimas DD.JJ. del Impuesto al Valor Agregado.<\/li>\n<li>Copia doce \u00faltimas DD.JJ. del Impuesto sobre los Ingresos Brutos.<\/li>\n<li>Documentaci\u00f3n pertinente a la actividad desarrollada.<\/li>\n<\/ul>\n<\/li>\n<\/ul>\n<p>&nbsp;<\/p>\n<p>&nbsp;<\/p>\n<p>[\/et_pb_text][\/et_pb_column_inner][et_pb_column_inner type=\u00bb1_2&#8243; saved_specialty_column_type=\u00bb2_3&#8243; _builder_version=\u00bb4.16&#8243; custom_padding=\u00bb|||\u00bb global_colors_info=\u00bb{}\u00bb custom_padding__hover=\u00bb|||\u00bb][et_pb_image src=\u00bbhttps:\/\/cajapopular.gov.ar\/wp-content\/uploads\/2024\/08\/Plan-de-Fomento-a-la-Produccion-Ganadera-y-Reconversion-Industrial-de-Frigorificos.jpg\u00bb title_text=\u00bbPlan de Fomento a la Producci\u00f3n Ganadera y Reconversi\u00f3n Industrial de Frigor\u00edficos\u00bb _builder_version=\u00bb4.22.1&#8243; _module_preset=\u00bbdefault\u00bb custom_margin=\u00bb139px|-105px|1px|2px|false|false\u00bb custom_margin_tablet=\u00bb139px|-105px|1px|2px|false|false\u00bb custom_margin_phone=\u00bb-10px|-105px|1px|-62px|false|false\u00bb custom_margin_last_edited=\u00bbon|phone\u00bb global_colors_info=\u00bb{}\u00bb][\/et_pb_image][\/et_pb_column_inner][\/et_pb_row_inner][\/et_pb_column][\/et_pb_section][et_pb_section fb_built=\u00bb1&#8243; specialty=\u00bbon\u00bb background_color_2=\u00bbgcid-4f56aa54-3b36-4432-8908-d727fd88891e\u00bb padding_top_1=\u00bb80px\u00bb padding_top_2=\u00bb60px\u00bb padding_bottom_1=\u00bb80px\u00bb padding_left_1=\u00bb60px\u00bb padding_top_bottom_link_1=\u00bbtrue\u00bb padding_left_right_link_1=\u00bbfalse\u00bb padding_1_tablet=\u00bb|10%||10%||true\u00bb padding_1_phone=\u00bb\u00bb padding_1_last_edited=\u00bbon|tablet\u00bb admin_label=\u00bbAbout Us\u00bb module_id=\u00bbseccion_produccion_ganadera\u00bb _builder_version=\u00bb4.22.1&#8243; background_color=\u00bb#048287&#8243; z_index=\u00bb0&#8243; inner_width=\u00bb100%\u00bb inner_max_width=\u00bb100%\u00bb custom_margin_tablet=\u00bb\u00bb custom_margin_phone=\u00bb-6px||||false|false\u00bb custom_margin_last_edited=\u00bbon|phone\u00bb custom_padding=\u00bb0||0||false|false\u00bb use_custom_width=\u00bbon\u00bb width_unit=\u00bboff\u00bb custom_width_percent=\u00bb100%\u00bb global_colors_info=\u00bb{%22gcid-4f56aa54-3b36-4432-8908-d727fd88891e%22:%91%22background_color_2%22%93}\u00bb][et_pb_column type=\u00bb1_3&#8243; _builder_version=\u00bb4.16&#8243; custom_padding=\u00bb|||\u00bb global_colors_info=\u00bb{}\u00bb padding_tablet=\u00bb|10%||10%||true\u00bb padding_last_edited=\u00bbon|tablet\u00bb custom_padding__hover=\u00bb|||\u00bb padding_phone=\u00bb|10%||10%||true\u00bb][et_pb_blurb title=\u00bbImparte m\u00e1ximo prestable\u00bb use_icon=\u00bbon\u00bb font_icon=\u00bb&#x39;||divi||400&#8243; icon_color=\u00bb#ffffff\u00bb icon_placement=\u00bbleft\u00bb image_icon_width=\u00bb56px\u00bb content_max_width=\u00bb1100px\u00bb content_max_width_tablet=\u00bb1100px\u00bb content_max_width_last_edited=\u00bboff|desktop\u00bb _builder_version=\u00bb4.22.1&#8243; header_font=\u00bbRoboto|900|||||||\u00bb header_text_color=\u00bb#f4f4f4&#8243; header_line_height=\u00bb1.4em\u00bb body_font=\u00bbRoboto||||||||\u00bb body_text_color=\u00bb#ffffff\u00bb body_font_size=\u00bb15px\u00bb body_line_height=\u00bb1.8em\u00bb image_icon_custom_margin=\u00bb-12px||||false|false\u00bb custom_margin=\u00bb11px|-9px|35px|4px|false|false\u00bb custom_padding=\u00bb2px|13px|8px|2px|false|false\u00bb animation_style=\u00bbslide\u00bb animation_direction=\u00bbright\u00bb animation_intensity_slide=\u00bb10%\u00bb animation=\u00bboff\u00bb icon_font_size=\u00bb56px\u00bb locked=\u00bboff\u00bb global_colors_info=\u00bb{}\u00bb]<\/p>\n<p><strong>Personas Humanas o Sociedades Simples: <br \/><\/strong>$8.000.000.<\/p>\n<p><strong>Personas Jur\u00eddicas:<br \/><\/strong>$20.000.000.<\/p>\n<p>[\/et_pb_blurb][et_pb_blurb title=\u00bbPer\u00edodo de gracia m\u00e1ximo\u00bb use_icon=\u00bbon\u00bb font_icon=\u00bb&#x39;||divi||400&#8243; icon_color=\u00bb#ffffff\u00bb icon_placement=\u00bbleft\u00bb image_icon_width=\u00bb56px\u00bb content_max_width=\u00bb1100px\u00bb content_max_width_tablet=\u00bb1100px\u00bb content_max_width_last_edited=\u00bboff|desktop\u00bb _builder_version=\u00bb4.22.1&#8243; header_font=\u00bbRoboto|900|||||||\u00bb header_text_color=\u00bb#ffffff\u00bb header_line_height=\u00bb1.4em\u00bb body_font=\u00bbRoboto||||||||\u00bb body_text_color=\u00bb#ffffff\u00bb body_font_size=\u00bb15px\u00bb body_line_height=\u00bb1.8em\u00bb image_icon_custom_margin=\u00bb-12px||||false|false\u00bb custom_margin=\u00bb11px|-9px|35px|4px|false|false\u00bb custom_padding=\u00bb2px|13px|8px|2px|false|false\u00bb animation_style=\u00bbslide\u00bb animation_direction=\u00bbright\u00bb animation_intensity_slide=\u00bb10%\u00bb animation=\u00bboff\u00bb icon_font_size=\u00bb56px\u00bb locked=\u00bboff\u00bb global_colors_info=\u00bb{}\u00bb]<\/p>\n<p><strong>Personas Humanas o Sociedades Simples:<br \/><\/strong>Hasta 12 meses de gracia en amortizaciones de capital<\/p>\n<p><strong>Personas Jur\u00eddicas:<br \/><\/strong>Hasta 12 meses de gracia en amortizaciones de capital<\/p>\n<p>[\/et_pb_blurb][et_pb_blurb title=\u00bbPlazo M\u00e1ximo: Vencimiento el \u00faltimo d\u00eda h\u00e1bil de mes de Marzo de cada a\u00f1o.\u00bb use_icon=\u00bbon\u00bb font_icon=\u00bb&#x39;||divi||400&#8243; icon_color=\u00bb#ffffff\u00bb icon_placement=\u00bbleft\u00bb image_icon_width=\u00bb56px\u00bb content_max_width=\u00bb1100px\u00bb content_max_width_tablet=\u00bb1100px\u00bb content_max_width_last_edited=\u00bboff|desktop\u00bb _builder_version=\u00bb4.22.1&#8243; header_font=\u00bbRoboto|900|||||||\u00bb header_text_color=\u00bb#ffffff\u00bb header_line_height=\u00bb1.4em\u00bb body_font=\u00bbRoboto||||||||\u00bb body_text_color=\u00bb#595959&#8243; body_font_size=\u00bb15px\u00bb body_line_height=\u00bb1.8em\u00bb image_icon_custom_margin=\u00bb-12px||||false|false\u00bb custom_margin=\u00bb11px|-9px|35px|4px|false|false\u00bb custom_padding=\u00bb2px|13px|8px|2px|false|false\u00bb animation_style=\u00bbslide\u00bb animation_direction=\u00bbright\u00bb animation_intensity_slide=\u00bb10%\u00bb animation=\u00bboff\u00bb icon_font_size=\u00bb56px\u00bb locked=\u00bboff\u00bb global_colors_info=\u00bb{}\u00bb][\/et_pb_blurb][et_pb_blurb title=\u00bbTasa de Inter\u00e9s:\u00bb use_icon=\u00bbon\u00bb font_icon=\u00bb&#x39;||divi||400&#8243; icon_color=\u00bb#ffffff\u00bb icon_placement=\u00bbleft\u00bb image_icon_width=\u00bb56px\u00bb content_max_width=\u00bb1100px\u00bb content_max_width_tablet=\u00bb1100px\u00bb content_max_width_last_edited=\u00bboff|desktop\u00bb _builder_version=\u00bb4.22.1&#8243; header_font=\u00bbRoboto|900|||||||\u00bb header_text_color=\u00bb#ffffff\u00bb header_line_height=\u00bb1.4em\u00bb body_font=\u00bbRoboto||||||||\u00bb body_text_color=\u00bb#ffffff\u00bb body_font_size=\u00bb15px\u00bb body_line_height=\u00bb1.8em\u00bb image_icon_custom_margin=\u00bb-12px||||false|false\u00bb custom_margin=\u00bb11px|-9px|35px|4px|false|false\u00bb custom_padding=\u00bb2px|13px|8px|2px|false|false\u00bb animation_style=\u00bbslide\u00bb animation_direction=\u00bbright\u00bb animation_intensity_slide=\u00bb10%\u00bb animation=\u00bboff\u00bb icon_font_size=\u00bb56px\u00bb locked=\u00bboff\u00bb global_colors_info=\u00bb{}\u00bb]<\/p>\n<p><strong>Personas Humanas o Sociedades Simples:<br \/><\/strong>Nominal Anual y Variable en Pesos, equivalente al 50% de la Tasa Activa de Cartera General Diversas del Banco de la Naci\u00f3n Argentina, m\u00e1s dos puntos porcentuales.<\/p>\n<p><strong>Personas Jur\u00eddicas:<br \/><\/strong>Nominal Anual y Variable en Pesos, equivalente al 50% de la Tasa Activa de Cartera General Diversas del Banco de la Naci\u00f3n Argentina, m\u00e1s dos puntos porcentuales.<\/p>\n<p>[\/et_pb_blurb][et_pb_blurb title=\u00bbPlazo m\u00e1ximo: 60 meses\u00bb use_icon=\u00bbon\u00bb font_icon=\u00bb&#x39;||divi||400&#8243; icon_color=\u00bb#ffffff\u00bb icon_placement=\u00bbleft\u00bb image_icon_width=\u00bb56px\u00bb content_max_width=\u00bb1100px\u00bb content_max_width_tablet=\u00bb1100px\u00bb content_max_width_last_edited=\u00bboff|desktop\u00bb _builder_version=\u00bb4.22.1&#8243; header_font=\u00bbRoboto|900|||||||\u00bb header_text_color=\u00bb#ffffff\u00bb header_line_height=\u00bb1.4em\u00bb body_font=\u00bbRoboto||||||||\u00bb body_text_color=\u00bb#ffffff\u00bb body_font_size=\u00bb15px\u00bb body_line_height=\u00bb1.8em\u00bb image_icon_custom_margin=\u00bb-12px||||false|false\u00bb custom_margin=\u00bb11px|-9px|35px|4px|false|false\u00bb custom_padding=\u00bb2px|13px|8px|2px|false|false\u00bb animation_style=\u00bbslide\u00bb animation_direction=\u00bbright\u00bb animation_intensity_slide=\u00bb10%\u00bb animation=\u00bboff\u00bb icon_font_size=\u00bb56px\u00bb locked=\u00bboff\u00bb global_colors_info=\u00bb{}\u00bb][\/et_pb_blurb][et_pb_blurb title=\u00bbSistema de Amortizaci\u00f3n: franc\u00e9s\u00bb use_icon=\u00bbon\u00bb font_icon=\u00bb&#x39;||divi||400&#8243; icon_color=\u00bb#ffffff\u00bb icon_placement=\u00bbleft\u00bb image_icon_width=\u00bb56px\u00bb content_max_width=\u00bb1100px\u00bb content_max_width_tablet=\u00bb1100px\u00bb content_max_width_last_edited=\u00bboff|desktop\u00bb _builder_version=\u00bb4.22.1&#8243; header_font=\u00bbRoboto|900|||||||\u00bb header_text_color=\u00bb#ffffff\u00bb header_line_height=\u00bb1.4em\u00bb body_font=\u00bbRoboto||||||||\u00bb body_text_color=\u00bb#ffffff\u00bb body_font_size=\u00bb15px\u00bb body_line_height=\u00bb1.8em\u00bb image_icon_custom_margin=\u00bb-12px||||false|false\u00bb custom_margin=\u00bb11px|-9px|35px|4px|false|false\u00bb custom_padding=\u00bb2px|13px|8px|2px|false|false\u00bb animation_style=\u00bbslide\u00bb animation_direction=\u00bbright\u00bb animation_intensity_slide=\u00bb10%\u00bb animation=\u00bboff\u00bb icon_font_size=\u00bb56px\u00bb locked=\u00bboff\u00bb global_colors_info=\u00bb{}\u00bb][\/et_pb_blurb][et_pb_blurb title=\u00bbGarant\u00edas: Personales\u00bb use_icon=\u00bbon\u00bb font_icon=\u00bb&#x39;||divi||400&#8243; icon_color=\u00bb#ffffff\u00bb icon_placement=\u00bbleft\u00bb image_icon_width=\u00bb56px\u00bb content_max_width=\u00bb1100px\u00bb content_max_width_tablet=\u00bb1100px\u00bb content_max_width_last_edited=\u00bboff|desktop\u00bb _builder_version=\u00bb4.22.1&#8243; header_font=\u00bbRoboto|900|||||||\u00bb header_text_color=\u00bb#ffffff\u00bb header_line_height=\u00bb1.4em\u00bb body_font=\u00bbRoboto||||||||\u00bb body_text_color=\u00bb#ffffff\u00bb body_font_size=\u00bb15px\u00bb body_line_height=\u00bb1.8em\u00bb image_icon_custom_margin=\u00bb-12px||||false|false\u00bb custom_margin=\u00bb11px|-9px|35px|4px|false|false\u00bb custom_padding=\u00bb2px|13px|8px|2px|false|false\u00bb animation_style=\u00bbslide\u00bb animation_direction=\u00bbright\u00bb animation_intensity_slide=\u00bb10%\u00bb animation=\u00bboff\u00bb icon_font_size=\u00bb56px\u00bb locked=\u00bboff\u00bb global_colors_info=\u00bb{}\u00bb][\/et_pb_blurb][et_pb_blurb title=\u00bbLugar de Presentaci\u00f3n:\u00bb use_icon=\u00bbon\u00bb font_icon=\u00bb&#x39;||divi||400&#8243; icon_color=\u00bb#ffffff\u00bb icon_placement=\u00bbleft\u00bb image_icon_width=\u00bb56px\u00bb content_max_width=\u00bb1100px\u00bb content_max_width_tablet=\u00bb1100px\u00bb content_max_width_last_edited=\u00bboff|desktop\u00bb _builder_version=\u00bb4.22.1&#8243; header_font=\u00bbRoboto|900|||||||\u00bb header_text_color=\u00bb#ffffff\u00bb header_line_height=\u00bb1.4em\u00bb body_font=\u00bbRoboto||||||||\u00bb body_text_color=\u00bb#ffffff\u00bb body_font_size=\u00bb15px\u00bb body_line_height=\u00bb1.8em\u00bb image_icon_custom_margin=\u00bb-12px||||false|false\u00bb custom_margin=\u00bb11px|-9px|35px|4px|false|false\u00bb custom_padding=\u00bb2px|13px|8px|2px|false|false\u00bb animation_style=\u00bbslide\u00bb animation_direction=\u00bbright\u00bb animation_intensity_slide=\u00bb10%\u00bb animation=\u00bboff\u00bb icon_font_size=\u00bb56px\u00bb locked=\u00bboff\u00bb global_colors_info=\u00bb{}\u00bb]<\/p>\n<p>Direcci\u00f3n de Agricultura<\/p>\n<p>C\u00f3rdoba N\u00b0 1035, San Miguel de Tucum\u00e1n<\/p>\n<p>8.00 a 17.00 hs.<\/p>\n<p>[\/et_pb_blurb][et_pb_blurb title=\u00bbLugar de Administraci\u00f3n:\u00bb use_icon=\u00bbon\u00bb font_icon=\u00bb&#x39;||divi||400&#8243; icon_color=\u00bb#ffffff\u00bb icon_placement=\u00bbleft\u00bb image_icon_width=\u00bb56px\u00bb content_max_width=\u00bb1100px\u00bb content_max_width_tablet=\u00bb1100px\u00bb content_max_width_last_edited=\u00bboff|desktop\u00bb _builder_version=\u00bb4.22.1&#8243; header_font=\u00bbRoboto|900|||||||\u00bb header_text_color=\u00bb#ffffff\u00bb header_line_height=\u00bb1.4em\u00bb body_font=\u00bbRoboto||||||||\u00bb body_text_color=\u00bb#ffffff\u00bb body_font_size=\u00bb15px\u00bb body_line_height=\u00bb1.8em\u00bb image_icon_custom_margin=\u00bb-12px||||false|false\u00bb custom_margin=\u00bb11px|-9px|35px|4px|false|false\u00bb custom_padding=\u00bb2px|13px|8px|2px|false|false\u00bb animation_style=\u00bbslide\u00bb animation_direction=\u00bbright\u00bb animation_intensity_slide=\u00bb10%\u00bb animation=\u00bboff\u00bb icon_font_size=\u00bb56px\u00bb locked=\u00bboff\u00bb global_colors_info=\u00bb{}\u00bb]<\/p>\n<p>Caja Popular de Ahorros de la Provincia de Tucum\u00e1n, Sector Fiduciario<\/p>\n<p>25 de Mayo N\u00b0 149 &#8211; 2\u00b0 Piso, San Miguel de Tucum\u00e1n<\/p>\n<p>8.00 a 14.00 hs.<\/p>\n<p>[\/et_pb_blurb][\/et_pb_column][et_pb_column type=\u00bb2_3&#8243; specialty_columns=\u00bb2&#8243; _builder_version=\u00bb4.16&#8243; background_color=\u00bb#f7f7f7&#8243; custom_padding=\u00bb|||\u00bb global_colors_info=\u00bb{}\u00bb custom_padding__hover=\u00bb|||\u00bb][et_pb_row_inner column_structure=\u00bb1_2,1_2&#8243; use_custom_gutter=\u00bbon\u00bb custom_padding_last_edited=\u00bbon|tablet\u00bb disabled_on=\u00bbon|on|off\u00bb _builder_version=\u00bb4.22.1&#8243; module_alignment=\u00bbcenter\u00bb custom_margin=\u00bb|||\u00bb custom_padding=\u00bb0px|8vw|0px|8vw|true|true\u00bb custom_padding_tablet=\u00bb|40px||40px||true\u00bb custom_padding_phone=\u00bb\u00bb global_colors_info=\u00bb{}\u00bb][et_pb_column_inner type=\u00bb1_2&#8243; saved_specialty_column_type=\u00bb2_3&#8243; _builder_version=\u00bb4.16&#8243; custom_padding=\u00bb|||\u00bb custom_padding_tablet=\u00bb|0px||\u00bb custom_padding_last_edited=\u00bboff|desktop\u00bb global_colors_info=\u00bb{}\u00bb padding_tablet=\u00bb|0px||\u00bb padding_last_edited=\u00bboff|desktop\u00bb custom_padding__hover=\u00bb|||\u00bb][et_pb_text _builder_version=\u00bb4.22.1&#8243; text_font=\u00bb||||||||\u00bb text_font_size=\u00bb15px\u00bb text_line_height=\u00bb1.8em\u00bb header_font=\u00bbRoboto|900|||||||\u00bb header_text_color=\u00bb#606060&#8243; header_font_size=\u00bb37px\u00bb header_2_font=\u00bbRoboto||||||||\u00bb header_2_text_color=\u00bb#007d83&#8243; custom_margin=\u00bb-4px||0px|-109px|false|false\u00bb custom_padding=\u00bb|0px||19px|false|false\u00bb custom_padding_tablet=\u00bb|40px||40px||true\u00bb custom_padding_last_edited=\u00bboff|desktop\u00bb global_colors_info=\u00bb{}\u00bb]<\/p>\n<h1><strong>Plan de Fomento a la Producci\u00f3n Ganadera y Reconversi\u00f3n Industrial de Frigor\u00edficos:<\/strong><\/h1>\n<p><strong><\/strong><\/p>\n<p><strong>Descripci\u00f3n:<\/strong> Cr\u00e9ditos para fomentar la producci\u00f3n ganadera y promover la reconversi\u00f3n industrial de frigor\u00edficos.<\/p>\n<p><strong>Caracter\u00edsticas<\/strong>: L\u00edneas permanentes sujetas a disponibilidad de fondos.<\/p>\n<h2><strong>Destinatarios<\/strong><\/h2>\n<p><strong>Sector primario:<\/strong> Empresas unipersonales o sociedades que desarrollen actividades de producci\u00f3n ganadera (cr\u00eda, recr\u00eda, engorde y tambo).<\/p>\n<p><strong>Sector Industrial:<\/strong> Establecimientos de la industria c\u00e1rnica ubicados en la Provincia de Tucum\u00e1n.<\/p>\n<h2><strong>Destino de los Fondos<\/strong><\/h2>\n<p><strong><\/strong><strong>Sector primario<\/strong><\/p>\n<p><strong><\/strong>Cr\u00e9dito destinado a la producci\u00f3n ganadera, en todas las acciones vinculadas a la sanidad y biotecnolog\u00edas reproductivas; instalaciones para el manejo de hacienda y bienestar animal; infraestructura predial; infraestructura y equipamiento para tambos; implantaci\u00f3n de pasturas, verdeos, forrajes conservados y alimentaci\u00f3n estrat\u00e9gica; incorporaci\u00f3n de gen\u00e9tica en pie con fines reproductivos; incorporaci\u00f3n de tecnolog\u00eda ganadera y conectividad.<\/p>\n<p><strong>Sector Industrial<\/strong><\/p>\n<p>Cr\u00e9dito destinado a promover la reconversi\u00f3n industrial de frigor\u00edficos y adecuaci\u00f3n de los frigor\u00edficos para el fraccionamiento de medias reses, entre otras acciones.<\/p>\n<p>[\/et_pb_text][et_pb_text _builder_version=\u00bb4.22.1&#8243; text_font=\u00bb||||||||\u00bb text_font_size=\u00bb15px\u00bb text_line_height=\u00bb1.8em\u00bb header_font=\u00bbRoboto||||||||\u00bb header_text_color=\u00bb#007d83&#8243; custom_margin=\u00bb53px||11px|-82px|false|false\u00bb custom_padding=\u00bb|||\u00bb custom_padding_tablet=\u00bb|40px||40px||true\u00bb custom_padding_last_edited=\u00bboff|desktop\u00bb global_colors_info=\u00bb{}\u00bb]<\/p>\n<h1><strong>Requisitos<\/strong><\/h1>\n<p><strong>Personas Humanas o Sociedades Simples<\/strong><\/p>\n<ul>\n<li>Nota de solicitud y proyecto definitivo.<\/li>\n<li>Copia del Contrato Social y n\u00f3mina de autoridades.<\/li>\n<li>Inscripci\u00f3n en Registro P\u00fablico de Comercio.<\/li>\n<li>Fotocopia D.N.I. del solicitante y su c\u00f3nyugue.<\/li>\n<li>Constancias de Inscripci\u00f3n en A.F.I.P. y D.G.R. Tucum\u00e1n.<\/li>\n<li>Copia dos \u00faltimos Estados Contables.<\/li>\n<li>Copia dos \u00faltimas DD.JJ. del Impuesto a las Ganancias.<\/li>\n<li>Copia doce \u00faltimas DD.JJ. del Impuesto al Valor Agregado.<\/li>\n<li>Copia doce \u00faltimas DD.JJ. del Impuesto sobre los Ingresos Brutos.<\/li>\n<li>Documentaci\u00f3n pertinente a la actividad desarrollada.<\/li>\n<li>Seguro de vida sobre saldos deudores.<\/li>\n<\/ul>\n<p><strong>Personas Jur\u00eddicas<\/strong><\/p>\n<ul>\n<li style=\"list-style-type: none;\">\n<ul>\n<li>Nota de solicitud y proyecto definitivo.<\/li>\n<li>Copia del Contrato Social y n\u00f3mina de autoridades.<\/li>\n<li>Inscripci\u00f3n en Insp. Gral. Justicia, Reg. P\u00fablico Comercio o IPACYM.<\/li>\n<li>Fotocopia D.N.I. del solicitante y su c\u00f3nyugue.<\/li>\n<li>Constancias de Inscripci\u00f3n en A.F.I.P. y D.G.R. Tucum\u00e1n.<\/li>\n<li>Copia dos \u00faltimos Estados Contables.<\/li>\n<li>Copia dos \u00faltimas DD.JJ. del Impuesto a las Ganancias.<\/li>\n<li>Copia doce \u00faltimas DD.JJ. del Impuesto al Valor Agregado.<\/li>\n<li>Copia doce \u00faltimas DD.JJ. del Impuesto sobre los Ingresos Brutos.<\/li>\n<li>Documentaci\u00f3n pertinente a la actividad desarrollada.<\/li>\n<\/ul>\n<\/li>\n<\/ul>\n<p>&nbsp;<\/p>\n<p>&nbsp;<\/p>\n<p>[\/et_pb_text][\/et_pb_column_inner][et_pb_column_inner type=\u00bb1_2&#8243; saved_specialty_column_type=\u00bb2_3&#8243; _builder_version=\u00bb4.16&#8243; custom_padding=\u00bb|||\u00bb global_colors_info=\u00bb{}\u00bb custom_padding__hover=\u00bb|||\u00bb][et_pb_image src=\u00bbhttps:\/\/cajapopular.gov.ar\/wp-content\/uploads\/2024\/08\/Plan-de-Fomento-a-la-Produccion-Ganadera-y-Reconversion-Industrial-de-Frigorificos.jpg\u00bb title_text=\u00bbPlan de Fomento a la Producci\u00f3n Ganadera y Reconversi\u00f3n Industrial de Frigor\u00edficos\u00bb _builder_version=\u00bb4.22.1&#8243; _module_preset=\u00bbdefault\u00bb custom_margin=\u00bb139px|-105px|1px|2px|false|false\u00bb global_colors_info=\u00bb{}\u00bb][\/et_pb_image][\/et_pb_column_inner][\/et_pb_row_inner][et_pb_row_inner _builder_version=\u00bb4.22.1&#8243; _module_preset=\u00bbdefault\u00bb global_colors_info=\u00bb{}\u00bb][et_pb_column_inner saved_specialty_column_type=\u00bb2_3&#8243; _builder_version=\u00bb4.22.1&#8243; _module_preset=\u00bbdefault\u00bb global_colors_info=\u00bb{}\u00bb][\/et_pb_column_inner][\/et_pb_row_inner][et_pb_row_inner column_structure=\u00bb1_2,1_2&#8243; use_custom_gutter=\u00bbon\u00bb custom_padding_last_edited=\u00bbon|tablet\u00bb disabled_on=\u00bboff|off|on\u00bb _builder_version=\u00bb4.22.1&#8243; background_color=\u00bb#ffffff\u00bb module_alignment=\u00bbcenter\u00bb custom_margin=\u00bb-60px||||false|false\u00bb custom_padding=\u00bb0px|8vw|0px|8vw|true|true\u00bb custom_padding_tablet=\u00bb|40px||40px||true\u00bb custom_padding_phone=\u00bb\u00bb global_colors_info=\u00bb{}\u00bb][et_pb_column_inner type=\u00bb1_2&#8243; saved_specialty_column_type=\u00bb2_3&#8243; _builder_version=\u00bb4.16&#8243; custom_padding=\u00bb|||\u00bb custom_padding_tablet=\u00bb|0px||\u00bb custom_padding_last_edited=\u00bboff|desktop\u00bb global_colors_info=\u00bb{}\u00bb padding_tablet=\u00bb|0px||\u00bb padding_last_edited=\u00bboff|desktop\u00bb custom_padding__hover=\u00bb|||\u00bb][et_pb_text _builder_version=\u00bb4.22.1&#8243; text_font=\u00bb||||||||\u00bb text_font_size=\u00bb15px\u00bb text_line_height=\u00bb1.8em\u00bb header_font=\u00bbRoboto|900|||||||\u00bb header_text_color=\u00bb#606060&#8243; header_font_size=\u00bb37px\u00bb header_2_font=\u00bbRoboto||||||||\u00bb header_2_text_color=\u00bb#007d83&#8243; custom_margin=\u00bb60px|-61px|11px|-85px|false|false\u00bb custom_margin_tablet=\u00bb60px|-61px|11px|-85px|false|false\u00bb custom_margin_phone=\u00bb|-24px||-13px|false|false\u00bb custom_margin_last_edited=\u00bbon|phone\u00bb custom_padding=\u00bb|||\u00bb custom_padding_tablet=\u00bb|40px||40px||true\u00bb custom_padding_last_edited=\u00bboff|desktop\u00bb header_font_tablet=\u00bbRoboto|900|||||||\u00bb header_font_phone=\u00bbRoboto|900|||||||\u00bb header_font_last_edited=\u00bbon|phone\u00bb header_font_size_tablet=\u00bb37px\u00bb header_font_size_phone=\u00bb30px\u00bb header_font_size_last_edited=\u00bbon|phone\u00bb global_colors_info=\u00bb{}\u00bb]<\/p>\n<h1>Fondo de Fomento Productivo:<\/h1>\n<p><strong><\/strong><\/p>\n<p><strong>Descripci\u00f3n: <\/strong>Cr\u00e9ditos para apoyar proyectos en sectores estrat\u00e9gicos de producci\u00f3n, que eleven la capacidad productiva de la provincia.<\/p>\n<p><strong>Caracter\u00edsticas<\/strong>: L\u00edneas permanentes sujetas a disponibilidad de fondos.<\/p>\n<h2><strong>Destinatarios<\/strong><\/h2>\n<p><strong>Sector productivo:<\/strong> Empresas unipersonales o sociedades pertenecientes a los rubros agroindustria, alimentos, manufactura, producci\u00f3n primaria, turismo o de servicios relacionados.<\/p>\n<p><strong>Sector tur\u00edstico:<\/strong> Empresas micro, peque\u00f1as y medianas,\u00a0emprendedores, cooperativas y grupos de empresas\u00a0radicadas en la provincia pertenecientes al\u00a0sector tur\u00edstico,\u00a0registradas y habilitadas por el Ente Tucum\u00e1n Turismo.<\/p>\n<h2><strong>\u00a0<\/strong><strong>Destino de los Fondos<\/strong><\/h2>\n<p><strong>\u00a0<\/strong><strong>Sector Productivo: <\/strong>Cr\u00e9dito destinado a inversiones en infraestructura y bienes de capital. No incluye la compra de inmuebles o de rodados, ni gastos corrientes (pago de servicios, mano de obra, costo de insumos, etc).<\/p>\n<p><strong>Sector Tur\u00edstico: <\/strong>Cr\u00e9dito destinado a la incorporaci\u00f3n de bienes de capital, inversiones en infraestructura, desarrollo de productos o servicios tur\u00edsticos innovadores y modernizaci\u00f3n tecnol\u00f3gica de equipamiento.<\/p>\n<h2><strong><\/strong><\/h2>\n<h2><strong>Requisitos<\/strong><\/h2>\n<p><strong>Personas Humanas o Sociedades Simples<\/strong><\/p>\n<ul>\n<li>Formulario de proyecto definitivo.<\/li>\n<li>Copia del Contrato Social y n\u00f3mina de autoridades.<\/li>\n<li>Inscripci\u00f3n en Registro P\u00fablico de Comercio.<\/li>\n<li>Fotocopia D.N.I. del solicitante y su c\u00f3nyugue.<\/li>\n<li>Constancias de Inscripci\u00f3n en A.F.I.P. y D.G.R. Tucum\u00e1n.<\/li>\n<li>Copia tres \u00faltimas DD.JJ. del Impuesto a las Ganancias.<\/li>\n<li>Copia seis \u00faltimas DD.JJ. del Impuesto al Valor Agregado.<\/li>\n<li>Copia seis \u00faltimas DD.JJ. del Impuesto sobre los Ingresos Brutos.<\/li>\n<li>Documentaci\u00f3n pertinente a la actividad desarrollada.<\/li>\n<li>Seguro de vida sobre saldos deudores.<\/li>\n<\/ul>\n<p>&nbsp;<\/p>\n<p><strong>Personas Jur\u00eddicas<\/strong><\/p>\n<ul>\n<li>Formulario de proyecto definitivo.<\/li>\n<li>Copia de Estatuto\/Contrato Social vigente y n\u00f3mina de autoridades.<\/li>\n<li>Inscripci\u00f3n en Insp.Gral.Justicia, Reg.P\u00fablico Comercio o IPACYM.<\/li>\n<li>Constancias de Inscripci\u00f3n en A.F.I.P. y D.G.R. Tucum\u00e1n.<\/li>\n<li>Copia tres \u00faltimos Estados Contables.<\/li>\n<li>Copia tres \u00faltimas DD.JJ. del Impuesto a las Ganancias.<\/li>\n<li>Copia seis \u00faltimas DD.JJ. del Impuesto al Valor Agregado.<\/li>\n<li>Copia seis \u00faltimas DD.JJ. del Impuesto sobre los Ingresos Brutos.<\/li>\n<li>Documentaci\u00f3n pertinente a la actividad desarrollada.<\/li>\n<\/ul>\n<p>&nbsp;<\/p>\n<p>&nbsp;<\/p>\n<p>&nbsp;<\/p>\n<p>&nbsp;<\/p>\n<p>&nbsp;<\/p>\n<p>&nbsp;<\/p>\n<p>[\/et_pb_text][\/et_pb_column_inner][et_pb_column_inner type=\u00bb1_2&#8243; saved_specialty_column_type=\u00bb2_3&#8243; _builder_version=\u00bb4.16&#8243; custom_padding=\u00bb|||\u00bb global_colors_info=\u00bb{}\u00bb custom_padding__hover=\u00bb|||\u00bb][et_pb_image src=\u00bbhttps:\/\/cajapopular.gov.ar\/wp-content\/uploads\/2024\/08\/Fondo-de-Fomento-Productivo.jpeg\u00bb title_text=\u00bbFondo de Fomento Productivo\u00bb _builder_version=\u00bb4.22.1&#8243; _module_preset=\u00bbdefault\u00bb custom_margin=\u00bb165px|-105px|1px|2px|false|false\u00bb custom_margin_tablet=\u00bb165px|-105px|1px|2px|false|false\u00bb custom_margin_phone=\u00bb-177px|-105px|1px|-91px|false|false\u00bb custom_margin_last_edited=\u00bbon|phone\u00bb custom_padding=\u00bb|||48px|false|false\u00bb global_colors_info=\u00bb{}\u00bb][\/et_pb_image][\/et_pb_column_inner][\/et_pb_row_inner][\/et_pb_column][\/et_pb_section][et_pb_section fb_built=\u00bb1&#8243; specialty=\u00bbon\u00bb background_color_2=\u00bbgcid-4f56aa54-3b36-4432-8908-d727fd88891e\u00bb padding_top_1=\u00bb80px\u00bb padding_top_2=\u00bb60px\u00bb padding_bottom_1=\u00bb80px\u00bb padding_left_1=\u00bb60px\u00bb padding_top_bottom_link_1=\u00bbtrue\u00bb padding_left_right_link_1=\u00bbfalse\u00bb padding_1_tablet=\u00bb|10%||10%||true\u00bb padding_1_phone=\u00bb\u00bb padding_1_last_edited=\u00bbon|tablet\u00bb admin_label=\u00bbAbout Us\u00bb module_id=\u00bbseccion_fomento_productivo\u00bb _builder_version=\u00bb4.22.1&#8243; background_color=\u00bb#e9530d\u00bb z_index=\u00bb0&#8243; inner_width=\u00bb100%\u00bb inner_max_width=\u00bb100%\u00bb custom_margin_tablet=\u00bb\u00bb custom_margin_phone=\u00bb-10px||||false|false\u00bb custom_margin_last_edited=\u00bbon|phone\u00bb custom_padding=\u00bb0||0||false|false\u00bb use_custom_width=\u00bbon\u00bb width_unit=\u00bboff\u00bb custom_width_percent=\u00bb100%\u00bb global_colors_info=\u00bb{%22gcid-4f56aa54-3b36-4432-8908-d727fd88891e%22:%91%22background_color_2%22%93}\u00bb][et_pb_column type=\u00bb1_3&#8243; _builder_version=\u00bb4.16&#8243; custom_padding=\u00bb|||\u00bb global_colors_info=\u00bb{}\u00bb padding_tablet=\u00bb|10%||10%||true\u00bb padding_last_edited=\u00bbon|tablet\u00bb custom_padding__hover=\u00bb|||\u00bb padding_phone=\u00bb|10%||10%||true\u00bb][et_pb_blurb title=\u00bbImporte m\u00e1ximo prestable:\u00bb use_icon=\u00bbon\u00bb font_icon=\u00bb&#x39;||divi||400&#8243; icon_color=\u00bb#ffffff\u00bb icon_placement=\u00bbleft\u00bb image_icon_width=\u00bb56px\u00bb content_max_width=\u00bb1100px\u00bb content_max_width_tablet=\u00bb1100px\u00bb content_max_width_last_edited=\u00bboff|desktop\u00bb _builder_version=\u00bb4.22.1&#8243; header_font=\u00bbRoboto|900|||||||\u00bb header_text_color=\u00bb#ffffff\u00bb header_line_height=\u00bb1.4em\u00bb body_font=\u00bbRoboto||||||||\u00bb body_text_color=\u00bb#ffffff\u00bb body_font_size=\u00bb15px\u00bb body_line_height=\u00bb1.8em\u00bb image_icon_custom_margin=\u00bb-12px||||false|false\u00bb custom_margin=\u00bb11px|-9px|35px|4px|false|false\u00bb custom_padding=\u00bb2px|13px|8px|2px|false|false\u00bb animation_style=\u00bbslide\u00bb animation_direction=\u00bbright\u00bb animation_intensity_slide=\u00bb10%\u00bb animation=\u00bboff\u00bb icon_font_size=\u00bb56px\u00bb locked=\u00bboff\u00bb global_colors_info=\u00bb{}\u00bb]<\/p>\n<p><strong>Personas Humanas o Sociedades Simples: <br \/><\/strong>$1.600.000.- para empresas con antig\u00fcedad mayor a un a\u00f1o y $3.200.000 para grupos asociativos o cooperativas.<\/p>\n<p><strong>Personas Jur\u00eddicas:<br \/><\/strong>$1.000.000.- para empresas con antig\u00fcedad mayor a un a\u00f1o y $1.500.000 para grupos asociativos o cooperativas.<\/p>\n<p>[\/et_pb_blurb][et_pb_blurb title=\u00bbPer\u00edodo de gracia m\u00e1ximo:\u00bb use_icon=\u00bbon\u00bb font_icon=\u00bb&#x39;||divi||400&#8243; icon_color=\u00bb#ffffff\u00bb icon_placement=\u00bbleft\u00bb image_icon_width=\u00bb56px\u00bb content_max_width=\u00bb1100px\u00bb content_max_width_tablet=\u00bb1100px\u00bb content_max_width_last_edited=\u00bboff|desktop\u00bb _builder_version=\u00bb4.22.1&#8243; header_font=\u00bbRoboto|900|||||||\u00bb header_text_color=\u00bb#ffffff\u00bb header_line_height=\u00bb1.4em\u00bb body_font=\u00bbRoboto||||||||\u00bb body_text_color=\u00bb#ffffff\u00bb body_font_size=\u00bb15px\u00bb body_line_height=\u00bb1.8em\u00bb image_icon_custom_margin=\u00bb-12px||||false|false\u00bb custom_margin=\u00bb11px|-9px|35px|4px|false|false\u00bb custom_padding=\u00bb2px|13px|8px|2px|false|false\u00bb animation_style=\u00bbslide\u00bb animation_direction=\u00bbright\u00bb animation_intensity_slide=\u00bb10%\u00bb animation=\u00bboff\u00bb icon_font_size=\u00bb56px\u00bb locked=\u00bboff\u00bb global_colors_info=\u00bb{}\u00bb]<\/p>\n<p><strong>Personas Humanas o Sociedades Simples: <br \/><\/strong>Hasta 12 meses de gracia en amortizaciones de capital<\/p>\n<p><strong>Personas Jur\u00eddicas:<br \/><\/strong>Hasta 12 meses de gracia en amortizaciones de capital<\/p>\n<p>[\/et_pb_blurb][et_pb_blurb title=\u00bbMonto m\u00e1ximo de financiamiento:\u00bb use_icon=\u00bbon\u00bb font_icon=\u00bb&#x39;||divi||400&#8243; icon_color=\u00bb#ffffff\u00bb icon_placement=\u00bbleft\u00bb image_icon_width=\u00bb56px\u00bb content_max_width=\u00bb1100px\u00bb content_max_width_tablet=\u00bb1100px\u00bb content_max_width_last_edited=\u00bboff|desktop\u00bb _builder_version=\u00bb4.22.1&#8243; header_font=\u00bbRoboto|900|||||||\u00bb header_text_color=\u00bb#ffffff\u00bb header_line_height=\u00bb1.4em\u00bb body_font=\u00bbRoboto||||||||\u00bb body_text_color=\u00bb#ffffff\u00bb body_font_size=\u00bb15px\u00bb body_line_height=\u00bb1.8em\u00bb image_icon_custom_margin=\u00bb-12px||||false|false\u00bb custom_margin=\u00bb11px|-9px|35px|4px|false|false\u00bb custom_padding=\u00bb2px|13px|8px|2px|false|false\u00bb animation_style=\u00bbslide\u00bb animation_direction=\u00bbright\u00bb animation_intensity_slide=\u00bb10%\u00bb animation=\u00bboff\u00bb icon_font_size=\u00bb56px\u00bb locked=\u00bboff\u00bb global_colors_info=\u00bb{}\u00bb]<\/p>\n<p><strong>Personas Humanas o Sociedades Simples:<br \/><\/strong>Hasta el 70 % del monto total de cada proyecto.<br \/><strong><br \/>Personas Jur\u00eddicas:<br \/><\/strong>Hasta el 70 % del monto total de cada proyecto.<\/p>\n<p>[\/et_pb_blurb][et_pb_blurb title=\u00bbTasa de inter\u00e9s: 20%\u00bb use_icon=\u00bbon\u00bb font_icon=\u00bb&#x39;||divi||400&#8243; icon_color=\u00bb#ffffff\u00bb icon_placement=\u00bbleft\u00bb image_icon_width=\u00bb56px\u00bb content_max_width=\u00bb1100px\u00bb content_max_width_tablet=\u00bb1100px\u00bb content_max_width_last_edited=\u00bboff|desktop\u00bb _builder_version=\u00bb4.22.1&#8243; header_font=\u00bbRoboto|900|||||||\u00bb header_text_color=\u00bb#ffffff\u00bb header_line_height=\u00bb1.4em\u00bb body_font=\u00bbRoboto||||||||\u00bb body_text_color=\u00bb#595959&#8243; body_font_size=\u00bb15px\u00bb body_line_height=\u00bb1.8em\u00bb image_icon_custom_margin=\u00bb-12px||||false|false\u00bb custom_margin=\u00bb11px|-9px|35px|4px|false|false\u00bb custom_padding=\u00bb2px|13px|8px|2px|false|false\u00bb animation_style=\u00bbslide\u00bb animation_direction=\u00bbright\u00bb animation_intensity_slide=\u00bb10%\u00bb animation=\u00bboff\u00bb icon_font_size=\u00bb56px\u00bb locked=\u00bboff\u00bb global_colors_info=\u00bb{}\u00bb][\/et_pb_blurb][et_pb_blurb title=\u00bbPlazo m\u00e1ximo: 60 meses\u00bb use_icon=\u00bbon\u00bb font_icon=\u00bb&#x39;||divi||400&#8243; icon_color=\u00bb#ffffff\u00bb icon_placement=\u00bbleft\u00bb image_icon_width=\u00bb56px\u00bb content_max_width=\u00bb1100px\u00bb content_max_width_tablet=\u00bb1100px\u00bb content_max_width_last_edited=\u00bboff|desktop\u00bb _builder_version=\u00bb4.22.1&#8243; header_font=\u00bbRoboto|900|||||||\u00bb header_text_color=\u00bb#ffffff\u00bb header_line_height=\u00bb1.4em\u00bb body_font=\u00bbRoboto||||||||\u00bb body_text_color=\u00bb#595959&#8243; body_font_size=\u00bb15px\u00bb body_line_height=\u00bb1.8em\u00bb image_icon_custom_margin=\u00bb-12px||||false|false\u00bb custom_margin=\u00bb11px|-9px|35px|4px|false|false\u00bb custom_padding=\u00bb2px|13px|8px|2px|false|false\u00bb animation_style=\u00bbslide\u00bb animation_direction=\u00bbright\u00bb animation_intensity_slide=\u00bb10%\u00bb animation=\u00bboff\u00bb icon_font_size=\u00bb56px\u00bb locked=\u00bboff\u00bb global_colors_info=\u00bb{}\u00bb][\/et_pb_blurb][et_pb_blurb title=\u00bbSistema de amortizaci\u00f3n: frances\u00bb use_icon=\u00bbon\u00bb font_icon=\u00bb&#x39;||divi||400&#8243; icon_color=\u00bb#ffffff\u00bb icon_placement=\u00bbleft\u00bb image_icon_width=\u00bb56px\u00bb content_max_width=\u00bb1100px\u00bb content_max_width_tablet=\u00bb1100px\u00bb content_max_width_last_edited=\u00bboff|desktop\u00bb _builder_version=\u00bb4.22.1&#8243; header_font=\u00bbRoboto|900|||||||\u00bb header_text_color=\u00bb#ffffff\u00bb header_line_height=\u00bb1.4em\u00bb body_font=\u00bbRoboto||||||||\u00bb body_text_color=\u00bb#595959&#8243; body_font_size=\u00bb15px\u00bb body_line_height=\u00bb1.8em\u00bb image_icon_custom_margin=\u00bb-12px||||false|false\u00bb custom_margin=\u00bb11px|-9px|35px|4px|false|false\u00bb custom_padding=\u00bb2px|13px|8px|2px|false|false\u00bb animation_style=\u00bbslide\u00bb animation_direction=\u00bbright\u00bb animation_intensity_slide=\u00bb10%\u00bb animation=\u00bboff\u00bb icon_font_size=\u00bb56px\u00bb locked=\u00bboff\u00bb global_colors_info=\u00bb{}\u00bb][\/et_pb_blurb][et_pb_blurb title=\u00bbGarant\u00edas: personales\u00bb use_icon=\u00bbon\u00bb font_icon=\u00bb&#x39;||divi||400&#8243; icon_color=\u00bb#ffffff\u00bb icon_placement=\u00bbleft\u00bb image_icon_width=\u00bb56px\u00bb content_max_width=\u00bb1100px\u00bb content_max_width_tablet=\u00bb1100px\u00bb content_max_width_last_edited=\u00bboff|desktop\u00bb _builder_version=\u00bb4.22.1&#8243; header_font=\u00bbRoboto|900|||||||\u00bb header_text_color=\u00bb#ffffff\u00bb header_line_height=\u00bb1.4em\u00bb body_font=\u00bbRoboto||||||||\u00bb body_text_color=\u00bb#595959&#8243; body_font_size=\u00bb15px\u00bb body_line_height=\u00bb1.8em\u00bb image_icon_custom_margin=\u00bb-12px||||false|false\u00bb custom_margin=\u00bb11px|-9px|35px|4px|false|false\u00bb custom_padding=\u00bb2px|13px|8px|2px|false|false\u00bb animation_style=\u00bbslide\u00bb animation_direction=\u00bbright\u00bb animation_intensity_slide=\u00bb10%\u00bb animation=\u00bboff\u00bb icon_font_size=\u00bb56px\u00bb locked=\u00bboff\u00bb global_colors_info=\u00bb{}\u00bb][\/et_pb_blurb][et_pb_blurb title=\u00bbLugar de Presentaci\u00f3n:\u00bb use_icon=\u00bbon\u00bb font_icon=\u00bb&#x39;||divi||400&#8243; icon_color=\u00bb#ffffff\u00bb icon_placement=\u00bbleft\u00bb image_icon_width=\u00bb56px\u00bb content_max_width=\u00bb1100px\u00bb content_max_width_tablet=\u00bb1100px\u00bb content_max_width_last_edited=\u00bboff|desktop\u00bb _builder_version=\u00bb4.22.1&#8243; header_font=\u00bbRoboto|900|||||||\u00bb header_text_color=\u00bb#ffffff\u00bb header_line_height=\u00bb1.4em\u00bb body_font=\u00bbRoboto||||||||\u00bb body_text_color=\u00bb#ffffff\u00bb body_font_size=\u00bb15px\u00bb body_line_height=\u00bb1.8em\u00bb image_icon_custom_margin=\u00bb-12px||||false|false\u00bb custom_margin=\u00bb11px|-9px|35px|4px|false|false\u00bb custom_padding=\u00bb2px|13px|8px|2px|false|false\u00bb animation_style=\u00bbslide\u00bb animation_direction=\u00bbright\u00bb animation_intensity_slide=\u00bb10%\u00bb animation=\u00bboff\u00bb icon_font_size=\u00bb56px\u00bb locked=\u00bboff\u00bb global_colors_info=\u00bb{}\u00bb]<\/p>\n<p>Instituto de Desarrollo Productivo de Tucum\u00e1n, Competitividad<\/p>\n<p>Virgen de la Merced N\u00b0 141 &#8211; 1\u00b0 Piso, San Miguel de Tucum\u00e1n<\/p>\n<p>8.00 a 17.00 hs<\/p>\n<p>[\/et_pb_blurb][et_pb_blurb title=\u00bbLugar de Administraci\u00f3n:\u00bb use_icon=\u00bbon\u00bb font_icon=\u00bb&#x39;||divi||400&#8243; icon_color=\u00bb#ffffff\u00bb icon_placement=\u00bbleft\u00bb image_icon_width=\u00bb56px\u00bb content_max_width=\u00bb1100px\u00bb content_max_width_tablet=\u00bb1100px\u00bb content_max_width_last_edited=\u00bboff|desktop\u00bb _builder_version=\u00bb4.22.1&#8243; header_font=\u00bbRoboto|900|||||||\u00bb header_text_color=\u00bb#ffffff\u00bb header_line_height=\u00bb1.4em\u00bb body_font=\u00bbRoboto||||||||\u00bb body_text_color=\u00bb#ffffff\u00bb body_font_size=\u00bb15px\u00bb body_line_height=\u00bb1.8em\u00bb image_icon_custom_margin=\u00bb-12px||||false|false\u00bb custom_margin=\u00bb11px|-9px|35px|4px|false|false\u00bb custom_padding=\u00bb2px|13px|8px|2px|false|false\u00bb animation_style=\u00bbslide\u00bb animation_direction=\u00bbright\u00bb animation_intensity_slide=\u00bb10%\u00bb animation=\u00bboff\u00bb icon_font_size=\u00bb56px\u00bb locked=\u00bboff\u00bb global_colors_info=\u00bb{}\u00bb]<\/p>\n<p>Caja Popular de Ahorros de la Provincia de Tucum\u00e1n, Sector Fiduciario<\/p>\n<p>25 de Mayo N\u00b0 149 &#8211; 2\u00b0 Piso, San Miguel de Tucum\u00e1n<\/p>\n<p>De 8.00 a 14.00 hs.<\/p>\n<p>[\/et_pb_blurb][\/et_pb_column][et_pb_column type=\u00bb2_3&#8243; specialty_columns=\u00bb2&#8243; _builder_version=\u00bb4.16&#8243; background_color=\u00bb#f7f7f7&#8243; custom_padding=\u00bb|||\u00bb global_colors_info=\u00bb{}\u00bb custom_padding__hover=\u00bb|||\u00bb][et_pb_row_inner column_structure=\u00bb1_2,1_2&#8243; use_custom_gutter=\u00bbon\u00bb custom_padding_last_edited=\u00bbon|tablet\u00bb _builder_version=\u00bb4.22.1&#8243; background_color=\u00bb#ffffff\u00bb module_alignment=\u00bbcenter\u00bb custom_margin=\u00bb-60px||||false|false\u00bb custom_padding=\u00bb0px|8vw|0px|8vw|true|true\u00bb custom_padding_tablet=\u00bb|40px||40px||true\u00bb custom_padding_phone=\u00bb\u00bb global_colors_info=\u00bb{}\u00bb][et_pb_column_inner type=\u00bb1_2&#8243; saved_specialty_column_type=\u00bb2_3&#8243; _builder_version=\u00bb4.16&#8243; custom_padding=\u00bb|||\u00bb custom_padding_tablet=\u00bb|0px||\u00bb custom_padding_last_edited=\u00bboff|desktop\u00bb global_colors_info=\u00bb{}\u00bb padding_tablet=\u00bb|0px||\u00bb padding_last_edited=\u00bboff|desktop\u00bb custom_padding__hover=\u00bb|||\u00bb][et_pb_text disabled_on=\u00bbon|on|off\u00bb _builder_version=\u00bb4.22.1&#8243; text_font=\u00bb||||||||\u00bb text_font_size=\u00bb15px\u00bb text_line_height=\u00bb1.8em\u00bb header_font=\u00bbRoboto|900|||||||\u00bb header_text_color=\u00bb#606060&#8243; header_font_size=\u00bb37px\u00bb header_2_font=\u00bbRoboto||||||||\u00bb header_2_text_color=\u00bb#007d83&#8243; custom_margin=\u00bb60px|-61px|11px|-85px|false|false\u00bb custom_padding=\u00bb|||\u00bb custom_padding_tablet=\u00bb|40px||40px||true\u00bb custom_padding_last_edited=\u00bboff|desktop\u00bb global_colors_info=\u00bb{}\u00bb]<\/p>\n<h1>Fondo de Fomento Productivo:<\/h1>\n<p><strong><\/strong><\/p>\n<p><strong>Descripci\u00f3n: <\/strong>Cr\u00e9ditos para apoyar proyectos en sectores estrat\u00e9gicos de producci\u00f3n, que eleven la capacidad productiva de la provincia.<\/p>\n<p><strong>Caracter\u00edsticas<\/strong>: L\u00edneas permanentes sujetas a disponibilidad de fondos.<\/p>\n<h2><strong>Destinatarios<\/strong><\/h2>\n<p><strong>Sector productivo:<\/strong> Empresas unipersonales o sociedades pertenecientes a los rubros agroindustria, alimentos, manufactura, producci\u00f3n primaria, turismo o de servicios relacionados.<\/p>\n<p><strong>Sector tur\u00edstico:<\/strong> Empresas micro, peque\u00f1as y medianas,\u00a0emprendedores, cooperativas y grupos de empresas\u00a0radicadas en la provincia pertenecientes al\u00a0sector tur\u00edstico,\u00a0registradas y habilitadas por el Ente Tucum\u00e1n Turismo.<\/p>\n<h2><strong>\u00a0<\/strong><strong>Destino de los Fondos<\/strong><\/h2>\n<p><strong>\u00a0<\/strong><strong>Sector Productivo: <\/strong>Cr\u00e9dito destinado a inversiones en infraestructura y bienes de capital. No incluye la compra de inmuebles o de rodados, ni gastos corrientes (pago de servicios, mano de obra, costo de insumos, etc).<\/p>\n<p><strong>Sector Tur\u00edstico: <\/strong>Cr\u00e9dito destinado a la incorporaci\u00f3n de bienes de capital, inversiones en infraestructura, desarrollo de productos o servicios tur\u00edsticos innovadores y modernizaci\u00f3n tecnol\u00f3gica de equipamiento.<\/p>\n<h2><strong><\/strong><\/h2>\n<h2><strong>Requisitos<\/strong><\/h2>\n<p><strong>Personas Humanas o Sociedades Simples<\/strong><\/p>\n<ul>\n<li>Formulario de proyecto definitivo.<\/li>\n<li>Copia del Contrato Social y n\u00f3mina de autoridades.<\/li>\n<li>Inscripci\u00f3n en Registro P\u00fablico de Comercio.<\/li>\n<li>Fotocopia D.N.I. del solicitante y su c\u00f3nyugue.<\/li>\n<li>Constancias de Inscripci\u00f3n en A.F.I.P. y D.G.R. Tucum\u00e1n.<\/li>\n<li>Copia tres \u00faltimas DD.JJ. del Impuesto a las Ganancias.<\/li>\n<li>Copia seis \u00faltimas DD.JJ. del Impuesto al Valor Agregado.<\/li>\n<li>Copia seis \u00faltimas DD.JJ. del Impuesto sobre los Ingresos Brutos.<\/li>\n<li>Documentaci\u00f3n pertinente a la actividad desarrollada.<\/li>\n<li>Seguro de vida sobre saldos deudores.<\/li>\n<\/ul>\n<p>&nbsp;<\/p>\n<p><strong>Personas Jur\u00eddicas<\/strong><\/p>\n<ul>\n<li>Formulario de proyecto definitivo.<\/li>\n<li>Copia de Estatuto\/Contrato Social vigente y n\u00f3mina de autoridades.<\/li>\n<li>Inscripci\u00f3n en Insp.Gral.Justicia, Reg.P\u00fablico Comercio o IPACYM.<\/li>\n<li>Constancias de Inscripci\u00f3n en A.F.I.P. y D.G.R. Tucum\u00e1n.<\/li>\n<li>Copia tres \u00faltimos Estados Contables.<\/li>\n<li>Copia tres \u00faltimas DD.JJ. del Impuesto a las Ganancias.<\/li>\n<li>Copia seis \u00faltimas DD.JJ. del Impuesto al Valor Agregado.<\/li>\n<li>Copia seis \u00faltimas DD.JJ. del Impuesto sobre los Ingresos Brutos.<\/li>\n<li>Documentaci\u00f3n pertinente a la actividad desarrollada.<\/li>\n<\/ul>\n<p>&nbsp;<\/p>\n<p>&nbsp;<\/p>\n<p>&nbsp;<\/p>\n<p>&nbsp;<\/p>\n<p>&nbsp;<\/p>\n<p>&nbsp;<\/p>\n<p>[\/et_pb_text][\/et_pb_column_inner][et_pb_column_inner type=\u00bb1_2&#8243; saved_specialty_column_type=\u00bb2_3&#8243; _builder_version=\u00bb4.16&#8243; custom_padding=\u00bb|||\u00bb global_colors_info=\u00bb{}\u00bb custom_padding__hover=\u00bb|||\u00bb][et_pb_image src=\u00bbhttps:\/\/cajapopular.gov.ar\/wp-content\/uploads\/2024\/08\/Fondo-de-Fomento-Productivo.jpeg\u00bb title_text=\u00bbFondo de Fomento Productivo\u00bb disabled_on=\u00bbon|on|off\u00bb _builder_version=\u00bb4.22.1&#8243; _module_preset=\u00bbdefault\u00bb custom_margin=\u00bb165px|-105px|1px|2px|false|false\u00bb custom_padding=\u00bb|||39px|false|false\u00bb global_colors_info=\u00bb{}\u00bb][\/et_pb_image][\/et_pb_column_inner][\/et_pb_row_inner][et_pb_row_inner _builder_version=\u00bb4.22.1&#8243; _module_preset=\u00bbdefault\u00bb global_colors_info=\u00bb{}\u00bb][et_pb_column_inner saved_specialty_column_type=\u00bb2_3&#8243; _builder_version=\u00bb4.22.1&#8243; _module_preset=\u00bbdefault\u00bb global_colors_info=\u00bb{}\u00bb][\/et_pb_column_inner][\/et_pb_row_inner][et_pb_row_inner column_structure=\u00bb1_2,1_2&#8243; use_custom_gutter=\u00bbon\u00bb custom_padding_last_edited=\u00bbon|tablet\u00bb disabled_on=\u00bboff|off|on\u00bb _builder_version=\u00bb4.22.1&#8243; background_color=\u00bb#eaeaea\u00bb module_alignment=\u00bbcenter\u00bb custom_margin=\u00bb-60px||||false|false\u00bb custom_padding=\u00bb0px|8vw|0px|8vw|true|true\u00bb custom_padding_tablet=\u00bb|40px||40px||true\u00bb custom_padding_phone=\u00bb\u00bb global_colors_info=\u00bb{}\u00bb][et_pb_column_inner type=\u00bb1_2&#8243; saved_specialty_column_type=\u00bb2_3&#8243; _builder_version=\u00bb4.16&#8243; custom_padding=\u00bb|||\u00bb custom_padding_tablet=\u00bb|0px||\u00bb custom_padding_last_edited=\u00bboff|desktop\u00bb global_colors_info=\u00bb{}\u00bb padding_tablet=\u00bb|0px||\u00bb padding_last_edited=\u00bboff|desktop\u00bb custom_padding__hover=\u00bb|||\u00bb][et_pb_text _builder_version=\u00bb4.22.1&#8243; text_font=\u00bb||||||||\u00bb text_font_size=\u00bb15px\u00bb text_line_height=\u00bb1.8em\u00bb header_font=\u00bbRoboto|900|||||||\u00bb header_text_color=\u00bb#606060&#8243; header_font_size=\u00bb37px\u00bb header_2_font=\u00bbRoboto||||||||\u00bb header_2_text_color=\u00bb#007d83&#8243; custom_margin=\u00bb75px|-91px|24px|-85px|false|false\u00bb custom_margin_tablet=\u00bb75px|-91px|24px|-85px|false|false\u00bb custom_margin_phone=\u00bb|-56px||-8px|false|false\u00bb custom_margin_last_edited=\u00bbon|phone\u00bb custom_padding=\u00bb|12px||||\u00bb custom_padding_tablet=\u00bb|40px||40px||true\u00bb custom_padding_last_edited=\u00bboff|desktop\u00bb header_font_size_tablet=\u00bb37px\u00bb header_font_size_phone=\u00bb30px\u00bb header_font_size_last_edited=\u00bbon|phone\u00bb global_colors_info=\u00bb{}\u00bb]<\/p>\n<h1>Fondo Rotatorio Cuenca Lechera de Trancas:<\/h1>\n<p><strong><\/strong><\/p>\n<p><strong><\/strong><\/p>\n<p><strong>Descripci\u00f3n: <\/strong>Cr\u00e9ditos a productores de la cadena l\u00e1ctea de la Cuenca Lechera del Departamento Trancas de la Provincia de Tucum\u00e1n<\/p>\n<p><strong>Caracter\u00edsticas<\/strong>: L\u00edneas permanentes sujetas a disponibilidad de fondos.<\/p>\n<h2><strong>Destinatarios<\/strong><\/h2>\n<p><strong>Sector Primario:<\/strong> Personas humanas o jur\u00eddicas del Sector Primario que sean productores tamberos.<\/p>\n<p><strong>Sector Industrial:<\/strong> Personas humanas o jur\u00eddicas del Sector Industrial que sean establecimientos procesadores de leche.<\/p>\n<h2><strong>Destino de los fondos<\/strong><\/h2>\n<p><strong>Sector Primario:<\/strong> Adquisici\u00f3n de bienes de capital, semovientes, implantaci\u00f3n de pasturas y verdeos, compra de alimento, mejoramiento gen\u00e9tico y reparaci\u00f3n\/ampliaci\u00f3n infraestructura tambo.<\/p>\n<p><strong>Sector Industrial: <\/strong>Adquisici\u00f3n bienes de capital, reparaci\u00f3n\/ampliaci\u00f3n infraestructura, financiamiento capital de trabajo.<\/p>\n<p><strong><\/strong><\/p>\n<h2><strong>Requisitos<\/strong><\/h2>\n<p><strong>Personas Humanas<\/strong><\/p>\n<ul>\n<li>Fotocopia D.N.I.<\/li>\n<li>Inscripci\u00f3n en A.F.I.P. y D.G.R. Tucum\u00e1n.<\/li>\n<li>Inscripci\u00f3n en el Registro de Productores de la Direcci\u00f3n de Ganader\u00eda de la Provincia.<\/li>\n<li>Inscripci\u00f3n en el Registro Nacional Sanitario de Productores Agropecuarios (RENSPA).<\/li>\n<li>Certificados de vacunaci\u00f3n aftosa y de cumplimiento del plan de saneamiento de brucelosis y tuberculosis.<\/li>\n<li>Copia dos \u00faltimos Balances, DDJJ Ganancias, Ingresos Brutos e IVA.<\/li>\n<li>Seguro de vida sobre saldos deudores.<\/li>\n<\/ul>\n<p>&nbsp;<\/p>\n<p><strong>Cooperativas y Asociaciones<\/strong><\/p>\n<ul>\n<li>Inscripci\u00f3n en Insp. Gral. Justicia, Reg. P\u00fablico Comercio o IPACYM.<\/li>\n<li>Copia de Estatuto\/Contrato Social vigente y n\u00f3mina de autoridades.<\/li>\n<li>Inscripci\u00f3n en A.F.I.P.<\/li>\n<li>Inscripci\u00f3n en D.G.R. Tucum\u00e1n<\/li>\n<li>Inscripci\u00f3n en el Registro de Productores de la Direcci\u00f3n de Ganader\u00eda de la Provincia.<\/li>\n<li>Inscripci\u00f3n en el Registro Nacional Sanitario de Productores Agropecuarios (RENSPA).<\/li>\n<li>Copia dos \u00faltimos Balances, DDJJ Ganancias, Ingresos Brutos e IVA.<\/li>\n<\/ul>\n<p>&nbsp;<\/p>\n<p>&nbsp;<\/p>\n<p>&nbsp;<\/p>\n<p>&nbsp;<\/p>\n<p>&nbsp;<\/p>\n<p>&nbsp;<\/p>\n<p>&nbsp;<\/p>\n<p>[\/et_pb_text][\/et_pb_column_inner][et_pb_column_inner type=\u00bb1_2&#8243; saved_specialty_column_type=\u00bb2_3&#8243; _builder_version=\u00bb4.16&#8243; custom_padding=\u00bb|||\u00bb global_colors_info=\u00bb{}\u00bb custom_padding__hover=\u00bb|||\u00bb][et_pb_image src=\u00bbhttps:\/\/cajapopular.gov.ar\/wp-content\/uploads\/2024\/08\/Fondo-Rotatorio-Cuenca-Lechera-de-Trancas-1.jpg\u00bb title_text=\u00bbFondo Rotatorio Cuenca Lechera de Trancas\u00bb _builder_version=\u00bb4.22.1&#8243; _module_preset=\u00bbdefault\u00bb module_alignment=\u00bbright\u00bb min_height=\u00bb100px\u00bb min_height_tablet=\u00bb100px\u00bb min_height_phone=\u00bb100px\u00bb min_height_last_edited=\u00bbon|phone\u00bb height=\u00bb189px\u00bb custom_margin=\u00bb161px|-128px|-3px|-9px|false|false\u00bb custom_margin_tablet=\u00bb161px|-128px|-3px|-9px|false|false\u00bb custom_margin_phone=\u00bb-265px|-190px|-62px|3px|false|false\u00bb custom_margin_last_edited=\u00bbon|phone\u00bb custom_padding=\u00bb38px||30px|74px|false|false\u00bb custom_padding_tablet=\u00bb38px||30px|74px|false|false\u00bb custom_padding_phone=\u00bb8px|4px|24px|0px|false|false\u00bb custom_padding_last_edited=\u00bbon|phone\u00bb module_alignment_tablet=\u00bbright\u00bb module_alignment_phone=\u00bbleft\u00bb module_alignment_last_edited=\u00bbon|phone\u00bb global_colors_info=\u00bb{}\u00bb][\/et_pb_image][\/et_pb_column_inner][\/et_pb_row_inner][\/et_pb_column][\/et_pb_section][et_pb_section fb_built=\u00bb1&#8243; specialty=\u00bbon\u00bb background_color_2=\u00bbgcid-4f56aa54-3b36-4432-8908-d727fd88891e\u00bb padding_top_1=\u00bb80px\u00bb padding_top_2=\u00bb60px\u00bb padding_bottom_1=\u00bb80px\u00bb padding_left_1=\u00bb60px\u00bb padding_top_bottom_link_1=\u00bbtrue\u00bb padding_left_right_link_1=\u00bbfalse\u00bb padding_1_tablet=\u00bb|10%||10%||true\u00bb padding_1_phone=\u00bb\u00bb padding_1_last_edited=\u00bbon|tablet\u00bb admin_label=\u00bbAbout Us\u00bb module_id=\u00bbseccion_lechera_trancas\u00bb _builder_version=\u00bb4.22.1&#8243; background_color=\u00bb#606060&#8243; z_index=\u00bb0&#8243; inner_width=\u00bb100%\u00bb inner_max_width=\u00bb100%\u00bb custom_padding=\u00bb0||0||false|false\u00bb use_custom_width=\u00bbon\u00bb width_unit=\u00bboff\u00bb custom_width_percent=\u00bb100%\u00bb global_colors_info=\u00bb{%22gcid-4f56aa54-3b36-4432-8908-d727fd88891e%22:%91%22background_color_2%22%93}\u00bb][et_pb_column type=\u00bb1_3&#8243; _builder_version=\u00bb4.16&#8243; custom_padding=\u00bb|||\u00bb global_colors_info=\u00bb{}\u00bb padding_tablet=\u00bb|10%||10%||true\u00bb padding_last_edited=\u00bbon|tablet\u00bb custom_padding__hover=\u00bb|||\u00bb padding_phone=\u00bb|10%||10%||true\u00bb][et_pb_blurb title=\u00bbImporte m\u00e1ximo prestable:\u00bb use_icon=\u00bbon\u00bb font_icon=\u00bb&#x39;||divi||400&#8243; icon_color=\u00bb#ffffff\u00bb icon_placement=\u00bbleft\u00bb image_icon_width=\u00bb56px\u00bb content_max_width=\u00bb1100px\u00bb content_max_width_tablet=\u00bb1100px\u00bb content_max_width_last_edited=\u00bboff|desktop\u00bb _builder_version=\u00bb4.22.1&#8243; header_font=\u00bbRoboto|900|||||||\u00bb header_text_color=\u00bb#ffffff\u00bb header_line_height=\u00bb1.4em\u00bb body_font=\u00bbRoboto||||||||\u00bb body_text_color=\u00bb#ffffff\u00bb body_font_size=\u00bb15px\u00bb body_line_height=\u00bb1.8em\u00bb image_icon_custom_margin=\u00bb-12px||||false|false\u00bb custom_margin=\u00bb11px|-9px|35px|4px|false|false\u00bb custom_padding=\u00bb2px|13px|8px|2px|false|false\u00bb animation_style=\u00bbslide\u00bb animation_direction=\u00bbright\u00bb animation_intensity_slide=\u00bb10%\u00bb animation=\u00bboff\u00bb icon_font_size=\u00bb56px\u00bb locked=\u00bboff\u00bb global_colors_info=\u00bb{}\u00bb]<\/p>\n<p><strong>Personas Humanas<\/strong>:<\/p>\n<p>$ 5.000.000<\/p>\n<p>\u00a0<strong>Cooperativas o Asociaciones:<\/strong><\/p>\n<p>$ 5.000.000<\/p>\n<p>[\/et_pb_blurb][et_pb_blurb title=\u00bbPer\u00edodo de gracia:\u00bb use_icon=\u00bbon\u00bb font_icon=\u00bb&#x39;||divi||400&#8243; icon_color=\u00bb#ffffff\u00bb icon_placement=\u00bbleft\u00bb image_icon_width=\u00bb56px\u00bb content_max_width=\u00bb1100px\u00bb content_max_width_tablet=\u00bb1100px\u00bb content_max_width_last_edited=\u00bboff|desktop\u00bb _builder_version=\u00bb4.22.1&#8243; header_font=\u00bbRoboto|900|||||||\u00bb header_text_color=\u00bb#ffffff\u00bb header_line_height=\u00bb1.4em\u00bb body_font=\u00bbRoboto||||||||\u00bb body_text_color=\u00bb#ffffff\u00bb body_font_size=\u00bb15px\u00bb body_line_height=\u00bb1.8em\u00bb image_icon_custom_margin=\u00bb-12px||||false|false\u00bb custom_margin=\u00bb11px|-9px|35px|4px|false|false\u00bb custom_padding=\u00bb2px|13px|8px|2px|false|false\u00bb animation_style=\u00bbslide\u00bb animation_direction=\u00bbright\u00bb animation_intensity_slide=\u00bb10%\u00bb animation=\u00bboff\u00bb icon_font_size=\u00bb56px\u00bb locked=\u00bboff\u00bb global_colors_info=\u00bb{}\u00bb]<\/p>\n<p>Hasta 3 meses de gracia en amortizaciones de capital.<\/p>\n<p>[\/et_pb_blurb][et_pb_blurb title=\u00bbActualizaci\u00f3n:\u00bb use_icon=\u00bbon\u00bb font_icon=\u00bb&#x39;||divi||400&#8243; icon_color=\u00bb#ffffff\u00bb icon_placement=\u00bbleft\u00bb image_icon_width=\u00bb56px\u00bb content_max_width=\u00bb1100px\u00bb content_max_width_tablet=\u00bb1100px\u00bb content_max_width_last_edited=\u00bboff|desktop\u00bb _builder_version=\u00bb4.22.1&#8243; header_font=\u00bbRoboto|900|||||||\u00bb header_text_color=\u00bb#ffffff\u00bb header_line_height=\u00bb1.4em\u00bb body_font=\u00bbRoboto||||||||\u00bb body_text_color=\u00bb#ffffff\u00bb body_font_size=\u00bb15px\u00bb body_line_height=\u00bb1.8em\u00bb image_icon_custom_margin=\u00bb-12px||||false|false\u00bb custom_margin=\u00bb11px|-9px|35px|4px|false|false\u00bb custom_padding=\u00bb2px|13px|8px|2px|false|false\u00bb animation_style=\u00bbslide\u00bb animation_direction=\u00bbright\u00bb animation_intensity_slide=\u00bb10%\u00bb animation=\u00bboff\u00bb icon_font_size=\u00bb56px\u00bb locked=\u00bboff\u00bb global_colors_info=\u00bb{}\u00bb]<\/p>\n<p>Valor del litro de leche seg\u00fan Secretar\u00eda de Agricultuta, Ganader\u00eda y Pesca &#8211;\u00a0 Direcci\u00f3n Nacional de Lecher\u00eda.<\/p>\n<p>[\/et_pb_blurb][et_pb_blurb title=\u00bbPlazo M\u00e1ximo: 18 meses\u00bb use_icon=\u00bbon\u00bb font_icon=\u00bb&#x39;||divi||400&#8243; icon_color=\u00bb#ffffff\u00bb icon_placement=\u00bbleft\u00bb image_icon_width=\u00bb56px\u00bb content_max_width=\u00bb1100px\u00bb content_max_width_tablet=\u00bb1100px\u00bb content_max_width_last_edited=\u00bboff|desktop\u00bb _builder_version=\u00bb4.22.1&#8243; header_font=\u00bbRoboto|900|||||||\u00bb header_text_color=\u00bb#ffffff\u00bb header_line_height=\u00bb1.4em\u00bb body_font=\u00bbRoboto||||||||\u00bb body_text_color=\u00bb#595959&#8243; body_font_size=\u00bb15px\u00bb body_line_height=\u00bb1.8em\u00bb image_icon_custom_margin=\u00bb-12px||||false|false\u00bb custom_margin=\u00bb11px|-9px|35px|4px|false|false\u00bb custom_padding=\u00bb2px|13px|8px|2px|false|false\u00bb animation_style=\u00bbslide\u00bb animation_direction=\u00bbright\u00bb animation_intensity_slide=\u00bb10%\u00bb animation=\u00bboff\u00bb icon_font_size=\u00bb56px\u00bb locked=\u00bboff\u00bb global_colors_info=\u00bb{}\u00bb][\/et_pb_blurb][et_pb_blurb title=\u00bbGarant\u00edas: Personales\u00bb use_icon=\u00bbon\u00bb font_icon=\u00bb&#x39;||divi||400&#8243; icon_color=\u00bb#ffffff\u00bb icon_placement=\u00bbleft\u00bb image_icon_width=\u00bb56px\u00bb content_max_width=\u00bb1100px\u00bb content_max_width_tablet=\u00bb1100px\u00bb content_max_width_last_edited=\u00bboff|desktop\u00bb _builder_version=\u00bb4.22.1&#8243; header_font=\u00bbRoboto|900|||||||\u00bb header_text_color=\u00bb#ffffff\u00bb header_line_height=\u00bb1.4em\u00bb body_font=\u00bbRoboto||||||||\u00bb body_text_color=\u00bb#595959&#8243; body_font_size=\u00bb15px\u00bb body_line_height=\u00bb1.8em\u00bb image_icon_custom_margin=\u00bb-12px||||false|false\u00bb custom_margin=\u00bb11px|-9px|35px|4px|false|false\u00bb custom_padding=\u00bb2px|13px|8px|2px|false|false\u00bb animation_style=\u00bbslide\u00bb animation_direction=\u00bbright\u00bb animation_intensity_slide=\u00bb10%\u00bb animation=\u00bboff\u00bb icon_font_size=\u00bb56px\u00bb locked=\u00bboff\u00bb global_colors_info=\u00bb{}\u00bb][\/et_pb_blurb][et_pb_blurb title=\u00bbLugar de Presentaci\u00f3n y Administraci\u00f3n:\u00bb use_icon=\u00bbon\u00bb font_icon=\u00bb&#x39;||divi||400&#8243; icon_color=\u00bb#ffffff\u00bb icon_placement=\u00bbleft\u00bb image_icon_width=\u00bb56px\u00bb content_max_width=\u00bb1100px\u00bb content_max_width_tablet=\u00bb1100px\u00bb content_max_width_last_edited=\u00bboff|desktop\u00bb _builder_version=\u00bb4.22.1&#8243; header_font=\u00bbRoboto|900|||||||\u00bb header_text_color=\u00bb#ffffff\u00bb header_line_height=\u00bb1.4em\u00bb body_font=\u00bbRoboto||||||||\u00bb body_text_color=\u00bb#ffffff\u00bb body_font_size=\u00bb15px\u00bb body_line_height=\u00bb1.8em\u00bb image_icon_custom_margin=\u00bb-12px||||false|false\u00bb custom_margin=\u00bb11px|-9px|35px|4px|false|false\u00bb custom_padding=\u00bb2px|13px|8px|2px|false|false\u00bb animation_style=\u00bbslide\u00bb animation_direction=\u00bbright\u00bb animation_intensity_slide=\u00bb10%\u00bb animation=\u00bboff\u00bb icon_font_size=\u00bb56px\u00bb locked=\u00bboff\u00bb global_colors_info=\u00bb{}\u00bb]<\/p>\n<p>Caja Popular de Ahorros de la Provincia de Tucum\u00e1n, Sector Fiduciario<\/p>\n<p>25 de Mayo N\u00b0 149 &#8211; 2\u00b0 Piso, San Miguel de Tucum\u00e1n<\/p>\n<p>De 8.00 a 14.00 hs.<\/p>\n<p>[\/et_pb_blurb][\/et_pb_column][et_pb_column type=\u00bb2_3&#8243; specialty_columns=\u00bb2&#8243; _builder_version=\u00bb4.16&#8243; background_color=\u00bb#f7f7f7&#8243; custom_padding=\u00bb|||\u00bb global_colors_info=\u00bb{}\u00bb custom_padding__hover=\u00bb|||\u00bb][et_pb_row_inner column_structure=\u00bb1_2,1_2&#8243; use_custom_gutter=\u00bbon\u00bb custom_padding_last_edited=\u00bbon|tablet\u00bb disabled_on=\u00bbon|on|off\u00bb _builder_version=\u00bb4.22.1&#8243; background_color=\u00bb#eaeaea\u00bb module_alignment=\u00bbcenter\u00bb custom_margin=\u00bb-60px||||false|false\u00bb custom_padding=\u00bb0px|8vw|0px|8vw|true|true\u00bb custom_padding_tablet=\u00bb|40px||40px||true\u00bb custom_padding_phone=\u00bb\u00bb global_colors_info=\u00bb{}\u00bb][et_pb_column_inner type=\u00bb1_2&#8243; saved_specialty_column_type=\u00bb2_3&#8243; _builder_version=\u00bb4.16&#8243; custom_padding=\u00bb|||\u00bb custom_padding_tablet=\u00bb|0px||\u00bb custom_padding_last_edited=\u00bboff|desktop\u00bb global_colors_info=\u00bb{}\u00bb padding_tablet=\u00bb|0px||\u00bb padding_last_edited=\u00bboff|desktop\u00bb custom_padding__hover=\u00bb|||\u00bb][et_pb_text _builder_version=\u00bb4.22.1&#8243; text_font=\u00bb||||||||\u00bb text_font_size=\u00bb15px\u00bb text_line_height=\u00bb1.8em\u00bb header_font=\u00bbRoboto|900|||||||\u00bb header_text_color=\u00bb#606060&#8243; header_font_size=\u00bb37px\u00bb header_2_font=\u00bbRoboto||||||||\u00bb header_2_text_color=\u00bb#007d83&#8243; custom_margin=\u00bb75px|-91px|24px|-85px|false|false\u00bb custom_padding=\u00bb|12px||||\u00bb custom_padding_tablet=\u00bb|40px||40px||true\u00bb custom_padding_last_edited=\u00bboff|desktop\u00bb global_colors_info=\u00bb{}\u00bb]<\/p>\n<h1><strong>Fondo Rotatorio Cuenca Lechera de Trancas:<\/strong><\/h1>\n<p><strong><\/strong><\/p>\n<p><strong><\/strong><\/p>\n<p><strong>Descripci\u00f3n: <\/strong>Cr\u00e9ditos a productores de la cadena l\u00e1ctea de la Cuenca Lechera del Departamento Trancas de la Provincia de Tucum\u00e1n<\/p>\n<p><strong>Caracter\u00edsticas<\/strong>: L\u00edneas permanentes sujetas a disponibilidad de fondos.<\/p>\n<h2><strong>Destinatarios<\/strong><\/h2>\n<p><strong>Sector Primario:<\/strong> Personas humanas o jur\u00eddicas del Sector Primario que sean productores tamberos.<\/p>\n<p><strong>Sector Industrial:<\/strong> Personas humanas o jur\u00eddicas del Sector Industrial que sean establecimientos procesadores de leche.<\/p>\n<h2><strong>Destino de los fondos<\/strong><\/h2>\n<p><strong>Sector Primario:<\/strong> Adquisici\u00f3n de bienes de capital, semovientes, implantaci\u00f3n de pasturas y verdeos, compra de alimento, mejoramiento gen\u00e9tico y reparaci\u00f3n\/ampliaci\u00f3n infraestructura tambo.<\/p>\n<p><strong>Sector Industrial: <\/strong>Adquisici\u00f3n bienes de capital, reparaci\u00f3n\/ampliaci\u00f3n infraestructura, financiamiento capital de trabajo.<\/p>\n<p><strong><\/strong><\/p>\n<h2><strong>Requisitos<\/strong><\/h2>\n<p><strong>Personas Humanas<\/strong><\/p>\n<ul>\n<li>Fotocopia D.N.I.<\/li>\n<li>Inscripci\u00f3n en A.F.I.P. y D.G.R. Tucum\u00e1n.<\/li>\n<li>Inscripci\u00f3n en el Registro de Productores de la Direcci\u00f3n de Ganader\u00eda de la Provincia.<\/li>\n<li>Inscripci\u00f3n en el Registro Nacional Sanitario de Productores Agropecuarios (RENSPA).<\/li>\n<li>Certificados de vacunaci\u00f3n aftosa y de cumplimiento del plan de saneamiento de brucelosis y tuberculosis.<\/li>\n<li>Copia dos \u00faltimos Balances, DDJJ Ganancias, Ingresos Brutos e IVA.<\/li>\n<li>Seguro de vida sobre saldos deudores.<\/li>\n<\/ul>\n<p>&nbsp;<\/p>\n<p><strong>Cooperativas y Asociaciones<\/strong><\/p>\n<ul>\n<li>Inscripci\u00f3n en Insp. Gral. Justicia, Reg. P\u00fablico Comercio o IPACYM.<\/li>\n<li>Copia de Estatuto\/Contrato Social vigente y n\u00f3mina de autoridades.<\/li>\n<li>Inscripci\u00f3n en A.F.I.P.<\/li>\n<li>Inscripci\u00f3n en D.G.R. Tucum\u00e1n<\/li>\n<li>Inscripci\u00f3n en el Registro de Productores de la Direcci\u00f3n de Ganader\u00eda de la Provincia.<\/li>\n<li>Inscripci\u00f3n en el Registro Nacional Sanitario de Productores Agropecuarios (RENSPA).<\/li>\n<li>Copia dos \u00faltimos Balances, DDJJ Ganancias, Ingresos Brutos e IVA.<\/li>\n<\/ul>\n<p>&nbsp;<\/p>\n<p>&nbsp;<\/p>\n<p>&nbsp;<\/p>\n<p>&nbsp;<\/p>\n<p>&nbsp;<\/p>\n<p>&nbsp;<\/p>\n<p>&nbsp;<\/p>\n<p>[\/et_pb_text][\/et_pb_column_inner][et_pb_column_inner type=\u00bb1_2&#8243; saved_specialty_column_type=\u00bb2_3&#8243; _builder_version=\u00bb4.16&#8243; custom_padding=\u00bb|||\u00bb global_colors_info=\u00bb{}\u00bb custom_padding__hover=\u00bb|||\u00bb][et_pb_image src=\u00bbhttps:\/\/cajapopular.gov.ar\/wp-content\/uploads\/2024\/08\/Fondo-Rotatorio-Cuenca-Lechera-de-Trancas-1.jpg\u00bb title_text=\u00bbFondo Rotatorio Cuenca Lechera de Trancas\u00bb _builder_version=\u00bb4.22.1&#8243; _module_preset=\u00bbdefault\u00bb module_alignment=\u00bbright\u00bb min_height=\u00bb100px\u00bb height=\u00bb266px\u00bb custom_margin=\u00bb161px|-128px|-3px|-9px|false|false\u00bb custom_padding=\u00bb38px||30px|74px|false|false\u00bb global_colors_info=\u00bb{}\u00bb][\/et_pb_image][\/et_pb_column_inner][\/et_pb_row_inner][\/et_pb_column][\/et_pb_section][et_pb_section fb_built=\u00bb1&#8243; _builder_version=\u00bb4.22.1&#8243; _module_preset=\u00bbdefault\u00bb custom_margin=\u00bb-4px|8px|90px|-3px|false|false\u00bb custom_padding=\u00bb99px||||false|false\u00bb global_colors_info=\u00bb{}\u00bb][et_pb_row column_structure=\u00bb1_4,1_4,1_4,1_4&#8243; _builder_version=\u00bb4.22.1&#8243; _module_preset=\u00bbdefault\u00bb max_width=\u00bb1280px\u00bb min_height=\u00bb142.4px\u00bb custom_margin=\u00bb-35px|auto|-66px|auto||\u00bb custom_padding=\u00bb||0px|||\u00bb border_width_bottom=\u00bb1px\u00bb border_color_bottom=\u00bb#B3B3B3&#8243; locked=\u00bboff\u00bb global_colors_info=\u00bb{}\u00bb][et_pb_column type=\u00bb1_4&#8243; _builder_version=\u00bb4.16&#8243; _module_preset=\u00bbdefault\u00bb global_colors_info=\u00bb{}\u00bb][et_pb_blurb title=\u00bbWhatsapp\u00bb use_icon=\u00bbon\u00bb font_icon=\u00bb&#xf232;||fa||400&#8243; icon_color=\u00bb#007d83&#8243; icon_placement=\u00bbleft\u00bb image_icon_width=\u00bb20px\u00bb content_max_width=\u00bb100%\u00bb font_icon_last_edited=\u00bboff|desktop\u00bb _builder_version=\u00bb4.22.1&#8243; _module_preset=\u00bbdefault\u00bb header_font=\u00bbRoboto|700|||||||\u00bb header_text_color=\u00bb#606060&#8243; header_font_size=\u00bb24px\u00bb header_line_height=\u00bb1.2em\u00bb body_font=\u00bbRoboto|300|||||||\u00bb body_line_height=\u00bb1.8em\u00bb image_icon_custom_margin=\u00bb35px|8px|35px|8px|true|true\u00bb image_icon_custom_padding=\u00bb||0px|0px|false|false\u00bb min_height=\u00bb73px\u00bb custom_padding=\u00bb0px||3px|||\u00bb animation=\u00bboff\u00bb header_font_size_tablet=\u00bb20px\u00bb header_font_size_phone=\u00bb18px\u00bb header_font_size_last_edited=\u00bbon|desktop\u00bb global_colors_info=\u00bb{}\u00bb font_icon__hover_enabled=\u00bboff|desktop\u00bb]<\/p>\n<p><span><a href=\"https:\/\/wa.me\/+5493815836126\" target=\"_blank\" rel=\"noopener\">381 583 6126<\/a><br \/>De 08:00 a 15:00 hs<\/span><\/p>\n<p>[\/et_pb_blurb][\/et_pb_column][et_pb_column type=\u00bb1_4&#8243; _builder_version=\u00bb4.16&#8243; _module_preset=\u00bbdefault\u00bb global_colors_info=\u00bb{}\u00bb][et_pb_blurb title=\u00bbTel. Oficina\u00bb use_icon=\u00bbon\u00bb font_icon=\u00bb&#xf879;||fa||900&#8243; icon_color=\u00bb#007d83&#8243; icon_placement=\u00bbleft\u00bb image_icon_width=\u00bb20px\u00bb content_max_width=\u00bb100%\u00bb _builder_version=\u00bb4.22.1&#8243; _module_preset=\u00bbdefault\u00bb header_font=\u00bbRoboto|700|||||||\u00bb header_text_color=\u00bb#606060&#8243; header_font_size=\u00bb24px\u00bb header_line_height=\u00bb1.2em\u00bb body_font=\u00bbRoboto|300|||||||\u00bb body_line_height=\u00bb1.8em\u00bb image_icon_custom_margin=\u00bb38px|8px|38px|8px|true|true\u00bb min_height=\u00bb63px\u00bb custom_margin=\u00bb||-29px|||\u00bb animation=\u00bboff\u00bb header_font_size_tablet=\u00bb20px\u00bb header_font_size_phone=\u00bb18px\u00bb header_font_size_last_edited=\u00bbon|desktop\u00bb global_colors_info=\u00bb{}\u00bb]<\/p>\n<p><span>(0381) 4507 189<br \/>De 08:00 a 15:00 hs<\/span><\/p>\n<p>[\/et_pb_blurb][\/et_pb_column][et_pb_column type=\u00bb1_4&#8243; _builder_version=\u00bb4.16&#8243; _module_preset=\u00bbdefault\u00bb global_colors_info=\u00bb{}\u00bb][et_pb_blurb title=\u00bbMails\u00bb use_icon=\u00bbon\u00bb font_icon=\u00bb&#xe010;||divi||400&#8243; icon_color=\u00bb#007d83&#8243; icon_placement=\u00bbleft\u00bb image_icon_width=\u00bb20px\u00bb content_max_width=\u00bb100%\u00bb _builder_version=\u00bb4.22.1&#8243; _module_preset=\u00bbdefault\u00bb header_font=\u00bbRoboto|700|||||||\u00bb header_text_color=\u00bb#606060&#8243; header_font_size=\u00bb24px\u00bb header_line_height=\u00bb1.2em\u00bb body_font=\u00bbRoboto|300|||||||\u00bb body_line_height=\u00bb1.8em\u00bb image_icon_custom_margin=\u00bb35px|0px|35px|0px|true|false\u00bb custom_margin=\u00bb||-31px|||\u00bb animation=\u00bboff\u00bb header_font_size_tablet=\u00bb20px\u00bb header_font_size_phone=\u00bb18px\u00bb header_font_size_last_edited=\u00bbon|desktop\u00bb locked=\u00bboff\u00bb global_colors_info=\u00bb{}\u00bb]<\/p>\n<p><a href=\"mailto:fiduciario@cajapopular.gov.ar\" target=\"_blank\" rel=\"noopener\">fiduciario@cajapopular.gov.ar<\/a><\/p>\n<p>[\/et_pb_blurb][\/et_pb_column][et_pb_column type=\u00bb1_4&#8243; _builder_version=\u00bb4.16&#8243; _module_preset=\u00bbdefault\u00bb global_colors_info=\u00bb{}\u00bb][et_pb_blurb title=\u00bbDirecci\u00f3n\u00bb use_icon=\u00bbon\u00bb font_icon=\u00bb&#xf3c5;||fa||900&#8243; icon_color=\u00bb#007d83&#8243; icon_placement=\u00bbleft\u00bb image_icon_width=\u00bb20px\u00bb content_max_width=\u00bb100%\u00bb _builder_version=\u00bb4.22.1&#8243; _module_preset=\u00bbdefault\u00bb header_font=\u00bbRoboto|700|||||||\u00bb header_text_color=\u00bb#606060&#8243; header_font_size=\u00bb24px\u00bb header_line_height=\u00bb1.2em\u00bb body_font=\u00bbRoboto|300|||||||\u00bb body_line_height=\u00bb1.8em\u00bb image_icon_custom_margin=\u00bb35px||35px||true|false\u00bb min_height=\u00bb1px\u00bb custom_margin=\u00bb||-135px|||\u00bb custom_padding=\u00bb||110px|||\u00bb animation=\u00bboff\u00bb header_font_size_tablet=\u00bb20px\u00bb header_font_size_phone=\u00bb18px\u00bb header_font_size_last_edited=\u00bbon|desktop\u00bb locked=\u00bboff\u00bb global_colors_info=\u00bb{}\u00bb]<\/p>\n<p>25 de Mayo 149<\/p>\n<p>[\/et_pb_blurb][\/et_pb_column][\/et_pb_row][\/et_pb_section]<\/p>\n","protected":false},"excerpt":{"rendered":"<p>FiduciariosSe firmaron contratos de Fideicomiso con instituciones y organismos, para apoyar a distintos sectores productivos de la provincia, brindando asistencia financiera, crediticia y administrando fondos destinados a la ejecuci\u00f3n de obras p\u00fablicas y al pago de haberes de los empleados de los municipios.Cocecha y Flete Cr\u00e9ditos a micro, peque\u00f1os y medianos productores ca\u00f1eros independientes\u00a0 y [&hellip;]<\/p>\n","protected":false},"author":6,"featured_media":0,"parent":0,"menu_order":0,"comment_status":"closed","ping_status":"closed","template":"","meta":{"_et_pb_use_builder":"on","_et_pb_old_content":"","_et_gb_content_width":"","footnotes":""},"class_list":["post-1859","page","type-page","status-publish","hentry"],"_links":{"self":[{"href":"https:\/\/www.cajapopular.gov.ar\/index.php\/wp-json\/wp\/v2\/pages\/1859","targetHints":{"allow":["GET"]}}],"collection":[{"href":"https:\/\/www.cajapopular.gov.ar\/index.php\/wp-json\/wp\/v2\/pages"}],"about":[{"href":"https:\/\/www.cajapopular.gov.ar\/index.php\/wp-json\/wp\/v2\/types\/page"}],"author":[{"embeddable":true,"href":"https:\/\/www.cajapopular.gov.ar\/index.php\/wp-json\/wp\/v2\/users\/6"}],"replies":[{"embeddable":true,"href":"https:\/\/www.cajapopular.gov.ar\/index.php\/wp-json\/wp\/v2\/comments?post=1859"}],"version-history":[{"count":186,"href":"https:\/\/www.cajapopular.gov.ar\/index.php\/wp-json\/wp\/v2\/pages\/1859\/revisions"}],"predecessor-version":[{"id":6831,"href":"https:\/\/www.cajapopular.gov.ar\/index.php\/wp-json\/wp\/v2\/pages\/1859\/revisions\/6831"}],"wp:attachment":[{"href":"https:\/\/www.cajapopular.gov.ar\/index.php\/wp-json\/wp\/v2\/media?parent=1859"}],"curies":[{"name":"wp","href":"https:\/\/api.w.org\/{rel}","templated":true}]}}